{"id":7541,"date":"2020-12-02T11:00:09","date_gmt":"2020-12-02T10:00:09","guid":{"rendered":"https:\/\/www.busoni-mahler.eu\/academy\/?page_id=7541"},"modified":"2026-07-15T12:33:51","modified_gmt":"2026-07-15T10:33:51","slug":"home-accademia","status":"publish","type":"page","link":"https:\/\/www.busoni-mahler.eu\/academy\/it\/home-accademia\/","title":{"rendered":"Home accademia"},"content":{"rendered":"<p><div class=\"fusion-fullwidth fullwidth-box fusion-builder-row-1 fusion-flex-container has-pattern-background has-mask-background nonhundred-percent-fullwidth non-hundred-percent-height-scrolling fusion-no-large-visibility fusion-custom-z-index\" style=\"--awb-border-sizes-top:0;--awb-border-sizes-bottom:0;--awb-border-sizes-left:0;--awb-border-sizes-right:0;--awb-border-radius-top-left:0px;--awb-border-radius-top-right:0px;--awb-border-radius-bottom-right:0px;--awb-border-radius-bottom-left:0px;--awb-z-index:555555;--awb-margin-top:0px;--awb-margin-bottom:0px;--awb-flex-wrap:wrap;\" ><div class=\"fusion-builder-row fusion-row fusion-flex-align-items-flex-start fusion-flex-content-wrap\" style=\"max-width:1248px;margin-left: calc(-4% \/ 2 );margin-right: calc(-4% \/ 2 );\"><div class=\"fusion-layout-column fusion_builder_column fusion-builder-column-0 fusion_builder_column_1_1 1_1 fusion-flex-column\" style=\"--awb-bg-size:cover;--awb-width-large:100%;--awb-margin-top-large:0px;--awb-spacing-right-large:1.92%;--awb-margin-bottom-large:20px;--awb-spacing-left-large:1.92%;--awb-width-medium:100%;--awb-order-medium:0;--awb-spacing-right-medium:1.92%;--awb-spacing-left-medium:1.92%;--awb-width-small:100%;--awb-order-small:0;--awb-spacing-right-small:1.92%;--awb-spacing-left-small:1.92%;\" data-scroll-devices=\"small-visibility,medium-visibility,large-visibility\"><div class=\"fusion-column-wrapper fusion-column-has-shadow fusion-flex-justify-content-flex-start fusion-content-layout-column\"><nav class=\"awb-menu awb-menu_row awb-menu_em-hover mobile-mode-always-expanded awb-menu_icons-left awb-menu_dc-yes mobile-trigger-fullwidth-off awb-menu_mobile-toggle awb-menu_indent-center awb-menu_mt-align-flex-start loading mega-menu-loading awb-menu_desktop awb-menu_dropdown awb-menu_expand-right awb-menu_transition-fade\" style=\"--awb-text-transform:none;--awb-bg:#ff0048;--awb-gap:27px;--awb-justify-content:center;--awb-color:#ffffff;--awb-active-color:#ffffff;--awb-submenu-color:#ffffff;--awb-submenu-bg:#ff0000;--awb-submenu-active-bg:#ff0202;--awb-submenu-active-color:#ffffff;--awb-submenu-text-transform:none;--awb-submenu-max-width:160px;--awb-main-justify-content:flex-start;--awb-mobile-bg:#f29209;--awb-mobile-color:#ffffff;--awb-mobile-nav-items-height:50;--awb-mobile-active-bg:#f29209;--awb-mobile-active-color:rgba(255,255,255,0.5);--awb-mobile-justify:center;--awb-mobile-caret-left:auto;--awb-mobile-caret-right:0;--awb-fusion-font-family-typography:inherit;--awb-fusion-font-style-typography:normal;--awb-fusion-font-weight-typography:400;--awb-fusion-font-family-submenu-typography:inherit;--awb-fusion-font-style-submenu-typography:normal;--awb-fusion-font-weight-submenu-typography:400;--awb-fusion-font-family-mobile-typography:inherit;--awb-fusion-font-style-mobile-typography:normal;--awb-fusion-font-weight-mobile-typography:400;\" aria-label=\"Mahler-IT\" data-breakpoint=\"1024\" data-count=\"0\" data-transition-type=\"fade\" data-transition-time=\"300\" data-expand=\"right\" id=\"acadmenu\"><button type=\"button\" class=\"awb-menu__m-toggle awb-menu__m-toggle_no-text\" aria-expanded=\"false\" aria-controls=\"menu-mahler-it\"><span class=\"awb-menu__m-toggle-inner\"><span class=\"collapsed-nav-text\"><span class=\"screen-reader-text\">Toggle Navigation<\/span><\/span><span class=\"awb-menu__m-collapse-icon awb-menu__m-collapse-icon_no-text\"><span class=\"awb-menu__m-collapse-icon-open awb-menu__m-collapse-icon-open_no-text fa-bars fas\"><\/span><span class=\"awb-menu__m-collapse-icon-close awb-menu__m-collapse-icon-close_no-text fa-times fas\"><\/span><\/span><\/span><\/button><ul id=\"menu-mahler-it\" class=\"fusion-menu awb-menu__main-ul awb-menu__main-ul_row\"><li  id=\"menu-item-7546\"  class=\"menu-item menu-item-type-custom menu-item-object-custom menu-item-has-children menu-item-7546 awb-menu__li awb-menu__main-li awb-menu__main-li_regular\"  data-item-id=\"7546\"><span class=\"awb-menu__main-background-default awb-menu__main-background-default_fade\"><\/span><span class=\"awb-menu__main-background-active awb-menu__main-background-active_fade\"><\/span><a  href=\"https:\/\/www.busoni-mahler.eu\/academy\/it\/home-accademia\/\" class=\"awb-menu__main-a awb-menu__main-a_regular\"><span class=\"menu-text\">Gustav Mahler Academy<\/span><span class=\"awb-menu__open-nav-submenu-hover\"><\/span><\/a><button type=\"button\" aria-label=\"Open submenu of Gustav Mahler Academy\" aria-expanded=\"false\" class=\"awb-menu__open-nav-submenu_mobile awb-menu__open-nav-submenu_main\"><\/button><ul class=\"awb-menu__sub-ul awb-menu__sub-ul_main\"><li  id=\"menu-item-10187\"  class=\"menu-item menu-item-type-custom menu-item-object-custom menu-item-10187 awb-menu__li awb-menu__sub-li\" ><a  href=\"https:\/\/www.busoni-mahler.eu\/academy\/it\/guest-faculty-3\/\" class=\"awb-menu__sub-a\"><span>Guest Faculty<\/span><\/a><\/li><li  id=\"menu-item-7548\"  class=\"menu-item menu-item-type-custom menu-item-object-custom menu-item-has-children menu-item-7548 awb-menu__li awb-menu__sub-li\" ><a  class=\"awb-menu__sub-a\"><span>Iscrizione<\/span><span class=\"awb-menu__open-nav-submenu-hover\"><\/span><\/a><button type=\"button\" aria-label=\"Open submenu of Iscrizione\" aria-expanded=\"false\" class=\"awb-menu__open-nav-submenu_mobile awb-menu__open-nav-submenu_sub\"><\/button><ul class=\"awb-menu__sub-ul awb-menu__sub-ul_grand\"><li  id=\"menu-item-9111\"  class=\"menu-item menu-item-type-custom menu-item-object-custom menu-item-9111 awb-menu__li awb-menu__sub-li\" ><a  href=\"https:\/\/www.busoni-mahler.eu\/academy\/it\/modulo-di-iscrizione-allaccademia\/\" class=\"awb-menu__sub-a\"><span>\u2022 Modulo iscrizione<\/span><\/a><\/li><li  id=\"menu-item-9112\"  class=\"menu-item menu-item-type-custom menu-item-object-custom menu-item-9112 awb-menu__li awb-menu__sub-li\" ><a  href=\"https:\/\/www.busoni-mahler.eu\/academy\/it\/regolamento\/\" class=\"awb-menu__sub-a\"><span>\u2022 Regolamento<\/span><\/a><\/li><li  id=\"menu-item-10190\"  class=\"menu-item menu-item-type-custom menu-item-object-custom menu-item-10190 awb-menu__li awb-menu__sub-li\" ><a  href=\"https:\/\/www.busoni-mahler.eu\/academy\/it\/le-domande-piu-frequenti-sullaccademia-mahler\/\" class=\"awb-menu__sub-a\"><span>\u2022 FAQ<\/span><\/a><\/li><\/ul><\/li><\/ul><\/li><li  id=\"menu-item-10637\"  class=\"menu-item menu-item-type-custom menu-item-object-custom menu-item-has-children menu-item-10637 awb-menu__li awb-menu__main-li awb-menu__main-li_regular\"  data-item-id=\"10637\"><span class=\"awb-menu__main-background-default awb-menu__main-background-default_fade\"><\/span><span class=\"awb-menu__main-background-active awb-menu__main-background-active_fade\"><\/span><a  href=\"https:\/\/www.busoni-mahler.eu\/academy\/it\/academy-voice-it\/\" class=\"awb-menu__main-a awb-menu__main-a_regular\"><span class=\"menu-text\">Academy Voice<\/span><span class=\"awb-menu__open-nav-submenu-hover\"><\/span><\/a><button type=\"button\" aria-label=\"Open submenu of Academy Voice\" aria-expanded=\"false\" class=\"awb-menu__open-nav-submenu_mobile awb-menu__open-nav-submenu_main\"><\/button><ul class=\"awb-menu__sub-ul awb-menu__sub-ul_main\"><li  id=\"menu-item-10644\"  class=\"menu-item menu-item-type-custom menu-item-object-custom menu-item-10644 awb-menu__li awb-menu__sub-li\" ><a  href=\"https:\/\/www.busoni-mahler.eu\/academy\/it\/guest-faculty-voice-it\/\" class=\"awb-menu__sub-a\"><span>Guest Faculty Voice<\/span><\/a><\/li><li  id=\"menu-item-10645\"  class=\"menu-item menu-item-type-custom menu-item-object-custom menu-item-has-children menu-item-10645 awb-menu__li awb-menu__sub-li\" ><a  class=\"awb-menu__sub-a\"><span>Iscrizione<\/span><span class=\"awb-menu__open-nav-submenu-hover\"><\/span><\/a><button type=\"button\" aria-label=\"Open submenu of Iscrizione\" aria-expanded=\"false\" class=\"awb-menu__open-nav-submenu_mobile awb-menu__open-nav-submenu_sub\"><\/button><ul class=\"awb-menu__sub-ul awb-menu__sub-ul_grand\"><li  id=\"menu-item-10646\"  class=\"menu-item menu-item-type-custom menu-item-object-custom menu-item-10646 awb-menu__li awb-menu__sub-li\" ><a  href=\"https:\/\/www.busoni-mahler.eu\/academy\/it\/modulo-iscrizioni-academy-voice\/\" class=\"awb-menu__sub-a\"><span>\u2022 Modulo iscrizione<\/span><\/a><\/li><li  id=\"menu-item-10647\"  class=\"menu-item menu-item-type-custom menu-item-object-custom menu-item-10647 awb-menu__li awb-menu__sub-li\" ><a  href=\"https:\/\/www.busoni-mahler.eu\/academy\/it\/regolamento-voice\/\" class=\"awb-menu__sub-a\"><span>\u2022 Regolamento<\/span><\/a><\/li><li  id=\"menu-item-10648\"  class=\"menu-item menu-item-type-custom menu-item-object-custom menu-item-10648 awb-menu__li awb-menu__sub-li\" ><a  href=\"https:\/\/www.busoni-mahler.eu\/academy\/it\/faq-voice-it\/\" class=\"awb-menu__sub-a\"><span>\u2022 FAQ<\/span><\/a><\/li><\/ul><\/li><\/ul><\/li><li  id=\"menu-item-8688\"  class=\"menu-item menu-item-type-custom menu-item-object-custom menu-item-8688 awb-menu__li awb-menu__main-li awb-menu__main-li_regular\"  data-item-id=\"8688\"><span class=\"awb-menu__main-background-default awb-menu__main-background-default_fade\"><\/span><span class=\"awb-menu__main-background-active awb-menu__main-background-active_fade\"><\/span><a  href=\"https:\/\/www.busoni-mahler.eu\/academy\/it\/originalklang-project-it\/\" class=\"awb-menu__main-a awb-menu__main-a_regular\"><span class=\"menu-text\">originalklang project<\/span><\/a><\/li><li  id=\"menu-item-9699\"  class=\"menu-item menu-item-type-custom menu-item-object-custom menu-item-9699 awb-menu__li awb-menu__main-li awb-menu__main-li_regular\"  data-item-id=\"9699\"><span class=\"awb-menu__main-background-default awb-menu__main-background-default_fade\"><\/span><span class=\"awb-menu__main-background-active awb-menu__main-background-active_fade\"><\/span><a  href=\"https:\/\/www.busoni-mahler.eu\/academy\/it\/mahler-ambassadors\/\" class=\"awb-menu__main-a awb-menu__main-a_regular\"><span class=\"menu-text\">Mahler Ambassadors<\/span><\/a><\/li><li  id=\"menu-item-9583\"  class=\"menu-item menu-item-type-custom menu-item-object-custom menu-item-9583 awb-menu__li awb-menu__main-li awb-menu__main-li_regular\"  data-item-id=\"9583\"><span class=\"awb-menu__main-background-default awb-menu__main-background-default_fade\"><\/span><span class=\"awb-menu__main-background-active awb-menu__main-background-active_fade\"><\/span><a  href=\"https:\/\/www.busoni-mahler.eu\/academy\/it\/mahler-academy-orchestra\/\" class=\"awb-menu__main-a awb-menu__main-a_regular\"><span class=\"menu-text\">Mahler Academy Orchestra<\/span><\/a><\/li><li  id=\"menu-item-7549\"  class=\"menu-item menu-item-type-custom menu-item-object-custom menu-item-7549 awb-menu__li awb-menu__main-li awb-menu__main-li_regular\"  data-item-id=\"7549\"><span class=\"awb-menu__main-background-default awb-menu__main-background-default_fade\"><\/span><span class=\"awb-menu__main-background-active awb-menu__main-background-active_fade\"><\/span><a  href=\"https:\/\/www.busoni-mahler.eu\/academy\/it\/chi-siamo\/\" class=\"awb-menu__main-a awb-menu__main-a_regular\"><span class=\"menu-text\">Chi siamo<\/span><\/a><\/li><li  id=\"menu-item-10303\"  class=\"menu-item menu-item-type-custom menu-item-object-custom menu-item-10303 awb-menu__li awb-menu__main-li awb-menu__main-li_regular\"  data-item-id=\"10303\"><span class=\"awb-menu__main-background-default awb-menu__main-background-default_fade\"><\/span><span class=\"awb-menu__main-background-active awb-menu__main-background-active_fade\"><\/span><a  href=\"#pll_switcher\" class=\"awb-menu__main-a awb-menu__main-a_regular\"><span class=\"menu-text\">Lingue<\/span><\/a><\/li><\/ul><\/nav><\/div><\/div><\/div><\/div><div class=\"fusion-fullwidth fullwidth-box fusion-builder-row-2 fusion-flex-container has-pattern-background has-mask-background nonhundred-percent-fullwidth non-hundred-percent-height-scrolling fusion-no-small-visibility fusion-no-medium-visibility fusion-custom-z-index\" style=\"--awb-border-sizes-top:0;--awb-border-sizes-bottom:0;--awb-border-sizes-left:0;--awb-border-sizes-right:0;--awb-border-radius-top-left:0px;--awb-border-radius-top-right:0px;--awb-border-radius-bottom-right:0px;--awb-border-radius-bottom-left:0px;--awb-z-index:555555;--awb-margin-top:0px;--awb-margin-bottom:0px;--awb-flex-wrap:wrap;\" ><div class=\"fusion-builder-row fusion-row fusion-flex-align-items-flex-start fusion-flex-content-wrap\" style=\"max-width:1248px;margin-left: calc(-4% \/ 2 );margin-right: calc(-4% \/ 2 );\"><div class=\"fusion-layout-column fusion_builder_column fusion-builder-column-1 fusion_builder_column_1_1 1_1 fusion-flex-column\" style=\"--awb-bg-color:#f29209;--awb-bg-color-hover:#f29209;--awb-bg-size:cover;--awb-width-large:100%;--awb-margin-top-large:0px;--awb-spacing-right-large:1.92%;--awb-margin-bottom-large:20px;--awb-spacing-left-large:1.92%;--awb-width-medium:100%;--awb-order-medium:0;--awb-spacing-right-medium:1.92%;--awb-spacing-left-medium:1.92%;--awb-width-small:100%;--awb-order-small:0;--awb-spacing-right-small:1.92%;--awb-spacing-left-small:1.92%;\"><div class=\"fusion-column-wrapper fusion-column-has-shadow fusion-flex-justify-content-flex-start fusion-content-layout-column\"><nav class=\"awb-menu awb-menu_row awb-menu_em-hover mobile-mode-always-expanded awb-menu_icons-left awb-menu_dc-yes mobile-trigger-fullwidth-off awb-menu_mobile-toggle awb-menu_indent-center awb-menu_mt-align-flex-start loading mega-menu-loading awb-menu_desktop awb-menu_dropdown awb-menu_expand-right awb-menu_transition-fade\" style=\"--awb-text-transform:none;--awb-gap:27px;--awb-justify-content:center;--awb-color:#ffffff;--awb-active-color:#ffffff;--awb-submenu-color:#ffffff;--awb-submenu-bg:#f4aa09;--awb-submenu-active-bg:#f29209;--awb-submenu-active-color:#ffffff;--awb-submenu-text-transform:none;--awb-submenu-max-width:180px;--awb-main-justify-content:flex-start;--awb-mobile-bg:#f29209;--awb-mobile-color:#ffffff;--awb-mobile-active-bg:#f2ad4d;--awb-mobile-active-color:#ffffff;--awb-mobile-justify:center;--awb-mobile-caret-left:auto;--awb-mobile-caret-right:0;--awb-fusion-font-family-typography:inherit;--awb-fusion-font-style-typography:normal;--awb-fusion-font-weight-typography:400;--awb-fusion-font-family-submenu-typography:inherit;--awb-fusion-font-style-submenu-typography:normal;--awb-fusion-font-weight-submenu-typography:400;--awb-fusion-font-family-mobile-typography:inherit;--awb-fusion-font-style-mobile-typography:normal;--awb-fusion-font-weight-mobile-typography:400;\" aria-label=\"Mahler-IT\" data-breakpoint=\"1024\" data-count=\"1\" data-transition-type=\"fade\" data-transition-time=\"300\" data-expand=\"right\"><button type=\"button\" class=\"awb-menu__m-toggle awb-menu__m-toggle_no-text\" aria-expanded=\"false\" aria-controls=\"menu-mahler-it\"><span class=\"awb-menu__m-toggle-inner\"><span class=\"collapsed-nav-text\"><span class=\"screen-reader-text\">Toggle Navigation<\/span><\/span><span class=\"awb-menu__m-collapse-icon awb-menu__m-collapse-icon_no-text\"><span class=\"awb-menu__m-collapse-icon-open awb-menu__m-collapse-icon-open_no-text fa-bars fas\"><\/span><span class=\"awb-menu__m-collapse-icon-close awb-menu__m-collapse-icon-close_no-text fa-times fas\"><\/span><\/span><\/span><\/button><ul id=\"menu-mahler-it-1\" class=\"fusion-menu awb-menu__main-ul awb-menu__main-ul_row\"><li   class=\"menu-item menu-item-type-custom menu-item-object-custom menu-item-has-children menu-item-7546 awb-menu__li awb-menu__main-li awb-menu__main-li_regular\"  data-item-id=\"7546\"><span class=\"awb-menu__main-background-default awb-menu__main-background-default_fade\"><\/span><span class=\"awb-menu__main-background-active awb-menu__main-background-active_fade\"><\/span><a  href=\"https:\/\/www.busoni-mahler.eu\/academy\/it\/home-accademia\/\" class=\"awb-menu__main-a awb-menu__main-a_regular\"><span class=\"menu-text\">Gustav Mahler Academy<\/span><span class=\"awb-menu__open-nav-submenu-hover\"><\/span><\/a><button type=\"button\" aria-label=\"Open submenu of Gustav Mahler Academy\" aria-expanded=\"false\" class=\"awb-menu__open-nav-submenu_mobile awb-menu__open-nav-submenu_main\"><\/button><ul class=\"awb-menu__sub-ul awb-menu__sub-ul_main\"><li   class=\"menu-item menu-item-type-custom menu-item-object-custom menu-item-10187 awb-menu__li awb-menu__sub-li\" ><a  href=\"https:\/\/www.busoni-mahler.eu\/academy\/it\/guest-faculty-3\/\" class=\"awb-menu__sub-a\"><span>Guest Faculty<\/span><\/a><\/li><li   class=\"menu-item menu-item-type-custom menu-item-object-custom menu-item-has-children menu-item-7548 awb-menu__li awb-menu__sub-li\" ><a  class=\"awb-menu__sub-a\"><span>Iscrizione<\/span><span class=\"awb-menu__open-nav-submenu-hover\"><\/span><\/a><button type=\"button\" aria-label=\"Open submenu of Iscrizione\" aria-expanded=\"false\" class=\"awb-menu__open-nav-submenu_mobile awb-menu__open-nav-submenu_sub\"><\/button><ul class=\"awb-menu__sub-ul awb-menu__sub-ul_grand\"><li   class=\"menu-item menu-item-type-custom menu-item-object-custom menu-item-9111 awb-menu__li awb-menu__sub-li\" ><a  href=\"https:\/\/www.busoni-mahler.eu\/academy\/it\/modulo-di-iscrizione-allaccademia\/\" class=\"awb-menu__sub-a\"><span>\u2022 Modulo iscrizione<\/span><\/a><\/li><li   class=\"menu-item menu-item-type-custom menu-item-object-custom menu-item-9112 awb-menu__li awb-menu__sub-li\" ><a  href=\"https:\/\/www.busoni-mahler.eu\/academy\/it\/regolamento\/\" class=\"awb-menu__sub-a\"><span>\u2022 Regolamento<\/span><\/a><\/li><li   class=\"menu-item menu-item-type-custom menu-item-object-custom menu-item-10190 awb-menu__li awb-menu__sub-li\" ><a  href=\"https:\/\/www.busoni-mahler.eu\/academy\/it\/le-domande-piu-frequenti-sullaccademia-mahler\/\" class=\"awb-menu__sub-a\"><span>\u2022 FAQ<\/span><\/a><\/li><\/ul><\/li><\/ul><\/li><li   class=\"menu-item menu-item-type-custom menu-item-object-custom menu-item-has-children menu-item-10637 awb-menu__li awb-menu__main-li awb-menu__main-li_regular\"  data-item-id=\"10637\"><span class=\"awb-menu__main-background-default awb-menu__main-background-default_fade\"><\/span><span class=\"awb-menu__main-background-active awb-menu__main-background-active_fade\"><\/span><a  href=\"https:\/\/www.busoni-mahler.eu\/academy\/it\/academy-voice-it\/\" class=\"awb-menu__main-a awb-menu__main-a_regular\"><span class=\"menu-text\">Academy Voice<\/span><span class=\"awb-menu__open-nav-submenu-hover\"><\/span><\/a><button type=\"button\" aria-label=\"Open submenu of Academy Voice\" aria-expanded=\"false\" class=\"awb-menu__open-nav-submenu_mobile awb-menu__open-nav-submenu_main\"><\/button><ul class=\"awb-menu__sub-ul awb-menu__sub-ul_main\"><li   class=\"menu-item menu-item-type-custom menu-item-object-custom menu-item-10644 awb-menu__li awb-menu__sub-li\" ><a  href=\"https:\/\/www.busoni-mahler.eu\/academy\/it\/guest-faculty-voice-it\/\" class=\"awb-menu__sub-a\"><span>Guest Faculty Voice<\/span><\/a><\/li><li   class=\"menu-item menu-item-type-custom menu-item-object-custom menu-item-has-children menu-item-10645 awb-menu__li awb-menu__sub-li\" ><a  class=\"awb-menu__sub-a\"><span>Iscrizione<\/span><span class=\"awb-menu__open-nav-submenu-hover\"><\/span><\/a><button type=\"button\" aria-label=\"Open submenu of Iscrizione\" aria-expanded=\"false\" class=\"awb-menu__open-nav-submenu_mobile awb-menu__open-nav-submenu_sub\"><\/button><ul class=\"awb-menu__sub-ul awb-menu__sub-ul_grand\"><li   class=\"menu-item menu-item-type-custom menu-item-object-custom menu-item-10646 awb-menu__li awb-menu__sub-li\" ><a  href=\"https:\/\/www.busoni-mahler.eu\/academy\/it\/modulo-iscrizioni-academy-voice\/\" class=\"awb-menu__sub-a\"><span>\u2022 Modulo iscrizione<\/span><\/a><\/li><li   class=\"menu-item menu-item-type-custom menu-item-object-custom menu-item-10647 awb-menu__li awb-menu__sub-li\" ><a  href=\"https:\/\/www.busoni-mahler.eu\/academy\/it\/regolamento-voice\/\" class=\"awb-menu__sub-a\"><span>\u2022 Regolamento<\/span><\/a><\/li><li   class=\"menu-item menu-item-type-custom menu-item-object-custom menu-item-10648 awb-menu__li awb-menu__sub-li\" ><a  href=\"https:\/\/www.busoni-mahler.eu\/academy\/it\/faq-voice-it\/\" class=\"awb-menu__sub-a\"><span>\u2022 FAQ<\/span><\/a><\/li><\/ul><\/li><\/ul><\/li><li   class=\"menu-item menu-item-type-custom menu-item-object-custom menu-item-8688 awb-menu__li awb-menu__main-li awb-menu__main-li_regular\"  data-item-id=\"8688\"><span class=\"awb-menu__main-background-default awb-menu__main-background-default_fade\"><\/span><span class=\"awb-menu__main-background-active awb-menu__main-background-active_fade\"><\/span><a  href=\"https:\/\/www.busoni-mahler.eu\/academy\/it\/originalklang-project-it\/\" class=\"awb-menu__main-a awb-menu__main-a_regular\"><span class=\"menu-text\">originalklang project<\/span><\/a><\/li><li   class=\"menu-item menu-item-type-custom menu-item-object-custom menu-item-9699 awb-menu__li awb-menu__main-li awb-menu__main-li_regular\"  data-item-id=\"9699\"><span class=\"awb-menu__main-background-default awb-menu__main-background-default_fade\"><\/span><span class=\"awb-menu__main-background-active awb-menu__main-background-active_fade\"><\/span><a  href=\"https:\/\/www.busoni-mahler.eu\/academy\/it\/mahler-ambassadors\/\" class=\"awb-menu__main-a awb-menu__main-a_regular\"><span class=\"menu-text\">Mahler Ambassadors<\/span><\/a><\/li><li   class=\"menu-item menu-item-type-custom menu-item-object-custom menu-item-9583 awb-menu__li awb-menu__main-li awb-menu__main-li_regular\"  data-item-id=\"9583\"><span class=\"awb-menu__main-background-default awb-menu__main-background-default_fade\"><\/span><span class=\"awb-menu__main-background-active awb-menu__main-background-active_fade\"><\/span><a  href=\"https:\/\/www.busoni-mahler.eu\/academy\/it\/mahler-academy-orchestra\/\" class=\"awb-menu__main-a awb-menu__main-a_regular\"><span class=\"menu-text\">Mahler Academy Orchestra<\/span><\/a><\/li><li   class=\"menu-item menu-item-type-custom menu-item-object-custom menu-item-7549 awb-menu__li awb-menu__main-li awb-menu__main-li_regular\"  data-item-id=\"7549\"><span class=\"awb-menu__main-background-default awb-menu__main-background-default_fade\"><\/span><span class=\"awb-menu__main-background-active awb-menu__main-background-active_fade\"><\/span><a  href=\"https:\/\/www.busoni-mahler.eu\/academy\/it\/chi-siamo\/\" class=\"awb-menu__main-a awb-menu__main-a_regular\"><span class=\"menu-text\">Chi siamo<\/span><\/a><\/li><li   class=\"menu-item menu-item-type-custom menu-item-object-custom menu-item-10303 awb-menu__li awb-menu__main-li awb-menu__main-li_regular\"  data-item-id=\"10303\"><span class=\"awb-menu__main-background-default awb-menu__main-background-default_fade\"><\/span><span class=\"awb-menu__main-background-active awb-menu__main-background-active_fade\"><\/span><a  href=\"#pll_switcher\" class=\"awb-menu__main-a awb-menu__main-a_regular\"><span class=\"menu-text\">Lingue<\/span><\/a><\/li><\/ul><\/nav><\/div><\/div><\/div><\/div><div class=\"fusion-fullwidth fullwidth-box fusion-builder-row-3 fusion-flex-container has-pattern-background has-mask-background nonhundred-percent-fullwidth non-hundred-percent-height-scrolling fusion-no-small-visibility\" style=\"--awb-border-radius-top-left:0px;--awb-border-radius-top-right:0px;--awb-border-radius-bottom-right:0px;--awb-border-radius-bottom-left:0px;--awb-padding-bottom:0px;--awb-margin-bottom:0px;--awb-flex-wrap:wrap;\" ><div class=\"fusion-builder-row fusion-row fusion-flex-align-items-flex-start fusion-flex-content-wrap\" style=\"max-width:1248px;margin-left: calc(-4% \/ 2 );margin-right: calc(-4% \/ 2 );\"><div class=\"fusion-layout-column fusion_builder_column fusion-builder-column-2 fusion_builder_column_1_1 1_1 fusion-flex-column fusion-no-small-visibility\" style=\"--awb-bg-size:cover;--awb-width-large:100%;--awb-margin-top-large:0px;--awb-spacing-right-large:1.92%;--awb-margin-bottom-large:0px;--awb-spacing-left-large:1.92%;--awb-width-medium:100%;--awb-order-medium:0;--awb-spacing-right-medium:1.92%;--awb-spacing-left-medium:1.92%;--awb-width-small:100%;--awb-order-small:0;--awb-spacing-right-small:1.92%;--awb-spacing-left-small:1.92%;\" data-scroll-devices=\"small-visibility,medium-visibility,large-visibility\"><div class=\"fusion-column-wrapper fusion-column-has-shadow fusion-flex-justify-content-flex-start fusion-content-layout-column\"><div class=\"fusion-slider-sc\"><div class=\"fusion-flexslider-loading flexslider flexslider-hover-type-none\" data-slideshow_autoplay=\"1\" data-slideshow_smooth_height=\"0\" data-slideshow_speed=\"3000\" style=\"max-width:100%;height:100%;\"><ul class=\"slides\"><li class=\"image\"><span class=\"fusion-image-hover-element hover-type-none\"><img decoding=\"async\" src=\"https:\/\/www.busoni-mahler.eu\/academy\/wp-content\/uploads\/2024\/10\/HQ_ac_bm_240910_MAO-79-1-300x78.jpg\" width=\"300\" height=\"78\" class=\"wp-image-9789\" srcset=\"https:\/\/www.busoni-mahler.eu\/academy\/wp-content\/uploads\/2024\/10\/HQ_ac_bm_240910_MAO-79-1-200x52.jpg 200w, https:\/\/www.busoni-mahler.eu\/academy\/wp-content\/uploads\/2024\/10\/HQ_ac_bm_240910_MAO-79-1-400x104.jpg 400w, https:\/\/www.busoni-mahler.eu\/academy\/wp-content\/uploads\/2024\/10\/HQ_ac_bm_240910_MAO-79-1-600x157.jpg 600w, https:\/\/www.busoni-mahler.eu\/academy\/wp-content\/uploads\/2024\/10\/HQ_ac_bm_240910_MAO-79-1-800x209.jpg 800w, https:\/\/www.busoni-mahler.eu\/academy\/wp-content\/uploads\/2024\/10\/HQ_ac_bm_240910_MAO-79-1-1200x313.jpg 1200w\" sizes=\"(max-width: 640px) 100vw, 1200px\" \/><\/span><\/li><li class=\"image\"><span class=\"fusion-image-hover-element hover-type-none\"><img decoding=\"async\" src=\"https:\/\/www.busoni-mahler.eu\/academy\/wp-content\/uploads\/2024\/10\/240911_MAO_Andsnes_c-Andrea-Humer-7534-1-300x78.jpg\" width=\"300\" height=\"78\" class=\"wp-image-9791\" srcset=\"https:\/\/www.busoni-mahler.eu\/academy\/wp-content\/uploads\/2024\/10\/240911_MAO_Andsnes_c-Andrea-Humer-7534-1-200x52.jpg 200w, https:\/\/www.busoni-mahler.eu\/academy\/wp-content\/uploads\/2024\/10\/240911_MAO_Andsnes_c-Andrea-Humer-7534-1-400x104.jpg 400w, https:\/\/www.busoni-mahler.eu\/academy\/wp-content\/uploads\/2024\/10\/240911_MAO_Andsnes_c-Andrea-Humer-7534-1-600x157.jpg 600w, https:\/\/www.busoni-mahler.eu\/academy\/wp-content\/uploads\/2024\/10\/240911_MAO_Andsnes_c-Andrea-Humer-7534-1-800x209.jpg 800w, https:\/\/www.busoni-mahler.eu\/academy\/wp-content\/uploads\/2024\/10\/240911_MAO_Andsnes_c-Andrea-Humer-7534-1-1200x313.jpg 1200w\" sizes=\"(max-width: 640px) 100vw, 1200px\" \/><\/span><\/li><li class=\"image\"><span class=\"fusion-image-hover-element hover-type-none\"><img decoding=\"async\" src=\"https:\/\/www.busoni-mahler.eu\/academy\/wp-content\/uploads\/2024\/10\/4-300x78.jpg\" width=\"300\" height=\"78\" class=\"wp-image-9792\" srcset=\"https:\/\/www.busoni-mahler.eu\/academy\/wp-content\/uploads\/2024\/10\/4-200x52.jpg 200w, https:\/\/www.busoni-mahler.eu\/academy\/wp-content\/uploads\/2024\/10\/4-400x104.jpg 400w, https:\/\/www.busoni-mahler.eu\/academy\/wp-content\/uploads\/2024\/10\/4-600x156.jpg 600w, https:\/\/www.busoni-mahler.eu\/academy\/wp-content\/uploads\/2024\/10\/4-800x209.jpg 800w, https:\/\/www.busoni-mahler.eu\/academy\/wp-content\/uploads\/2024\/10\/4-1200x313.jpg 1200w\" sizes=\"(max-width: 640px) 100vw, 1200px\" \/><\/span><\/li><li class=\"image\"><span class=\"fusion-image-hover-element hover-type-none\"><img decoding=\"async\" src=\"https:\/\/www.busoni-mahler.eu\/academy\/wp-content\/uploads\/2024\/10\/HQ_ac_bm_240902_gardiner-46-300x78.jpg\" width=\"300\" height=\"78\" class=\"wp-image-9788\" srcset=\"https:\/\/www.busoni-mahler.eu\/academy\/wp-content\/uploads\/2024\/10\/HQ_ac_bm_240902_gardiner-46-200x52.jpg 200w, https:\/\/www.busoni-mahler.eu\/academy\/wp-content\/uploads\/2024\/10\/HQ_ac_bm_240902_gardiner-46-400x104.jpg 400w, https:\/\/www.busoni-mahler.eu\/academy\/wp-content\/uploads\/2024\/10\/HQ_ac_bm_240902_gardiner-46-600x157.jpg 600w, https:\/\/www.busoni-mahler.eu\/academy\/wp-content\/uploads\/2024\/10\/HQ_ac_bm_240902_gardiner-46-800x209.jpg 800w, https:\/\/www.busoni-mahler.eu\/academy\/wp-content\/uploads\/2024\/10\/HQ_ac_bm_240902_gardiner-46-1200x313.jpg 1200w\" sizes=\"(max-width: 640px) 100vw, 1200px\" \/><\/span><\/li><li class=\"image\"><span class=\"fusion-image-hover-element hover-type-none\"><img decoding=\"async\" src=\"https:\/\/www.busoni-mahler.eu\/academy\/wp-content\/uploads\/2024\/10\/HQ_ac_bm_240902_gardiner-85-300x78.jpg\" width=\"300\" height=\"78\" class=\"wp-image-9790\" srcset=\"https:\/\/www.busoni-mahler.eu\/academy\/wp-content\/uploads\/2024\/10\/HQ_ac_bm_240902_gardiner-85-200x52.jpg 200w, https:\/\/www.busoni-mahler.eu\/academy\/wp-content\/uploads\/2024\/10\/HQ_ac_bm_240902_gardiner-85-400x104.jpg 400w, https:\/\/www.busoni-mahler.eu\/academy\/wp-content\/uploads\/2024\/10\/HQ_ac_bm_240902_gardiner-85-600x156.jpg 600w, https:\/\/www.busoni-mahler.eu\/academy\/wp-content\/uploads\/2024\/10\/HQ_ac_bm_240902_gardiner-85-800x209.jpg 800w, https:\/\/www.busoni-mahler.eu\/academy\/wp-content\/uploads\/2024\/10\/HQ_ac_bm_240902_gardiner-85-1200x313.jpg 1200w\" sizes=\"(max-width: 640px) 100vw, 1200px\" \/><\/span><\/li><\/ul><\/div><\/div><\/div><\/div><\/div><\/div><div class=\"fusion-fullwidth fullwidth-box fusion-builder-row-4 fusion-flex-container has-pattern-background has-mask-background nonhundred-percent-fullwidth non-hundred-percent-height-scrolling fusion-no-medium-visibility fusion-no-large-visibility\" style=\"--awb-border-radius-top-left:0px;--awb-border-radius-top-right:0px;--awb-border-radius-bottom-right:0px;--awb-border-radius-bottom-left:0px;--awb-flex-wrap:wrap;\" ><div class=\"fusion-builder-row fusion-row fusion-flex-align-items-flex-start fusion-flex-content-wrap\" style=\"max-width:1248px;margin-left: calc(-4% \/ 2 );margin-right: calc(-4% \/ 2 );\"><div class=\"fusion-layout-column fusion_builder_column fusion-builder-column-3 fusion_builder_column_1_1 1_1 fusion-flex-column fusion-no-medium-visibility fusion-no-large-visibility\" style=\"--awb-bg-size:cover;--awb-width-large:100%;--awb-margin-top-large:0px;--awb-spacing-right-large:1.92%;--awb-margin-bottom-large:0px;--awb-spacing-left-large:1.92%;--awb-width-medium:100%;--awb-order-medium:0;--awb-spacing-right-medium:1.92%;--awb-spacing-left-medium:1.92%;--awb-width-small:100%;--awb-order-small:0;--awb-spacing-right-small:1.92%;--awb-spacing-left-small:1.92%;\" data-scroll-devices=\"small-visibility,medium-visibility,large-visibility\"><div class=\"fusion-column-wrapper fusion-column-has-shadow fusion-flex-justify-content-flex-start fusion-content-layout-column\"><div class=\"fusion-slider-sc\"><div class=\"fusion-flexslider-loading flexslider flexslider-hover-type-none\" data-slideshow_autoplay=\"1\" data-slideshow_smooth_height=\"0\" data-slideshow_speed=\"3000\" style=\"max-width:100%;height:100%;\"><ul class=\"slides\"><li class=\"image\"><span class=\"fusion-image-hover-element hover-type-none\"><img decoding=\"async\" src=\"https:\/\/www.busoni-mahler.eu\/academy\/wp-content\/uploads\/2024\/11\/HQ_ac_bm_240910_MAO-79-300x156.jpg\" width=\"300\" height=\"156\" class=\"wp-image-10212\" srcset=\"https:\/\/www.busoni-mahler.eu\/academy\/wp-content\/uploads\/2024\/11\/HQ_ac_bm_240910_MAO-79-200x104.jpg 200w, https:\/\/www.busoni-mahler.eu\/academy\/wp-content\/uploads\/2024\/11\/HQ_ac_bm_240910_MAO-79-400x208.jpg 400w, https:\/\/www.busoni-mahler.eu\/academy\/wp-content\/uploads\/2024\/11\/HQ_ac_bm_240910_MAO-79-600x313.jpg 600w, https:\/\/www.busoni-mahler.eu\/academy\/wp-content\/uploads\/2024\/11\/HQ_ac_bm_240910_MAO-79-800x417.jpg 800w, https:\/\/www.busoni-mahler.eu\/academy\/wp-content\/uploads\/2024\/11\/HQ_ac_bm_240910_MAO-79-1200x625.jpg 1200w\" sizes=\"(max-width: 640px) 100vw, 1200px\" \/><\/span><\/li><li class=\"image\"><span class=\"fusion-image-hover-element hover-type-none\"><img decoding=\"async\" src=\"https:\/\/www.busoni-mahler.eu\/academy\/wp-content\/uploads\/2024\/11\/240911_MAO_Andsnes_c-Andrea-Humer-7534-300x156.jpg\" width=\"300\" height=\"156\" class=\"wp-image-10213\" srcset=\"https:\/\/www.busoni-mahler.eu\/academy\/wp-content\/uploads\/2024\/11\/240911_MAO_Andsnes_c-Andrea-Humer-7534-200x104.jpg 200w, https:\/\/www.busoni-mahler.eu\/academy\/wp-content\/uploads\/2024\/11\/240911_MAO_Andsnes_c-Andrea-Humer-7534-400x208.jpg 400w, https:\/\/www.busoni-mahler.eu\/academy\/wp-content\/uploads\/2024\/11\/240911_MAO_Andsnes_c-Andrea-Humer-7534-600x313.jpg 600w, https:\/\/www.busoni-mahler.eu\/academy\/wp-content\/uploads\/2024\/11\/240911_MAO_Andsnes_c-Andrea-Humer-7534-800x417.jpg 800w, https:\/\/www.busoni-mahler.eu\/academy\/wp-content\/uploads\/2024\/11\/240911_MAO_Andsnes_c-Andrea-Humer-7534-1200x625.jpg 1200w\" sizes=\"(max-width: 640px) 100vw, 1200px\" \/><\/span><\/li><li class=\"image\"><span class=\"fusion-image-hover-element hover-type-none\"><img decoding=\"async\" src=\"https:\/\/www.busoni-mahler.eu\/academy\/wp-content\/uploads\/2024\/11\/HQ_ac_bm_240910_MAO-71-300x156.jpg\" width=\"300\" height=\"156\" class=\"wp-image-10215\" srcset=\"https:\/\/www.busoni-mahler.eu\/academy\/wp-content\/uploads\/2024\/11\/HQ_ac_bm_240910_MAO-71-200x104.jpg 200w, https:\/\/www.busoni-mahler.eu\/academy\/wp-content\/uploads\/2024\/11\/HQ_ac_bm_240910_MAO-71-400x208.jpg 400w, https:\/\/www.busoni-mahler.eu\/academy\/wp-content\/uploads\/2024\/11\/HQ_ac_bm_240910_MAO-71-600x313.jpg 600w, https:\/\/www.busoni-mahler.eu\/academy\/wp-content\/uploads\/2024\/11\/HQ_ac_bm_240910_MAO-71-800x417.jpg 800w, https:\/\/www.busoni-mahler.eu\/academy\/wp-content\/uploads\/2024\/11\/HQ_ac_bm_240910_MAO-71-1200x625.jpg 1200w\" sizes=\"(max-width: 640px) 100vw, 1200px\" \/><\/span><\/li><li class=\"image\"><span class=\"fusion-image-hover-element hover-type-none\"><img decoding=\"async\" src=\"https:\/\/www.busoni-mahler.eu\/academy\/wp-content\/uploads\/2024\/11\/HQ_ac_bm_240902_gardiner-46-300x156.jpg\" width=\"300\" height=\"156\" class=\"wp-image-10214\" srcset=\"https:\/\/www.busoni-mahler.eu\/academy\/wp-content\/uploads\/2024\/11\/HQ_ac_bm_240902_gardiner-46-200x104.jpg 200w, https:\/\/www.busoni-mahler.eu\/academy\/wp-content\/uploads\/2024\/11\/HQ_ac_bm_240902_gardiner-46-400x208.jpg 400w, https:\/\/www.busoni-mahler.eu\/academy\/wp-content\/uploads\/2024\/11\/HQ_ac_bm_240902_gardiner-46-600x313.jpg 600w, https:\/\/www.busoni-mahler.eu\/academy\/wp-content\/uploads\/2024\/11\/HQ_ac_bm_240902_gardiner-46-800x417.jpg 800w, https:\/\/www.busoni-mahler.eu\/academy\/wp-content\/uploads\/2024\/11\/HQ_ac_bm_240902_gardiner-46-1200x625.jpg 1200w\" sizes=\"(max-width: 640px) 100vw, 1200px\" \/><\/span><\/li><li class=\"image\"><span class=\"fusion-image-hover-element hover-type-none\"><img decoding=\"async\" src=\"https:\/\/www.busoni-mahler.eu\/academy\/wp-content\/uploads\/2024\/11\/HQ_ac_bm_240902_gardiner-85-300x156.jpg\" width=\"300\" height=\"156\" class=\"wp-image-10216\" srcset=\"https:\/\/www.busoni-mahler.eu\/academy\/wp-content\/uploads\/2024\/11\/HQ_ac_bm_240902_gardiner-85-200x104.jpg 200w, https:\/\/www.busoni-mahler.eu\/academy\/wp-content\/uploads\/2024\/11\/HQ_ac_bm_240902_gardiner-85-400x208.jpg 400w, https:\/\/www.busoni-mahler.eu\/academy\/wp-content\/uploads\/2024\/11\/HQ_ac_bm_240902_gardiner-85-600x313.jpg 600w, https:\/\/www.busoni-mahler.eu\/academy\/wp-content\/uploads\/2024\/11\/HQ_ac_bm_240902_gardiner-85-800x417.jpg 800w, https:\/\/www.busoni-mahler.eu\/academy\/wp-content\/uploads\/2024\/11\/HQ_ac_bm_240902_gardiner-85-1200x625.jpg 1200w\" sizes=\"(max-width: 640px) 100vw, 1200px\" \/><\/span><\/li><\/ul><\/div><\/div><\/div><\/div><\/div><\/div><div class=\"fusion-fullwidth fullwidth-box fusion-builder-row-5 fusion-flex-container has-pattern-background has-mask-background nonhundred-percent-fullwidth non-hundred-percent-height-scrolling\" style=\"--awb-border-sizes-top:0px;--awb-border-sizes-bottom:0px;--awb-border-sizes-left:0px;--awb-border-sizes-right:0px;--awb-border-color:#ffffff;--awb-border-radius-top-left:0px;--awb-border-radius-top-right:0px;--awb-border-radius-bottom-right:0px;--awb-border-radius-bottom-left:0px;--awb-padding-top-small:0px;--awb-margin-top:40px;--awb-margin-bottom:40px;--awb-background-color:#ffffff;--awb-flex-wrap:wrap;\" ><div class=\"fusion-builder-row fusion-row fusion-flex-align-items-flex-start fusion-flex-content-wrap\" style=\"max-width:1248px;margin-left: calc(-4% \/ 2 );margin-right: calc(-4% \/ 2 );\"><div class=\"fusion-layout-column fusion_builder_column fusion-builder-column-4 fusion_builder_column_1_1 1_1 fusion-flex-column\" style=\"--awb-padding-right:40px;--awb-padding-left:40px;--awb-padding-top-small:50px;--awb-bg-size:cover;--awb-width-large:100%;--awb-margin-top-large:0px;--awb-spacing-right-large:1.92%;--awb-margin-bottom-large:0px;--awb-spacing-left-large:1.92%;--awb-width-medium:100%;--awb-order-medium:0;--awb-spacing-right-medium:1.92%;--awb-spacing-left-medium:1.92%;--awb-width-small:100%;--awb-order-small:0;--awb-spacing-right-small:1.92%;--awb-spacing-left-small:1.92%;\"><div class=\"fusion-column-wrapper fusion-column-has-shadow fusion-flex-justify-content-flex-start fusion-content-layout-column\"><div class=\"fusion-text fusion-text-1\"><h1 style=\"text-align: center;\"><span class=\"arancio\">Gustav Mahler Academy<\/span><\/h1>\n<p><strong>La Gustav Mahler Academy \u00e8 uno dei pi\u00f9 prestigiosi corsi estivi europei. <\/strong>Fondato da Claudio Abbado per offrire una formazione eccellente ai giovani musicisti, questo corso biennale offre un&#8217;esperienza di apprendimento unica, basata su masterclass, musica da camera e orchestra. L&#8217;acclamato <strong><em>originalklang project<\/em> <\/strong>della Gustav Mahler Academy \u00e8 una rara opportunit\u00e0 per i musicisti contemporanei di sperimentare il mondo degli strumenti d&#8217;epoca e la pratica esecutiva della musica romantica. Il corso viene integrato con registrazioni per un&#8217;importante etichetta e con concerti in alcune delle pi\u00f9 prestigiose sale da concerto internazionali.<\/p>\n<\/div><div class=\"fusion-text fusion-text-2\"><p><u>La Gustav Mahler Academy comprende:<br \/>\n<\/u>\u2192 Rimborso forfetario spese con vitto e alloggio<br \/>\n\u2192 Masterclass<br \/>\n\u2192 Musica da camera e orchestra da camera con i musicisti della Mahler Chamber Orchestra<br \/>\n\u2192 Orchestra sinfonica fianco a fianco con 50 membri dei migliori ensemble europei<br \/>\n\u2192 Esperienza con corde di budello e strumenti originali viennesi del 1900<br \/>\n\u2192 Esperienza nella prassi esecutiva storica della musica tardo-romantica<br \/>\n\u2192 Registrazione su CD per Alpha Classics<br \/>\n\u2192 Tour europeo a Amburgo, Amsterdam, Parigi, Vienna e altre citt\u00e0.<\/p>\n<\/div><\/div><\/div><\/div><\/div><div class=\"fusion-fullwidth fullwidth-box fusion-builder-row-6 fusion-flex-container has-pattern-background has-mask-background nonhundred-percent-fullwidth non-hundred-percent-height-scrolling fusion-no-small-visibility\" style=\"--awb-background-position:center top;--awb-border-radius-top-left:0px;--awb-border-radius-top-right:0px;--awb-border-radius-bottom-right:0px;--awb-border-radius-bottom-left:0px;--awb-padding-right:20px;--awb-padding-left:20px;--awb-margin-top:20px;--awb-flex-wrap:wrap;\" ><div class=\"fusion-builder-row fusion-row fusion-flex-align-items-center fusion-flex-align-content-center fusion-flex-justify-content-space-evenly fusion-flex-content-wrap\" style=\"max-width:calc( 1200px + 10px );margin-left: calc(-10px \/ 2 );margin-right: calc(-10px \/ 2 );\"><div class=\"fusion-layout-column fusion_builder_column fusion-builder-column-5 fusion_builder_column_1_1 1_1 fusion-flex-column fusion-no-small-visibility\" style=\"--awb-bg-size:cover;--awb-width-large:100%;--awb-margin-top-large:0px;--awb-spacing-right-large:5px;--awb-margin-bottom-large:60px;--awb-spacing-left-large:5px;--awb-width-medium:100%;--awb-order-medium:0;--awb-spacing-right-medium:5px;--awb-spacing-left-medium:5px;--awb-width-small:100%;--awb-order-small:0;--awb-spacing-right-small:5px;--awb-spacing-left-small:5px;\" data-scroll-devices=\"small-visibility,medium-visibility,large-visibility\"><div class=\"fusion-column-wrapper fusion-column-has-shadow fusion-flex-justify-content-flex-start fusion-content-layout-column\"><div class=\"accordian fusion-accordian\" style=\"--awb-border-size:4px;--awb-icon-size:25px;--awb-content-font-size:16px;--awb-icon-alignment:left;--awb-hover-color:#f9f9fb;--awb-border-color:#f29209;--awb-background-color:#ffffff;--awb-divider-color:var(--awb-custom16);--awb-divider-hover-color:#e2e2e2;--awb-icon-color:var(--awb-color1);--awb-title-color:#212934;--awb-content-color:#4a4e57;--awb-icon-box-color:var(--awb-custom16);--awb-toggle-hover-accent-color:var(--awb-custom16);--awb-toggle-active-accent-color:var(--awb-custom16);--awb-title-font-family:-apple-system, BlinkMacSystemFont, &#039;Segoe UI&#039;, Roboto, Oxygen-Sans, Ubuntu, Cantarell, &#039;Helvetica Neue&#039; ,sans-serif;--awb-title-font-weight:400;--awb-title-font-style:normal;--awb-title-font-size:30px;--awb-title-letter-spacing:var(--awb-typography3-letter-spacing);--awb-title-line-height:var(--awb-typography3-line-height);--awb-title-text-transform:none;--awb-content-font-family:&quot;Inter&quot;;--awb-content-font-style:normal;--awb-content-font-weight:regular;\"><div class=\"panel-group fusion-toggle-icon-boxed\" id=\"accordion-7541-1\"><div class=\"fusion-panel panel-default panel-87a28d43d5fb05e47 fusion-toggle-no-divider fusion-toggle-boxed-mode\" style=\"--awb-title-color:#212934;--awb-content-color:#4a4e57;\"><div class=\"panel-heading\"><h4 class=\"panel-title toggle\" id=\"toggle_87a28d43d5fb05e47\"><a aria-expanded=\"false\" aria-controls=\"87a28d43d5fb05e47\" role=\"button\" data-toggle=\"collapse\" data-target=\"#87a28d43d5fb05e47\" href=\"#87a28d43d5fb05e47\"><span class=\"fusion-toggle-icon-wrapper\" aria-hidden=\"true\"><i class=\"fa-fusion-box active-icon fa-angle-double-down fas\" aria-hidden=\"true\"><\/i><i class=\"fa-fusion-box inactive-icon fa-angle-double-right fas\" aria-hidden=\"true\"><\/i><\/span><span class=\"fusion-toggle-heading\">Academy Anno primo - 2025<\/span><\/a><\/h4><\/div><div id=\"87a28d43d5fb05e47\" class=\"panel-collapse collapse \" aria-labelledby=\"toggle_87a28d43d5fb05e47\"><div class=\"panel-body toggle-content fusion-clearfix\">\n<p><span style=\"font-size: 36px;\"><strong><span class=\"arancio\">Gustav Mahler Academy 2025\/2026<\/span><\/strong><\/span><\/p>\n<p><span class=\"arancio\" style=\"font-size: 36px;\"><strong>Anno primo <\/strong><\/span><\/p>\n<p><span style=\"font-size: 28px;\">22 luglio &#8211; 10 agosto 2025<\/span><\/p>\n<p><span style=\"font-size: 28px;\"><em>Sibelius e i Russi<\/em><\/span><\/p>\n<p><strong><br \/>\nMasterclasses<\/strong><\/p>\n<p><strong>Musica da camera<\/strong><\/p>\n<p><strong>Orchestra da camera<\/strong><\/p>\n<p>La Gustav Mahler Academy si apre con una settimana di masterclass con eccellenti solisti, musicisti da camera e prime parti d&#8217;orchestra. Gli studenti si immergono in un&#8217;intensa sessione di musica da camera, che esplora il glorioso repertorio cameristico russo e il suo legame con la musica di Jean Sibelius. Nella Mahler Academy Orchestra gli studenti suonano fianco a fianco con la Mahler Chamber Orchestra.<\/p>\n<table style=\"border-collapse: collapse; width: 100%; height: 775px;\">\n<tbody>\n<tr style=\"height: 24px;\">\n<td style=\"height: 78px; width: 49.9392%;\">\n<h4><span style=\"font-size: 24px;\">Guest Faculty 2025<\/span><\/h4>\n<\/td>\n<td style=\"height: 78px; width: 49.9392%;\">\n<h4><span style=\"font-size: 24px;\">Repertorio 2025<\/span><\/h4>\n<\/td>\n<\/tr>\n<tr style=\"height: 23px;\">\n<td style=\"width: 49.9392%; height: 23px;\"><span style=\"text-decoration: underline;\"><strong>Resident Tutors<\/strong><\/span><\/td>\n<td style=\"width: 49.9392%; height: 23px;\"><span class=\"arancio\"><strong>Mahler Academy Orchestra<\/strong><strong><br \/>\n<\/strong><\/span><\/td>\n<\/tr>\n<tr style=\"height: 23px;\">\n<td style=\"width: 49.9392%; height: 23px;\"><span style=\"font-size: 20px;\"><strong>Mahler Chamber Orchestra<\/strong><\/span><\/td>\n<td style=\"width: 49.9392%; height: 23px;\"><strong>Mahler<\/strong><\/td>\n<\/tr>\n<tr style=\"height: 23px;\">\n<td style=\"width: 49.9392%; height: 23px;\"><\/td>\n<td style=\"width: 49.9392%; height: 23px;\"><em>R\u00fcckert Lieder<\/em><\/td>\n<\/tr>\n<tr style=\"height: 24px;\">\n<td style=\"width: 49.9392%; height: 24px;\">Violino:<\/td>\n<td style=\"width: 49.9392%; height: 24px;\"><\/td>\n<\/tr>\n<tr style=\"height: 24px;\">\n<td style=\"width: 49.9392%; height: 24px;\"><span style=\"font-size: 20px;\"><strong>Michael Barenboim<\/strong><\/span><\/td>\n<td style=\"width: 49.9392%; height: 24px;\"><strong>Sibelius<\/strong><\/td>\n<\/tr>\n<tr style=\"height: 24px;\">\n<td style=\"width: 49.9392%; height: 10px;\">(Solista, Barenboim-Said Academy)<\/td>\n<td style=\"width: 49.9392%; height: 10px;\"><em>Symphony N. 2<\/em><\/td>\n<\/tr>\n<tr style=\"height: 24px;\">\n<td style=\"width: 49.9392%; height: 24px;\"><span style=\"font-size: 20px;\"><strong>Andrea Obiso<\/strong><\/span><\/td>\n<td style=\"width: 49.9392%; height: 24px;\"><\/td>\n<\/tr>\n<tr style=\"height: 24px;\">\n<td style=\"width: 49.9392%; height: 24px;\">(Spalla Accademia di Santa Cecilia)<\/td>\n<td style=\"width: 49.9392%; height: 24px;\"><span style=\"font-size: 20px;\"><strong>Sir John Eliot Gardiner &#8211; Direttore d&#8217;orchestra<\/strong><\/span><\/td>\n<\/tr>\n<tr style=\"height: 24px;\">\n<td style=\"width: 49.9392%; height: 24px;\"><\/td>\n<td style=\"width: 49.9392%; height: 24px;\"><\/td>\n<\/tr>\n<tr style=\"height: 24px;\">\n<td style=\"width: 49.9392%; height: 24px;\">Viola:<\/td>\n<td style=\"width: 49.9392%; height: 24px;\"><strong style=\"color: #f29209;\">Chamber Music<\/strong><\/td>\n<\/tr>\n<tr style=\"height: 24px;\">\n<td style=\"width: 49.9392%; height: 24px;\"><span style=\"font-size: 20px;\"><strong>Veronika Hagen<\/strong><\/span><\/td>\n<td style=\"width: 49.9392%; height: 24px;\"><strong>Tchaikovsky<\/strong><\/td>\n<\/tr>\n<tr style=\"height: 24px;\">\n<td style=\"width: 49.9392%; height: 24px;\">(Quartetto Hagen)<\/td>\n<td style=\"width: 49.9392%; height: 24px;\"><em>String Quartets N. 1-3<\/em><\/td>\n<\/tr>\n<tr style=\"height: 24px;\">\n<td style=\"width: 49.9392%; height: 24px;\"><\/td>\n<td style=\"width: 49.9392%; height: 24px;\"><em>String Sextet &#8220;Souvenir de Florence&#8221;<\/em><\/td>\n<\/tr>\n<tr style=\"height: 24px;\">\n<td style=\"width: 49.9392%; height: 24px;\">Violoncello:<\/td>\n<td style=\"width: 49.9392%; height: 24px;\"><em>Piano Trio<\/em><\/td>\n<\/tr>\n<tr style=\"height: 24px;\">\n<td style=\"width: 49.9392%; height: 24px;\"><span style=\"font-size: 20px;\"><strong>Floris Mijnders<\/strong><\/span><\/td>\n<td style=\"width: 49.9392%; height: 24px;\"><\/td>\n<\/tr>\n<tr style=\"height: 24px;\">\n<td style=\"width: 49.9392%; height: 24px;\">(Primo Violoncello M\u00fcnchner Philharmoniker)<\/td>\n<td style=\"width: 49.9392%; height: 24px;\"><strong>Arensky<\/strong><\/td>\n<\/tr>\n<tr style=\"height: 24px;\">\n<td style=\"width: 49.9392%; height: 24px;\"><\/td>\n<td style=\"width: 49.9392%; height: 24px;\"><em>String Quartet<\/em><\/td>\n<\/tr>\n<tr style=\"height: 24px;\">\n<td style=\"width: 49.9392%; height: 24px;\">Contrabasso:<\/td>\n<td style=\"width: 49.9392%; height: 24px;\"><\/td>\n<\/tr>\n<tr style=\"height: 24px;\">\n<td style=\"width: 49.9392%; height: 24px;\"><span style=\"font-size: 20px;\"><strong>Janne Saksala<\/strong><\/span><\/td>\n<td style=\"width: 49.9392%; height: 24px;\"><strong>Borodin<\/strong><\/td>\n<\/tr>\n<tr style=\"height: 24px;\">\n<td style=\"width: 49.9392%; height: 24px;\">(Primo Contrabbasso Berliner Philharmoniker)<\/td>\n<td style=\"width: 49.9392%; height: 24px;\"><em>String Quartet N. 2<\/em><\/td>\n<\/tr>\n<tr style=\"height: 24px;\">\n<td style=\"width: 49.9392%; height: 24px;\"><\/td>\n<td style=\"width: 49.9392%; height: 24px;\"><\/td>\n<\/tr>\n<tr style=\"height: 24px;\">\n<td style=\"width: 49.9392%; height: 24px;\">Fiati:<\/td>\n<td style=\"width: 49.9392%; height: 24px;\"><strong>Rimskij-Korsakov<\/strong><\/td>\n<\/tr>\n<tr style=\"height: 24px;\">\n<td style=\"width: 49.9392%; height: 24px;\"><span style=\"font-size: 20px;\"><strong>Marco Postinghel<\/strong><\/span><\/td>\n<td style=\"width: 49.9392%; height: 24px;\"><em>Quintet with winds<\/em><\/td>\n<\/tr>\n<tr style=\"height: 23px;\">\n<td style=\"width: 49.9392%; height: 23px;\">(Primo Fagotto Symphonieorchester des Bayerischen Rundfunks)<\/td>\n<td style=\"width: 49.9392%; height: 23px;\"><\/td>\n<\/tr>\n<tr style=\"height: 23px;\">\n<td style=\"width: 49.9392%; height: 23px;\"><\/td>\n<td style=\"width: 49.9392%; height: 23px;\"><strong>Sibelius<\/strong><\/td>\n<\/tr>\n<tr style=\"height: 24px;\">\n<td style=\"width: 49.9392%; height: 24px;\">Canto:<\/td>\n<td style=\"width: 49.9392%; height: 24px;\"><em>String Quartet<\/em><\/td>\n<\/tr>\n<tr style=\"height: 23px;\">\n<td style=\"width: 49.9392%; height: 23px;\"><span style=\"font-size: 20px;\"><strong>Camilla Tilling<\/strong><\/span><\/td>\n<td style=\"width: 49.9392%; height: 23px;\"><em>En Saga<\/em><\/td>\n<\/tr>\n<tr style=\"height: 23px;\">\n<td style=\"width: 49.9392%; height: 23px;\">(Solista)<\/td>\n<td style=\"width: 49.9392%; height: 23px;\"><\/td>\n<\/tr>\n<tr style=\"height: 23px;\">\n<td style=\"width: 49.9392%; height: 23px;\"><span style=\"font-size: 20px;\"><strong>Pauliina Tukiainen<\/strong><\/span><\/td>\n<td style=\"width: 49.9392%; height: 23px;\"><strong>Nielsen<\/strong><\/td>\n<\/tr>\n<tr style=\"height: 23px;\">\n<td style=\"width: 49.9392%; height: 23px;\">(Pianoforte, interpretazione di Lieder &#8211; Mozarteum Salzburg)<\/td>\n<td style=\"width: 49.9392%; height: 23px;\"><em>Wind Quintet<\/em><\/td>\n<\/tr>\n<\/tbody>\n<\/table>\n<\/div><\/div><\/div><div class=\"fusion-panel panel-default panel-4d0d4677db053631f fusion-toggle-no-divider fusion-toggle-boxed-mode\" style=\"--awb-title-color:#212934;--awb-content-color:#4a4e57;\"><div class=\"panel-heading\"><h4 class=\"panel-title toggle\" id=\"toggle_4d0d4677db053631f\"><a aria-expanded=\"false\" aria-controls=\"4d0d4677db053631f\" role=\"button\" data-toggle=\"collapse\" data-target=\"#4d0d4677db053631f\" href=\"#4d0d4677db053631f\"><span class=\"fusion-toggle-icon-wrapper\" aria-hidden=\"true\"><i class=\"fa-fusion-box active-icon fa-angle-double-down fas\" aria-hidden=\"true\"><\/i><i class=\"fa-fusion-box inactive-icon fa-angle-double-right fas\" aria-hidden=\"true\"><\/i><\/span><span class=\"fusion-toggle-heading\">Academy Anno secondo - 2026<\/span><\/a><\/h4><\/div><div id=\"4d0d4677db053631f\" class=\"panel-collapse collapse \" aria-labelledby=\"toggle_4d0d4677db053631f\"><div class=\"panel-body toggle-content fusion-clearfix\">\n<p><span class=\"arancio\" style=\"font-size: 36px;\"><strong>Gustav Mahler Academy 2025\/2026<\/strong><\/span><\/p>\n<p><span class=\"arancio\" style=\"font-size: 36px;\"><strong>Anno secondo<\/strong><\/span><\/p>\n<p><span style=\"font-size: 28px;\">28 agosto &#8211; 18 settembre 2026<\/span><\/p>\n<p><em><span style=\"font-size: 28px;\">originalklang project<\/span><\/em><\/p>\n<p><em><span style=\"font-size: 28px;\">Gustav Mahler e Alban Berg su strumenti d&#8217;epoca<\/span><\/em><\/p>\n<p><strong>Musica da camera<\/strong><\/p>\n<p><strong>Orchestra sinfonica<\/strong><\/p>\n<p><strong>Tour europeo<\/strong><\/p>\n<p>L&#8217;attivit\u00e0 prosegue con 50 studenti della Gustav Mahler Academy e 50 membri di eccellenti ensemble europei, che formano insieme un&#8217;orchestra che, durante il tour del 2024, ha riscosso un grande successo di pubblico e di critica ed ha entusiasmato gli ascoltatori.<\/p>\n<p>Suonando su strumenti originali viennesi del 1900 circa, messi a disposizione dall&#8217;Euregio Kulturzentrum Toblach, l&#8217;orchestra ricostruisce il suono e lo stile del primo modernismo viennese, e porta un suono nuovo e rivoluzionario nella musica di Mahler e dei suoi contemporanei. Non \u00e8 richiesta alcuna esperienza su strumenti d&#8217;epoca.<\/p>\n<table style=\"border-collapse: collapse; width: 100%; height: 448px;\">\n<tbody>\n<tr style=\"height: 24px;\">\n<td style=\"width: 50%; height: 24px;\">\n<h4><strong><span style=\"font-size: 24px;\">Repertorio 2026<\/span><\/strong><\/h4>\n<\/td>\n<td style=\"width: 50%; height: 24px;\"><\/td>\n<\/tr>\n<tr style=\"height: 24px;\">\n<td style=\"width: 50%; height: 24px;\"><strong style=\"color: #f29209;\">Mahler Academy Orchestra<\/strong><\/td>\n<td style=\"width: 50%; height: 24px;\"><strong style=\"color: #f29209;\">Chamber Music<\/strong><\/td>\n<\/tr>\n<tr style=\"height: 23px;\">\n<td style=\"width: 50%; height: 23px;\"><strong>Mahler<\/strong><\/td>\n<td style=\"width: 50%; height: 23px;\"><strong>Berg<\/strong><\/td>\n<\/tr>\n<tr style=\"height: 24px;\">\n<td style=\"width: 50%; height: 24px;\"><em>Kindertotenlieder<\/em><\/td>\n<td style=\"width: 50%; height: 24px;\"><em>Lyric Suite<\/em><\/td>\n<\/tr>\n<tr style=\"height: 24px;\">\n<td style=\"width: 50%; height: 24px;\"><\/td>\n<td style=\"width: 50%; height: 24px;\"><em>String Quartet op. 3<\/em><\/td>\n<\/tr>\n<tr style=\"height: 24px;\">\n<td style=\"width: 50%; height: 24px;\"><strong>Mahler<\/strong><\/td>\n<td style=\"width: 50%; height: 24px;\"><\/td>\n<\/tr>\n<tr style=\"height: 24px;\">\n<td style=\"width: 50%; height: 24px;\"><em>Symphonies no. 4 &amp; no. 9<\/em><\/td>\n<td style=\"width: 50%; height: 24px;\"><strong>Jan\u00e1\u010dek<\/strong><\/td>\n<\/tr>\n<tr style=\"height: 24px;\">\n<td style=\"width: 50%; height: 24px;\"><\/td>\n<td style=\"width: 50%; height: 24px;\"><em>Ml\u00e1d\u00ed &#8211; Wind Sextet<\/em><\/td>\n<\/tr>\n<tr style=\"height: 24px;\">\n<td style=\"width: 50%; height: 24px;\"><\/td>\n<td style=\"width: 50%; height: 24px;\"><\/td>\n<\/tr>\n<tr style=\"height: 24px;\">\n<td style=\"width: 50%; height: 24px;\"><\/td>\n<td style=\"width: 50%; height: 24px;\"><\/td>\n<\/tr>\n<tr style=\"height: 24px;\">\n<td style=\"width: 50%; height: 24px;\"><span style=\"font-size: 20px;\"><strong>Fleur Barron &#8211; Mezzosoprano <\/strong>(Kindertotenlieder)<\/span><\/td>\n<td style=\"width: 50%; height: 24px;\"><\/td>\n<\/tr>\n<tr style=\"height: 23px;\">\n<td style=\"width: 50%; height: 23px;\"><span style=\"font-size: 20px;\"><strong>Johanna Wallroth &#8211; Soprano <\/strong>(Mahler 4)<\/span><\/td>\n<td style=\"width: 50%; height: 23px;\"><em>\u00a0<\/em><\/td>\n<\/tr>\n<tr style=\"height: 23px;\">\n<td style=\"width: 50%; height: 23px;\"><span style=\"font-size: 20px;\"><strong>Philipp von Steinaecker &#8211; Direttore d&#8217;orchestra<\/strong><\/span><\/td>\n<td style=\"width: 50%; height: 23px;\"><em>\u00a0<\/em><\/td>\n<\/tr>\n<tr style=\"height: 23px;\">\n<td style=\"width: 50%; height: 23px;\"><\/td>\n<td style=\"width: 50%; height: 23px;\"><em>\u00a0<\/em><\/td>\n<\/tr>\n<tr style=\"height: 47px;\">\n<td style=\"width: 50%; height: 47px;\"><strong>Tour europeo:<\/strong> Amburgo, Amsterdam, Bolzano, Dobbiaco, London, Vienna, Linz, K\u00f6ln e altre<\/td>\n<td style=\"width: 50%; height: 47px;\"><em>\u00a0<\/em><\/td>\n<\/tr>\n<tr style=\"height: 23px;\">\n<td style=\"width: 50%; height: 23px;\"><strong>\u00a0<\/strong><\/td>\n<td style=\"width: 50%; height: 23px;\"><em>\u00a0<\/em><\/td>\n<\/tr>\n<tr style=\"height: 23px;\">\n<td style=\"width: 50%; height: 23px;\"><strong>\u00a0<\/strong><\/td>\n<td style=\"width: 50%; height: 23px;\"><em>\u00a0<\/em><\/td>\n<\/tr>\n<\/tbody>\n<\/table>\n<p><span style=\"text-decoration: underline; color: #f29209;\"><a style=\"color: #f29209; text-decoration: underline;\" href=\"https:\/\/philharmoniedeparis.fr\/en\/live\/1172211\">Scopri la Mahler Academy Orchestra 2024 in concerto alla Philharmonie de Paris!<\/a><\/span><\/p>\n<\/div><\/div><\/div><div class=\"fusion-panel panel-default panel-37c0dc6811c6993c2 fusion-toggle-no-divider fusion-toggle-boxed-mode\" style=\"--awb-title-color:#212934;--awb-content-color:#4a4e57;\"><div class=\"panel-heading\"><h4 class=\"panel-title toggle\" id=\"toggle_37c0dc6811c6993c2\"><a aria-expanded=\"false\" aria-controls=\"37c0dc6811c6993c2\" role=\"button\" data-toggle=\"collapse\" data-target=\"#37c0dc6811c6993c2\" href=\"#37c0dc6811c6993c2\"><span class=\"fusion-toggle-icon-wrapper\" aria-hidden=\"true\"><i class=\"fa-fusion-box active-icon fa-angle-double-down fas\" aria-hidden=\"true\"><\/i><i class=\"fa-fusion-box inactive-icon fa-angle-double-right fas\" aria-hidden=\"true\"><\/i><\/span><span class=\"fusion-toggle-heading\">Academy Voice - 2025<\/span><\/a><\/h4><\/div><div id=\"37c0dc6811c6993c2\" class=\"panel-collapse collapse \" aria-labelledby=\"toggle_37c0dc6811c6993c2\"><div class=\"panel-body toggle-content fusion-clearfix\"><span style=\"font-size: 36px;\"><strong><span class=\"arancio\">Gustav Mahler Academy 2025<\/span><\/strong><\/span><\/p>\n<p><span class=\"arancio\" style=\"font-size: 36px;\"><strong>Voce<\/strong><\/span><\/p>\n<p><span style=\"font-size: 28px;\">31 luglio &#8211; 09 agosto 2025<\/span><\/p>\n<p>Gustav Mahler ha lavorato per tutta la vita con i cantanti, scrivendo alcune delle sue opere pi\u00f9 importanti per la voce umana.<\/p>\n<p>La Gustav Mahler Academy di Bolzano riconosce questa parte della sua eredit\u00e0, aggiungendo al suo programma un corso per giovani cantanti all&#8217;inizio della loro carriera.<\/p>\n<p><span style=\"text-decoration: underline;\">La Gustav Mahler Academy comprende:<\/span><br \/>\n\u2192 Rimborso forfetario spese con vitto e alloggio<br \/>\n\u2192 Masterclass con il soprano Camilla Tilling<br \/>\n\u2192 Coaching con la pianista Pauliina Tukiainen (docente di Lied all&#8217;Universit\u00e0 Mozarteum di Salisburgo)<br \/>\n\u2192 Collaborazione con Sir John Eliot Gardiner<br \/>\n\u2192 Esecuzione di uno o pi\u00f9 R\u00fcckert Lieder di Mahler a Bolzano e Dobbiaco con la Mahler Academy Orchestra e Sir John Eliot Gardiner (previa audizione)<br \/>\n\u2192 Esecuzione di brani di Mahler e Sibelius con Pauliina Tukiainen nell&#8217;ambito dei concerti di musica da camera dell&#8217;Accademia.<\/div><\/div><\/div><\/div><\/div><\/div><\/div><\/div><\/div><div class=\"fusion-fullwidth fullwidth-box fusion-builder-row-7 fusion-flex-container has-pattern-background has-mask-background nonhundred-percent-fullwidth non-hundred-percent-height-scrolling fusion-no-medium-visibility fusion-no-large-visibility\" style=\"--awb-background-position:center top;--awb-border-radius-top-left:0px;--awb-border-radius-top-right:0px;--awb-border-radius-bottom-right:0px;--awb-border-radius-bottom-left:0px;--awb-padding-right:20px;--awb-padding-left:20px;--awb-margin-top:20px;--awb-flex-wrap:wrap;\" ><div class=\"fusion-builder-row fusion-row fusion-flex-align-items-center fusion-flex-align-content-center fusion-flex-justify-content-space-evenly fusion-flex-content-wrap\" style=\"max-width:calc( 1200px + 10px );margin-left: calc(-10px \/ 2 );margin-right: calc(-10px \/ 2 );\"><div class=\"fusion-layout-column fusion_builder_column fusion-builder-column-6 fusion_builder_column_1_1 1_1 fusion-flex-column fusion-no-medium-visibility fusion-no-large-visibility\" style=\"--awb-bg-size:cover;--awb-width-large:100%;--awb-margin-top-large:0px;--awb-spacing-right-large:5px;--awb-margin-bottom-large:60px;--awb-spacing-left-large:5px;--awb-width-medium:100%;--awb-order-medium:0;--awb-spacing-right-medium:5px;--awb-spacing-left-medium:5px;--awb-width-small:100%;--awb-order-small:0;--awb-spacing-right-small:5px;--awb-spacing-left-small:5px;\" data-scroll-devices=\"small-visibility,medium-visibility,large-visibility\"><div class=\"fusion-column-wrapper fusion-column-has-shadow fusion-flex-justify-content-flex-start fusion-content-layout-column\"><div class=\"accordian fusion-accordian\" style=\"--awb-border-size:4px;--awb-icon-size:25px;--awb-content-font-size:16px;--awb-icon-alignment:left;--awb-hover-color:#f9f9fb;--awb-border-color:#f29209;--awb-background-color:#ffffff;--awb-divider-color:var(--awb-custom16);--awb-divider-hover-color:#e2e2e2;--awb-icon-color:var(--awb-color1);--awb-title-color:#212934;--awb-content-color:#4a4e57;--awb-icon-box-color:var(--awb-custom16);--awb-toggle-hover-accent-color:var(--awb-custom16);--awb-toggle-active-accent-color:var(--awb-custom16);--awb-title-font-family:-apple-system, BlinkMacSystemFont, &#039;Segoe UI&#039;, Roboto, Oxygen-Sans, Ubuntu, Cantarell, &#039;Helvetica Neue&#039; ,sans-serif;--awb-title-font-weight:400;--awb-title-font-style:normal;--awb-title-font-size:24px;--awb-title-letter-spacing:var(--awb-typography3-letter-spacing);--awb-title-line-height:var(--awb-typography3-line-height);--awb-title-text-transform:none;--awb-content-font-family:&quot;Inter&quot;;--awb-content-font-style:normal;--awb-content-font-weight:regular;\"><div class=\"panel-group fusion-toggle-icon-boxed\" id=\"accordion-7541-2\"><div class=\"fusion-panel panel-default panel-7a5951b26af20d5d4 fusion-toggle-no-divider fusion-toggle-boxed-mode\" style=\"--awb-title-color:#212934;--awb-content-color:#4a4e57;\"><div class=\"panel-heading\"><h4 class=\"panel-title toggle\" id=\"toggle_7a5951b26af20d5d4\"><a aria-expanded=\"false\" aria-controls=\"7a5951b26af20d5d4\" role=\"button\" data-toggle=\"collapse\" data-target=\"#7a5951b26af20d5d4\" href=\"#7a5951b26af20d5d4\"><span class=\"fusion-toggle-icon-wrapper\" aria-hidden=\"true\"><i class=\"fa-fusion-box active-icon fa-angle-double-down fas\" aria-hidden=\"true\"><\/i><i class=\"fa-fusion-box inactive-icon fa-angle-double-right fas\" aria-hidden=\"true\"><\/i><\/span><span class=\"fusion-toggle-heading\">Academy Anno primo - 2025<\/span><\/a><\/h4><\/div><div id=\"7a5951b26af20d5d4\" class=\"panel-collapse collapse \" aria-labelledby=\"toggle_7a5951b26af20d5d4\"><div class=\"panel-body toggle-content fusion-clearfix\">\n<p><span style=\"font-size: 36px;\"><strong><span class=\"arancio\">Gustav Mahler Academy 2025\/2026<\/span><\/strong><\/span><\/p>\n<p><span class=\"arancio\" style=\"font-size: 36px;\"><strong>Anno primo <\/strong><\/span><\/p>\n<p><span style=\"font-size: 28px;\">22 luglio &#8211; 10 agosto 2025<\/span><\/p>\n<p><span style=\"font-size: 28px;\"><em>Sibelius e i Russi<\/em><\/span><\/p>\n<p><strong><br \/>\nMasterclasses<\/strong><\/p>\n<p><strong>Musica da camera<\/strong><\/p>\n<p><strong>Orchestra da camera<\/strong><\/p>\n<p>La Gustav Mahler Academy si apre con una settimana di masterclass con eccellenti solisti, musicisti da camera e prime parti d&#8217;orchestra. Gli studenti si immergono in un&#8217;intensa sessione di musica da camera, che esplora il glorioso repertorio cameristico russo e il suo legame con la musica di Jean Sibelius. Nella Mahler Academy Orchestra gli studenti suonano fianco a fianco con la Mahler Chamber Orchestra.<\/p>\n<table style=\"border-collapse: collapse; width: 100%; height: 1596px;\">\n<tbody>\n<tr style=\"height: 24px;\">\n<td style=\"height: 78px; width: 49.9392%;\">\n<h4><span style=\"font-size: 24px;\">Guest Faculty 2025<\/span><\/h4>\n<\/td>\n<\/tr>\n<tr style=\"height: 23px;\">\n<td style=\"width: 49.9392%; height: 23px;\"><span style=\"text-decoration: underline;\"><strong>Resident Tutors<\/strong><\/span><\/td>\n<\/tr>\n<tr style=\"height: 23px;\">\n<td style=\"width: 49.9392%; height: 23px;\"><span style=\"font-size: 20px;\"><strong>Mahler Chamber Orchestra<\/strong><\/span><\/td>\n<\/tr>\n<tr style=\"height: 23px;\">\n<td style=\"width: 49.9392%; height: 23px;\"><\/td>\n<\/tr>\n<tr style=\"height: 24px;\">\n<td style=\"width: 49.9392%; height: 24px;\">Violino:<\/td>\n<\/tr>\n<tr style=\"height: 24px;\">\n<td style=\"width: 49.9392%; height: 24px;\"><span style=\"font-size: 20px;\"><strong>Michael Barenboim<\/strong><\/span><\/td>\n<\/tr>\n<tr style=\"height: 24px;\">\n<td style=\"width: 49.9392%; height: 10px;\">(Solista, Barenboim-Said Academy)<\/td>\n<\/tr>\n<tr style=\"height: 24px;\">\n<td style=\"width: 49.9392%; height: 24px;\"><span style=\"font-size: 20px;\"><strong>Andrea Obiso<\/strong><\/span><\/td>\n<\/tr>\n<tr style=\"height: 24px;\">\n<td style=\"width: 49.9392%; height: 24px;\">(Spalla Accademia di Santa Cecilia)<\/td>\n<\/tr>\n<tr style=\"height: 24px;\">\n<td style=\"width: 49.9392%; height: 24px;\"><\/td>\n<\/tr>\n<tr style=\"height: 24px;\">\n<td style=\"width: 49.9392%; height: 24px;\">Viola:<\/td>\n<\/tr>\n<tr style=\"height: 24px;\">\n<td style=\"width: 49.9392%; height: 24px;\"><span style=\"font-size: 20px;\"><strong>Veronika Hagen<\/strong><\/span><\/td>\n<\/tr>\n<tr style=\"height: 24px;\">\n<td style=\"width: 49.9392%; height: 24px;\">(Quartetto Hagen)<\/td>\n<\/tr>\n<tr style=\"height: 24px;\">\n<td style=\"width: 49.9392%; height: 24px;\"><\/td>\n<\/tr>\n<tr style=\"height: 24px;\">\n<td style=\"width: 49.9392%; height: 24px;\">Violoncello:<\/td>\n<\/tr>\n<tr style=\"height: 24px;\">\n<td style=\"width: 49.9392%; height: 24px;\"><span style=\"font-size: 20px;\"><strong>Floris Mijnders<\/strong><\/span><\/td>\n<\/tr>\n<tr style=\"height: 24px;\">\n<td style=\"width: 49.9392%; height: 24px;\">(Primo Violoncello M\u00fcnchner Philharmoniker)<\/td>\n<\/tr>\n<tr style=\"height: 24px;\">\n<td style=\"width: 49.9392%; height: 24px;\"><\/td>\n<\/tr>\n<tr style=\"height: 24px;\">\n<td style=\"width: 49.9392%; height: 24px;\">Contrabasso:<\/td>\n<\/tr>\n<tr style=\"height: 24px;\">\n<td style=\"width: 49.9392%; height: 24px;\"><span style=\"font-size: 20px;\"><strong>Janne Saksala<\/strong><\/span><\/td>\n<\/tr>\n<tr style=\"height: 24px;\">\n<td style=\"width: 49.9392%; height: 24px;\">(Primo Contrabbasso Berliner Philharmoniker)<\/td>\n<\/tr>\n<tr style=\"height: 24px;\">\n<td style=\"width: 49.9392%; height: 24px;\"><\/td>\n<\/tr>\n<tr style=\"height: 24px;\">\n<td style=\"width: 49.9392%; height: 24px;\">Fiati:<\/td>\n<\/tr>\n<tr style=\"height: 24px;\">\n<td style=\"width: 49.9392%; height: 24px;\"><span style=\"font-size: 20px;\"><strong>Marco Postinghel<\/strong><\/span><\/td>\n<\/tr>\n<tr style=\"height: 23px;\">\n<td style=\"width: 49.9392%; height: 23px;\">(Primo Fagotto Symphonieorchester des Bayerischen Rundfunks)<\/td>\n<\/tr>\n<tr style=\"height: 23px;\">\n<td style=\"width: 49.9392%; height: 23px;\"><\/td>\n<\/tr>\n<tr style=\"height: 24px;\">\n<td style=\"width: 49.9392%; height: 24px;\">Canto:<\/td>\n<\/tr>\n<tr style=\"height: 23px;\">\n<td style=\"width: 49.9392%; height: 23px;\"><span style=\"font-size: 20px;\"><strong>Camilla Tilling<\/strong><\/span><\/td>\n<\/tr>\n<tr style=\"height: 23px;\">\n<td style=\"width: 49.9392%; height: 23px;\">(Solista)<\/td>\n<\/tr>\n<tr style=\"height: 23px;\">\n<td style=\"width: 49.9392%; height: 23px;\"><span style=\"font-size: 20px;\"><strong>Pauliina Tukiainen<\/strong><\/span><\/td>\n<\/tr>\n<tr style=\"height: 23px;\">\n<td style=\"width: 49.9392%; height: 23px;\">(Pianoforte, interpretazione di Lieder &#8211;\u00a0Mozarteum Salzburg)<\/td>\n<\/tr>\n<tr style=\"height: 23px;\">\n<td style=\"width: 49.9392%; height: 23px;\"><\/td>\n<\/tr>\n<tr style=\"height: 23px;\">\n<td style=\"width: 49.9392%; height: 23px;\"><\/td>\n<\/tr>\n<tr style=\"height: 78px;\">\n<td style=\"height: 78px; width: 49.9392%;\">\n<h4><span style=\"font-size: 24px;\">Repertorio 2025<\/span><\/h4>\n<\/td>\n<\/tr>\n<tr style=\"height: 23px;\">\n<td style=\"width: 49.9392%; height: 23px;\"><span class=\"arancio\"><strong>Mahler Academy Orchestra<\/strong><strong><br \/>\n<\/strong><\/span><\/td>\n<\/tr>\n<tr style=\"height: 23px;\">\n<td style=\"width: 49.9392%; height: 23px;\"><strong>Mahler<\/strong><\/td>\n<\/tr>\n<tr style=\"height: 23px;\">\n<td style=\"width: 49.9392%; height: 23px;\"><em>R\u00fcckert Lieder<\/em><\/td>\n<\/tr>\n<tr style=\"height: 24px;\">\n<td style=\"width: 49.9392%; height: 24px;\"><\/td>\n<\/tr>\n<tr style=\"height: 24px;\">\n<td style=\"width: 49.9392%; height: 24px;\"><strong>Sibelius<\/strong><\/td>\n<\/tr>\n<tr style=\"height: 10px;\">\n<td style=\"width: 49.9392%; height: 10px;\"><em>Symphony N. 2<\/em><\/td>\n<\/tr>\n<tr style=\"height: 24px;\">\n<td style=\"width: 49.9392%; height: 24px;\"><\/td>\n<\/tr>\n<tr style=\"height: 24px;\">\n<td style=\"width: 49.9392%; height: 24px;\"><span style=\"font-size: 20px;\"><strong>Sir John Eliot Gardiner &#8211; Direttore d&#8217;orchestra<\/strong><\/span><\/td>\n<\/tr>\n<tr style=\"height: 24px;\">\n<td style=\"width: 49.9392%; height: 24px;\"><\/td>\n<\/tr>\n<tr style=\"height: 24px;\">\n<td style=\"width: 49.9392%; height: 24px;\"><strong style=\"color: #f29209;\">Chamber Music<\/strong><\/td>\n<\/tr>\n<tr style=\"height: 24px;\">\n<td style=\"width: 49.9392%; height: 24px;\"><strong>Tchaikovsky<\/strong><\/td>\n<\/tr>\n<tr style=\"height: 24px;\">\n<td style=\"width: 49.9392%; height: 24px;\"><em>String Quartets N. 1-3<\/em><\/td>\n<\/tr>\n<tr style=\"height: 24px;\">\n<td style=\"width: 49.9392%; height: 24px;\"><em>String Sextet &#8220;Souvenir de Florence&#8221;<\/em><\/td>\n<\/tr>\n<tr style=\"height: 24px;\">\n<td style=\"width: 49.9392%; height: 24px;\"><em>Piano Trio<\/em><\/td>\n<\/tr>\n<tr style=\"height: 24px;\">\n<td style=\"width: 49.9392%; height: 24px;\"><\/td>\n<\/tr>\n<tr style=\"height: 24px;\">\n<td style=\"width: 49.9392%; height: 24px;\"><strong>Arensky<\/strong><\/td>\n<\/tr>\n<tr style=\"height: 24px;\">\n<td style=\"width: 49.9392%; height: 24px;\"><em>String Quartet<\/em><\/td>\n<\/tr>\n<tr style=\"height: 24px;\">\n<td style=\"width: 49.9392%; height: 24px;\"><\/td>\n<\/tr>\n<tr style=\"height: 24px;\">\n<td style=\"width: 49.9392%; height: 24px;\"><strong>Borodin<\/strong><\/td>\n<\/tr>\n<tr style=\"height: 24px;\">\n<td style=\"width: 49.9392%; height: 24px;\"><em>String Quartet N. 2<\/em><\/td>\n<\/tr>\n<tr style=\"height: 24px;\">\n<td style=\"width: 49.9392%; height: 24px;\"><\/td>\n<\/tr>\n<tr style=\"height: 24px;\">\n<td style=\"width: 49.9392%; height: 24px;\"><strong>Rimskij-Korsakov<\/strong><\/td>\n<\/tr>\n<tr style=\"height: 24px;\">\n<td style=\"width: 49.9392%; height: 24px;\"><em>Quintet with winds<\/em><\/td>\n<\/tr>\n<tr style=\"height: 23px;\">\n<td style=\"width: 49.9392%; height: 23px;\"><\/td>\n<\/tr>\n<tr style=\"height: 23px;\">\n<td style=\"width: 49.9392%; height: 23px;\"><strong>Sibelius<\/strong><\/td>\n<\/tr>\n<tr style=\"height: 24px;\">\n<td style=\"width: 49.9392%; height: 24px;\"><em>String Quartet<\/em><\/td>\n<\/tr>\n<tr style=\"height: 23px;\">\n<td style=\"width: 49.9392%; height: 23px;\"><em>En Saga<\/em><\/td>\n<\/tr>\n<tr style=\"height: 23px;\">\n<td style=\"width: 49.9392%; height: 23px;\"><\/td>\n<\/tr>\n<tr style=\"height: 23px;\">\n<td style=\"width: 49.9392%; height: 23px;\"><strong>Nielsen<\/strong><\/td>\n<\/tr>\n<tr style=\"height: 23px;\">\n<td style=\"width: 49.9392%; height: 23px;\"><em>Wind Quintet<\/em><\/td>\n<\/tr>\n<\/tbody>\n<\/table>\n<\/div><\/div><\/div><div class=\"fusion-panel panel-default panel-dd8c2a8ff3b801675 fusion-toggle-no-divider fusion-toggle-boxed-mode\" style=\"--awb-title-color:#212934;--awb-content-color:#4a4e57;\"><div class=\"panel-heading\"><h4 class=\"panel-title toggle\" id=\"toggle_dd8c2a8ff3b801675\"><a aria-expanded=\"false\" aria-controls=\"dd8c2a8ff3b801675\" role=\"button\" data-toggle=\"collapse\" data-target=\"#dd8c2a8ff3b801675\" href=\"#dd8c2a8ff3b801675\"><span class=\"fusion-toggle-icon-wrapper\" aria-hidden=\"true\"><i class=\"fa-fusion-box active-icon fa-angle-double-down fas\" aria-hidden=\"true\"><\/i><i class=\"fa-fusion-box inactive-icon fa-angle-double-right fas\" aria-hidden=\"true\"><\/i><\/span><span class=\"fusion-toggle-heading\">Academy Anno secondo - 2026<\/span><\/a><\/h4><\/div><div id=\"dd8c2a8ff3b801675\" class=\"panel-collapse collapse \" aria-labelledby=\"toggle_dd8c2a8ff3b801675\"><div class=\"panel-body toggle-content fusion-clearfix\"><span class=\"arancio\" style=\"font-size: 36px;\"><strong>Gustav Mahler Academy 2025\/2026<\/strong><\/span><\/p>\n<p><span class=\"arancio\" style=\"font-size: 36px;\"><strong>Anno secondo<\/strong><\/span><\/p>\n<p><span style=\"font-size: 28px;\">28 agosto &#8211; 18 settembre 2026<\/span><\/p>\n<p><em><span style=\"font-size: 28px;\">originalklang project<\/span><\/em><\/p>\n<p><em><span style=\"font-size: 28px;\">Gustav Mahler e Alban Berg su strumenti d&#8217;epoca<\/span><\/em><\/p>\n<p><strong>Musica da camera<\/strong><\/p>\n<p><strong>Orchestra sinfonica<\/strong><\/p>\n<p><strong>Tour europeo<\/strong><\/p>\n<p>L&#8217;attivit\u00e0 prosegue con prosegue con 50 studenti della Gustav Mahler Academy e 50 membri di eccellenti ensemble europei, che formano insieme un&#8217;orchestra che, durante il tour del 2024, ha riscosso un grande successo di pubblico e di critica ed ha entusiasmato gli ascoltatori.<\/p>\n<p>Suonando su strumenti originali viennesi del 1900 circa, messi a disposizione dall&#8217;Euregio Kulturzentrum Toblach, l&#8217;orchestra ricostruisce il suono e lo stile del primo modernismo viennese, e porta un suono nuovo e rivoluzionario nella musica di Mahler e dei suoi contemporanei. Non \u00e8 richiesta alcuna esperienza su strumenti d&#8217;epoca.<\/p>\n<table style=\"border-collapse: collapse; width: 100%; height: 592px;\">\n<tbody>\n<tr style=\"height: 24px;\">\n<td style=\"width: 50%; height: 24px;\">\n<h4><strong><span style=\"font-size: 24px;\">Repertorio 2026<\/span><\/strong><\/h4>\n<\/td>\n<\/tr>\n<tr style=\"height: 24px;\">\n<td style=\"width: 50%; height: 24px;\"><strong style=\"color: #f29209;\">Mahler Academy Orchestra<\/strong><\/td>\n<\/tr>\n<tr style=\"height: 23px;\">\n<td style=\"width: 50%; height: 23px;\"><strong>Berg<\/strong><\/td>\n<\/tr>\n<tr style=\"height: 24px;\">\n<td style=\"width: 50%; height: 24px;\"><em>Violin Concerto<\/em><\/td>\n<\/tr>\n<tr style=\"height: 24px;\">\n<td style=\"width: 50%; height: 24px;\"><\/td>\n<\/tr>\n<tr style=\"height: 24px;\">\n<td style=\"width: 50%; height: 24px;\"><strong>Mahler<\/strong><\/td>\n<\/tr>\n<tr style=\"height: 24px;\">\n<td style=\"width: 50%; height: 24px;\"><em>Kindertotenlieder<\/em><\/td>\n<\/tr>\n<tr style=\"height: 24px;\">\n<td style=\"width: 50%; height: 24px;\"><\/td>\n<\/tr>\n<tr style=\"height: 24px;\">\n<td style=\"width: 50%; height: 24px;\"><strong>Mahler<\/strong><\/td>\n<\/tr>\n<tr style=\"height: 24px;\">\n<td style=\"width: 50%; height: 24px;\"><em>Symphonies N. 1 &amp; N. 9 (tbc.)<\/em><\/td>\n<\/tr>\n<tr style=\"height: 24px;\">\n<td style=\"width: 50%; height: 24px;\"><\/td>\n<\/tr>\n<tr style=\"height: 23px;\">\n<td style=\"width: 50%; height: 23px;\"><span style=\"font-size: 20px;\"><strong>Patricia Kopatchinskaja &#8211; Violino<\/strong><\/span><\/td>\n<\/tr>\n<tr style=\"height: 23px;\">\n<td style=\"width: 50%; height: 23px;\"><span style=\"font-size: 20px;\"><strong>Philipp von Steinaecker &#8211; Direttore d&#8217;orchestra<\/strong><\/span><\/td>\n<\/tr>\n<tr style=\"height: 23px;\">\n<td style=\"width: 50%; height: 23px;\"><\/td>\n<\/tr>\n<tr style=\"height: 47px;\">\n<td style=\"width: 50%; height: 47px;\"><strong>Tour europeo:<\/strong> Amburgo, Amsterdam, Bolzano, Dobbiaco, Paris, Vienna e altre<\/td>\n<\/tr>\n<tr style=\"height: 23px;\">\n<td style=\"width: 50%; height: 23px;\"><strong>\u00a0<\/strong><\/td>\n<\/tr>\n<tr style=\"height: 23px;\">\n<td style=\"width: 50%; height: 23px;\"><strong>\u00a0<\/strong><\/td>\n<\/tr>\n<tr style=\"height: 24px;\">\n<td style=\"width: 50%; height: 24px;\"><strong style=\"color: #f29209;\">Chamber Music<\/strong><\/td>\n<\/tr>\n<tr style=\"height: 23px;\">\n<td style=\"width: 50%; height: 23px;\"><strong>Berg<\/strong><\/td>\n<\/tr>\n<tr style=\"height: 24px;\">\n<td style=\"width: 50%; height: 24px;\"><em>Lyric Suite<\/em><\/td>\n<\/tr>\n<tr style=\"height: 24px;\">\n<td style=\"width: 50%; height: 24px;\"><em>String Quartet op. 3<\/em><\/td>\n<\/tr>\n<tr style=\"height: 24px;\">\n<td style=\"width: 50%; height: 24px;\"><\/td>\n<\/tr>\n<tr style=\"height: 24px;\">\n<td style=\"width: 50%; height: 24px;\"><strong>Jan\u00e1\u010dek<\/strong><\/td>\n<\/tr>\n<tr style=\"height: 24px;\">\n<td style=\"width: 50%; height: 24px;\"><em>Ml\u00e1d\u00ed &#8211; Wind Sextet<\/em><\/td>\n<\/tr>\n<tr>\n<td style=\"width: 50%;\"><em>\u00a0<\/em><\/td>\n<\/tr>\n<tr>\n<td style=\"width: 50%;\"><em>\u00a0<\/em><\/td>\n<\/tr>\n<\/tbody>\n<\/table>\n<p><span style=\"text-decoration: underline; color: #f29209;\"><a style=\"color: #f29209; text-decoration: underline;\" href=\"https:\/\/philharmoniedeparis.fr\/en\/live\/1172211\">Scopri la Mahler Academy Orchestra 2024 in concerto alla Philharmonie de Paris!<\/a><\/span><\/div><\/div><\/div><div class=\"fusion-panel panel-default panel-36a0a099b589d455f fusion-toggle-no-divider fusion-toggle-boxed-mode\" style=\"--awb-title-color:#212934;--awb-content-color:#4a4e57;\"><div class=\"panel-heading\"><h4 class=\"panel-title toggle\" id=\"toggle_36a0a099b589d455f\"><a aria-expanded=\"false\" aria-controls=\"36a0a099b589d455f\" role=\"button\" data-toggle=\"collapse\" data-target=\"#36a0a099b589d455f\" href=\"#36a0a099b589d455f\"><span class=\"fusion-toggle-icon-wrapper\" aria-hidden=\"true\"><i class=\"fa-fusion-box active-icon fa-angle-double-down fas\" aria-hidden=\"true\"><\/i><i class=\"fa-fusion-box inactive-icon fa-angle-double-right fas\" aria-hidden=\"true\"><\/i><\/span><span class=\"fusion-toggle-heading\">Academy Voice - 2025<\/span><\/a><\/h4><\/div><div id=\"36a0a099b589d455f\" class=\"panel-collapse collapse \" aria-labelledby=\"toggle_36a0a099b589d455f\"><div class=\"panel-body toggle-content fusion-clearfix\"><span style=\"font-size: 36px;\"><strong><span class=\"arancio\">Gustav Mahler Academy 2025<\/span><\/strong><\/span><\/p>\n<p><span class=\"arancio\" style=\"font-size: 36px;\"><strong>Voce<\/strong><\/span><\/p>\n<p><span style=\"font-size: 28px;\">31 luglio &#8211; 09 agosto 2025<\/span><\/p>\n<p>Gustav Mahler ha lavorato per tutta la vita con i cantanti, scrivendo alcune delle sue opere pi\u00f9 importanti per la voce umana.<\/p>\n<p>La Gustav Mahler Academy di Bolzano riconosce questa parte della sua eredit\u00e0, aggiungendo al suo programma un corso per giovani cantanti all&#8217;inizio della loro carriera.<\/p>\n<p><span style=\"text-decoration: underline;\">La Gustav Mahler Academy comprende:<\/span><br \/>\n\u2192 Rimborso forfetario spese con vitto e alloggio<br \/>\n\u2192 Masterclass con il soprano Camilla Tilling<br \/>\n\u2192 Coaching con la pianista Pauliina Tukiainen (docente di Lied all&#8217;Universit\u00e0 Mozarteum di Salisburgo)<br \/>\n\u2192 Collaborazione con Sir John Eliot Gardiner<br \/>\n\u2192 Esecuzione di uno o pi\u00f9 R\u00fcckert Lieder di Mahler a Bolzano e Dobbiaco con la Mahler Academy Orchestra e Sir John Eliot Gardiner (previa audizione)<br \/>\n\u2192 Esecuzione di brani di Mahler e Sibelius con Pauliina Tukiainen nell&#8217;ambito dei concerti di musica da camera dell&#8217;Accademia.<\/div><\/div><\/div><\/div><\/div><\/div><\/div><\/div><\/div><div class=\"fusion-fullwidth fullwidth-box fusion-builder-row-8 fusion-flex-container has-pattern-background has-mask-background nonhundred-percent-fullwidth non-hundred-percent-height-scrolling\" style=\"--awb-border-radius-top-left:0px;--awb-border-radius-top-right:0px;--awb-border-radius-bottom-right:0px;--awb-border-radius-bottom-left:0px;--awb-padding-right:30px;--awb-padding-left:30px;--awb-flex-wrap:wrap;\" ><div class=\"fusion-builder-row fusion-row fusion-flex-align-items-flex-start fusion-flex-content-wrap\" style=\"max-width:1248px;margin-left: calc(-4% \/ 2 );margin-right: calc(-4% \/ 2 );\"><div class=\"fusion-layout-column fusion_builder_column fusion-builder-column-7 fusion_builder_column_1_1 1_1 fusion-flex-column\" style=\"--awb-bg-size:cover;--awb-width-large:100%;--awb-margin-top-large:0px;--awb-spacing-right-large:1.92%;--awb-margin-bottom-large:20px;--awb-spacing-left-large:1.92%;--awb-width-medium:100%;--awb-order-medium:0;--awb-spacing-right-medium:1.92%;--awb-spacing-left-medium:1.92%;--awb-width-small:100%;--awb-order-small:0;--awb-spacing-right-small:1.92%;--awb-spacing-left-small:1.92%;\"><div class=\"fusion-column-wrapper fusion-column-has-shadow fusion-flex-justify-content-flex-start fusion-content-layout-column\"><div class=\"fusion-title title fusion-title-1 fusion-sep-none fusion-title-center fusion-title-text fusion-title-size-two\" style=\"--awb-text-color:var(--awb-custom12);--awb-margin-top-small:10px;--awb-margin-right-small:0px;--awb-margin-bottom-small:10px;--awb-margin-left-small:0px;\"><h2 class=\"fusion-title-heading title-heading-center\" style=\"margin:0;\"><strong>Mahler Academy Orchestra Tour 2026<\/strong><\/h2><\/div><div class=\"fusion-flip-boxes flip-boxes row fusion-columns-3 flip-effect-classic\"><div class=\"fusion-flip-box-wrapper fusion-column col-lg-4 col-md-4 col-sm-4\"><div class=\"fusion-flip-box flip-right\" tabindex=\"0\"><div class=\"flip-box-inner-wrapper\"><div class=\"flip-box-front\" style=\"--awb-title-front-color:var(--awb-color1);--awb-text-front-color:var(--awb-color1);--awb-background-image-front:url(&#039;https:\/\/www.busoni-mahler.eu\/academy\/wp-content\/uploads\/2024\/10\/HQ_ac_bm_240910_MAO-63-300x200.jpg&#039;);\"><div class=\"flip-box-front-inner\"><h2 class=\"flip-box-heading\">Bolzano<\/h2>04\/09\/2026<\/div><\/div><div class=\"flip-box-back\" style=\"--awb-background-color-back:var(--awb-custom12);--awb-title-back-color:#000000;--awb-text-back-color:var(--awb-color8);\"><div class=\"flip-box-back-inner\"><h3 class=\"flip-box-heading-back\">Teatro Comunale<\/h3>\n<p><a href=\"https:\/\/www.bolzanofestivalbozen.eu\/it\/events\/mao-4-9-2026-it\/\" target=\"_blank\" rel=\"noopener\"><span style=\"text-decoration: underline;\">Acquista<\/span><\/a><\/p>\n<\/div><\/div><\/div><\/div><\/div><div class=\"fusion-flip-box-wrapper fusion-column col-lg-4 col-md-4 col-sm-4\"><div class=\"fusion-flip-box flip-right\" tabindex=\"0\"><div class=\"flip-box-inner-wrapper\"><div class=\"flip-box-front\" style=\"--awb-title-front-color:var(--awb-color1);--awb-text-front-color:var(--awb-color1);--awb-background-image-front:url(&#039;https:\/\/www.busoni-mahler.eu\/academy\/wp-content\/uploads\/2026\/05\/4-300x204.webp&#039;);\"><div class=\"flip-box-front-inner\"><h2 class=\"flip-box-heading\">Dobbiaco<\/h2>05\/09\/2026<\/div><\/div><div class=\"flip-box-back\" style=\"--awb-background-color-back:var(--awb-custom12);--awb-title-back-color:var(--awb-color8);--awb-text-back-color:#000000;\"><div class=\"flip-box-back-inner\"><h3 class=\"flip-box-heading-back\">Sala Mahler<\/h3>\n<p><a href=\"https:\/\/www.ticket.bz.it\/application.aspx?id=9134\" target=\"_blank\" rel=\"noopener\"><span style=\"text-decoration: underline;\">Acquista<\/span><\/a><\/p>\n<\/div><\/div><\/div><\/div><\/div><div class=\"fusion-flip-box-wrapper fusion-column col-lg-4 col-md-4 col-sm-4\"><div class=\"fusion-flip-box flip-right\" tabindex=\"0\"><div class=\"flip-box-inner-wrapper\"><div class=\"flip-box-front\" style=\"--awb-title-front-color:var(--awb-color1);--awb-text-front-color:var(--awb-color1);--awb-background-image-front:url(&#039;https:\/\/www.busoni-mahler.eu\/academy\/wp-content\/uploads\/2026\/05\/9-300x204.webp&#039;);\"><div class=\"flip-box-front-inner\"><h2 class=\"flip-box-heading\">Milano<\/h2>09\/09\/2026<\/div><\/div><div class=\"flip-box-back\" style=\"--awb-background-color-back:var(--awb-custom12);--awb-title-back-color:var(--awb-color8);--awb-text-back-color:var(--awb-color8);\"><div class=\"flip-box-back-inner\"><h3 class=\"flip-box-heading-back\">Stresa Festival<\/h3>\n<p><span style=\"text-decoration: underline;\"><a href=\"https:\/\/www.stresafestival.eu\/festival\/mahler\/\" target=\"_blank\" rel=\"noopener\">Acquista<\/a><\/span><\/p>\n<\/div><\/div><\/div><\/div><\/div><div class=\"fusion-flip-box-wrapper fusion-column col-lg-4 col-md-4 col-sm-4\"><div class=\"fusion-flip-box flip-right\" tabindex=\"0\"><div class=\"flip-box-inner-wrapper\"><div class=\"flip-box-front\" style=\"--awb-title-front-color:var(--awb-color1);--awb-text-front-color:var(--awb-color1);--awb-background-image-front:url(&#039;https:\/\/www.busoni-mahler.eu\/academy\/wp-content\/uploads\/2024\/10\/ac_230731_leon-pintscher-06019-1-300x200.jpg&#039;);\"><div class=\"flip-box-front-inner\"><h2 class=\"flip-box-heading\">Londra<\/h2>11\/09\/2026<\/div><\/div><div class=\"flip-box-back\" style=\"--awb-background-color-back:var(--awb-custom12);--awb-title-back-color:var(--awb-color8);--awb-text-back-color:var(--awb-color8);\"><div class=\"flip-box-back-inner\"><h3 class=\"flip-box-heading-back\">BBC Proms<\/h3>\n<p><a href=\"https:\/\/www.royalalberthall.com\/tickets\/proms\/bbc-proms-2026\/mahlers-ninth-with-the-mahler-academy-orchestra\" target=\"_blank\" rel=\"noopener\"><span style=\"text-decoration: underline;\">Acquista<\/span><\/a><\/p>\n<\/div><\/div><\/div><\/div><\/div><div class=\"fusion-flip-box-wrapper fusion-column col-lg-4 col-md-4 col-sm-4\"><div class=\"fusion-flip-box flip-right\" tabindex=\"0\"><div class=\"flip-box-inner-wrapper\"><div class=\"flip-box-front\" style=\"--awb-title-front-color:var(--awb-color1);--awb-text-front-color:var(--awb-color1);--awb-background-image-front:url(&#039;https:\/\/www.busoni-mahler.eu\/academy\/wp-content\/uploads\/2026\/05\/10-300x204.webp&#039;);\"><div class=\"flip-box-front-inner\"><h2 class=\"flip-box-heading\">Colonia<\/h2>12\/09\/2026<\/div><\/div><div class=\"flip-box-back\" style=\"--awb-background-color-back:var(--awb-custom12);--awb-title-back-color:var(--awb-color8);--awb-text-back-color:var(--awb-color8);\"><div class=\"flip-box-back-inner\"><h3 class=\"flip-box-heading-back\">K\u00f6lner Philharmonie<\/h3>\n<p><a href=\"https:\/\/www.koelner-philharmonie.de\/en\/events\/mahler-academy-orchestra-philipp-von-steinaecker\/9132\" target=\"_blank\" rel=\"noopener\"><span style=\"text-decoration: underline;\">Acquista<\/span><\/a><\/p>\n<\/div><\/div><\/div><\/div><\/div><div class=\"fusion-flip-box-wrapper fusion-column col-lg-4 col-md-4 col-sm-4\"><div class=\"fusion-flip-box flip-right\" tabindex=\"0\"><div class=\"flip-box-inner-wrapper\"><div class=\"flip-box-front\" style=\"--awb-title-front-color:var(--awb-color1);--awb-text-front-color:var(--awb-color1);--awb-background-image-front:url(&#039;https:\/\/www.busoni-mahler.eu\/academy\/wp-content\/uploads\/2026\/05\/5-300x204.webp&#039;);\"><div class=\"flip-box-front-inner\"><h2 class=\"flip-box-heading\">Amsterdam<\/h2>14\/09\/2026<\/div><\/div><div class=\"flip-box-back\" style=\"--awb-background-color-back:var(--awb-custom12);--awb-title-back-color:var(--awb-color8);--awb-text-back-color:var(--awb-color8);\"><div class=\"flip-box-back-inner\"><h3 class=\"flip-box-heading-back\">Concertgebouw<\/h3>\n<p><a href=\"https:\/\/www.concertgebouw.nl\/en\/concerts\/38466033-mahler-academy-orchestra-mahlers-symphony-no.-9\" target=\"_blank\" rel=\"noopener\"><span style=\"text-decoration: underline;\">Acquista<\/span><\/a><\/p>\n<\/div><\/div><\/div><\/div><\/div><div class=\"fusion-flip-box-wrapper fusion-column col-lg-4 col-md-4 col-sm-4\"><div class=\"fusion-flip-box flip-right\" tabindex=\"0\"><div class=\"flip-box-inner-wrapper\"><div class=\"flip-box-front\" style=\"--awb-title-front-color:var(--awb-color1);--awb-text-front-color:var(--awb-color1);--awb-background-image-front:url(&#039;https:\/\/www.busoni-mahler.eu\/academy\/wp-content\/uploads\/2026\/05\/12-300x204.webp&#039;);\"><div class=\"flip-box-front-inner\"><h2 class=\"flip-box-heading\">Linz<\/h2>16\/09\/2026<\/div><\/div><div class=\"flip-box-back\" style=\"--awb-background-color-back:var(--awb-custom12);--awb-title-back-color:var(--awb-color8);--awb-text-back-color:var(--awb-color8);\"><div class=\"flip-box-back-inner\"><h3 class=\"flip-box-heading-back\">Brucknerhaus<\/h3>\n<p><a href=\"https:\/\/www.brucknerhaus.at\/programm\/veranstaltungen\/steinaecker-barron-mahler-academy-orchestra-16.09.2026-19-30\" target=\"_blank\" rel=\"noopener\"><span style=\"text-decoration: underline;\">Acquista<\/span><\/a><\/p>\n<\/div><\/div><\/div><\/div><\/div><div class=\"fusion-flip-box-wrapper fusion-column col-lg-4 col-md-4 col-sm-4\"><div class=\"fusion-flip-box flip-right\" tabindex=\"0\"><div class=\"flip-box-inner-wrapper\"><div class=\"flip-box-front\" style=\"--awb-title-front-color:var(--awb-color1);--awb-text-front-color:var(--awb-color1);--awb-background-image-front:url(&#039;https:\/\/www.busoni-mahler.eu\/academy\/wp-content\/uploads\/2026\/05\/8-300x204.webp&#039;);\"><div class=\"flip-box-front-inner\"><h2 class=\"flip-box-heading\">Vienna<\/h2>17\/09\/2026<\/div><\/div><div class=\"flip-box-back\" style=\"--awb-background-color-back:var(--awb-custom12);--awb-title-back-color:var(--awb-color8);--awb-text-back-color:var(--awb-color8);\"><div class=\"flip-box-back-inner\"><h3 class=\"flip-box-heading-back\">Konzerthaus<\/h3>\n<p><a href=\"https:\/\/konzerthaus.at\/de\/programm-und-karten\/mahler-academy-orchestra-barron-von-steinaecker\/63777\" target=\"_blank\" rel=\"noopener\"><span style=\"text-decoration: underline;\">Acquista<\/span><\/a><\/p>\n<\/div><\/div><\/div><\/div><\/div><div class=\"fusion-flip-box-wrapper fusion-column col-lg-4 col-md-4 col-sm-4\"><div class=\"fusion-flip-box flip-right\" tabindex=\"0\"><div class=\"flip-box-inner-wrapper\"><div class=\"flip-box-front\" style=\"--awb-title-front-color:var(--awb-color1);--awb-text-front-color:var(--awb-color1);--awb-background-image-front:url(&#039;https:\/\/www.busoni-mahler.eu\/academy\/wp-content\/uploads\/2026\/05\/Foto-sito-MAO-2026-300x204.webp&#039;);\"><div class=\"flip-box-front-inner\"><h2 class=\"flip-box-heading\">Amburgo<\/h2>18\/09\/2026<\/div><\/div><div class=\"flip-box-back\" style=\"--awb-background-color-back:var(--awb-custom12);--awb-title-back-color:var(--awb-color8);--awb-text-back-color:var(--awb-color8);\"><div class=\"flip-box-back-inner\"><h3 class=\"flip-box-heading-back\">Elbphilharmonie<\/h3>\n<p><a href=\"https:\/\/www.elbphilharmonie.de\/en\/whats-on\/mahler-academy-orchestra-philipp-von-steinaecker\/27952\" target=\"_blank\" rel=\"noopener\"><span style=\"text-decoration: underline;\">Acquista<\/span><\/a><\/p>\n<\/div><\/div><\/div><\/div><\/div><\/div><\/div><\/div><div class=\"fusion-layout-column fusion_builder_column fusion-builder-column-8 fusion_builder_column_1_1 1_1 fusion-flex-column\" style=\"--awb-bg-size:cover;--awb-width-large:100%;--awb-margin-top-large:0px;--awb-spacing-right-large:1.92%;--awb-margin-bottom-large:0px;--awb-spacing-left-large:1.92%;--awb-width-medium:100%;--awb-order-medium:0;--awb-spacing-right-medium:1.92%;--awb-spacing-left-medium:1.92%;--awb-width-small:100%;--awb-order-small:0;--awb-spacing-right-small:1.92%;--awb-spacing-left-small:1.92%;\"><div class=\"fusion-column-wrapper fusion-column-has-shadow fusion-flex-justify-content-flex-start fusion-content-layout-column\"><div class=\"fusion-title title fusion-title-2 fusion-sep-none fusion-title-center fusion-title-text fusion-title-size-two\" style=\"--awb-text-color:var(--awb-custom12);--awb-margin-top-small:10px;--awb-margin-right-small:0px;--awb-margin-bottom-small:10px;--awb-margin-left-small:0px;\"><h2 class=\"fusion-title-heading title-heading-center\" style=\"margin:0;\"><strong>Il progetto<\/strong><\/h2><\/div><div class=\"fusion-content-boxes content-boxes columns row fusion-columns-1 fusion-columns-total-3 fusion-content-boxes-1 content-boxes-clean-horizontal content-left content-boxes-icon-on-side\" style=\"--awb-border-radius-top-left:20px;--awb-border-radius-top-right:20px;--awb-border-radius-bottom-right:20px;--awb-border-radius-bottom-left:20px;--awb-hover-accent-color:#65bc7b;--awb-circle-hover-accent-color:#65bc7b;--awb-item-margin-bottom:40px;\" data-animationOffset=\"top-into-view\"><div style=\"--awb-backgroundcolor:#f29209;--awb-content-padding-left:320px;border-color:rgba(255,255,255,0);\" class=\"fusion-column content-box-column content-box-column content-box-column-1 col-lg-12 col-md-12 col-sm-12 fusion-content-box-hover content-box-column-last-in-row\"><div class=\"col content-box-wrapper content-wrapper-background link-area-link-icon content-icon-wrapper-yes icon-hover-animation-fade fusion-animated\" data-animationType=\"fadeInUp\" data-animationDuration=\"0.6\" data-animationOffset=\"top-into-view\"><div class=\"heading heading-with-icon icon-left\"><div aria-hidden=\"true\" class=\"image\"><img decoding=\"async\" src=\"https:\/\/www.busoni-mahler.eu\/academy\/wp-content\/uploads\/2026\/05\/HQ_ac_bm_240910_MAO-88-300x204.webp\" width=\"300\" height=\"204\" alt=\"\" \/><\/div><\/div><div class=\"fusion-clearfix\"><\/div><div class=\"content-container\">\n<p>L\u2019<em>originalklang project\u00a0<\/em>della Mahler Academy Orchestra\u00a0getta una luce completamente nuova sulla prassi esecutiva dell\u2019epoca di Mahler. Per questo progetto, unico nel suo genere, gli studenti della Mahler Academy si incontrano con 55 musicisti dei migliori ensemble europei a Dobbiaco, dove Mahler scrisse le sue ultime opere e, sotto la direzione di Philipp von Steinaecker, fanno rivivere la musica di fine secolo su strumenti storici.<\/p>\n<\/div><\/div><\/div><div style=\"--awb-backgroundcolor:#f29209;--awb-content-padding-left:320px;border-color:rgba(255,255,255,0);\" class=\"fusion-column content-box-column content-box-column content-box-column-2 col-lg-12 col-md-12 col-sm-12 fusion-content-box-hover content-box-column-last-in-row\"><div class=\"col content-box-wrapper content-wrapper-background link-area-link-icon content-icon-wrapper-yes icon-hover-animation-fade fusion-animated\" data-animationType=\"fadeInUp\" data-animationDuration=\"0.6\" data-animationOffset=\"top-into-view\"><div class=\"heading heading-with-icon icon-left\"><div aria-hidden=\"true\" class=\"image\"><img decoding=\"async\" src=\"https:\/\/www.busoni-mahler.eu\/academy\/wp-content\/uploads\/2026\/05\/LQ-BZF-22\u00a9Luca-Guadagnini-_63A2107-300x204.webp\" width=\"300\" height=\"204\" alt=\"\" \/><\/div><\/div><div class=\"fusion-clearfix\"><\/div><div class=\"content-container\">\n<p>Per rendere possibile il progetto, la Fondazione Centro Culturale Euregio di Dobbiaco ha raccolto una collezione che ricostruisce meticolosamente gli strumenti utilizzati dall\u2019Orchestra dell\u2019Opera di Vienna intorno al 1900. Su questi strumenti i musicisti imparano le tecniche esecutive storiche di fin de si\u00e8cle e, attraverso una serie di concerti di musica da camera. si avvicinano al repertorio dell\u2019epoca.<\/p>\n<\/div><\/div><\/div><div style=\"--awb-backgroundcolor:#f29209;--awb-content-padding-left:320px;border-color:rgba(255,255,255,0);\" class=\"fusion-column content-box-column content-box-column content-box-column-3 col-lg-12 col-md-12 col-sm-12 fusion-content-box-hover content-box-column-last content-box-column-last-in-row\"><div class=\"col content-box-wrapper content-wrapper-background link-area-link-icon content-icon-wrapper-yes icon-hover-animation-fade fusion-animated\" data-animationType=\"fadeInUp\" data-animationDuration=\"0.6\" data-animationOffset=\"top-into-view\"><div class=\"heading heading-with-icon icon-left\"><div aria-hidden=\"true\" class=\"image\"><img decoding=\"async\" src=\"https:\/\/www.busoni-mahler.eu\/academy\/wp-content\/uploads\/2026\/05\/HQ-BZF-22\u00a9Luca-Guadagnini-_63A1978-300x204.webp\" width=\"300\" height=\"204\" alt=\"\" \/><\/div><\/div><div class=\"fusion-clearfix\"><\/div><div class=\"content-container\">\n<p>La Fondazione Busoni-Mahler, in stretta collaborazione con la Fondazione Centro Culturale Euregio di Dobbiaco, \u00e8 responsabile della produzione del o<em>riginalklang p<\/em><em>roject.<\/em><\/p>\n<\/div><\/div><\/div><div class=\"fusion-clearfix\"><\/div><\/div><\/div><\/div><\/div><\/div><div class=\"fusion-fullwidth fullwidth-box fusion-builder-row-9 fusion-flex-container has-pattern-background has-mask-background nonhundred-percent-fullwidth non-hundred-percent-height-scrolling\" style=\"--awb-border-radius-top-left:0px;--awb-border-radius-top-right:0px;--awb-border-radius-bottom-right:0px;--awb-border-radius-bottom-left:0px;--awb-flex-wrap:wrap;\" ><div class=\"fusion-builder-row fusion-row fusion-flex-align-items-flex-start fusion-flex-content-wrap\" style=\"max-width:1248px;margin-left: calc(-4% \/ 2 );margin-right: calc(-4% \/ 2 );\"><div class=\"fusion-layout-column fusion_builder_column fusion-builder-column-9 fusion_builder_column_1_1 1_1 fusion-flex-column\" style=\"--awb-bg-size:cover;--awb-width-large:100%;--awb-margin-top-large:0px;--awb-spacing-right-large:1.92%;--awb-margin-bottom-large:20px;--awb-spacing-left-large:1.92%;--awb-width-medium:100%;--awb-order-medium:0;--awb-spacing-right-medium:1.92%;--awb-spacing-left-medium:1.92%;--awb-width-small:100%;--awb-order-small:0;--awb-spacing-right-small:1.92%;--awb-spacing-left-small:1.92%;\"><div class=\"fusion-column-wrapper fusion-column-has-shadow fusion-flex-justify-content-flex-start fusion-content-layout-column\"><div class=\"fusion-image-carousel fusion-image-carousel-auto fusion-image-carousel-1 fusion-carousel-border\"><div class=\"awb-carousel awb-swiper awb-swiper-carousel awb-carousel--carousel awb-swiper-dots-position-bottom\" data-layout=\"carousel\" data-autoplay=\"no\" data-autoplayspeed=\"2500\" data-autoplaypause=\"no\" data-loop=\"yes\" data-columns=\"3\" data-columnsmedium=\"1\" data-columnssmall=\"1\" data-itemmargin=\"13\" data-itemwidth=\"180\" data-touchscroll=\"no\" data-freemode=\"no\" data-imagesize=\"auto\" data-scrollitems=\"0\" data-centeredslides=\"no\" data-rotationangle=\"50\" data-depth=\"100\" data-speed=\"500\" data-shadow=\"no\" data-pagination=\"bullets\" style=\"--awb-columns:3;--awb-border-width:1px;--awb-border-color:#e9eaee;\"><div class=\"swiper-wrapper awb-image-carousel-wrapper fusion-flex-align-items-center\"><div class=\"swiper-slide\"><div class=\"fusion-carousel-item-wrapper\"><div class=\"fusion-image-wrapper hover-type-none\"><img decoding=\"async\" width=\"2560\" height=\"1707\" src=\"https:\/\/www.busoni-mahler.eu\/academy\/wp-content\/uploads\/2024\/10\/HQ_ac_bm_240902_gardiner-70-scaled.jpg\" class=\"attachment-full size-full\" alt=\"\" srcset=\"https:\/\/www.busoni-mahler.eu\/academy\/wp-content\/uploads\/2024\/10\/HQ_ac_bm_240902_gardiner-70-200x133.jpg 200w, https:\/\/www.busoni-mahler.eu\/academy\/wp-content\/uploads\/2024\/10\/HQ_ac_bm_240902_gardiner-70-400x267.jpg 400w, https:\/\/www.busoni-mahler.eu\/academy\/wp-content\/uploads\/2024\/10\/HQ_ac_bm_240902_gardiner-70-600x400.jpg 600w, https:\/\/www.busoni-mahler.eu\/academy\/wp-content\/uploads\/2024\/10\/HQ_ac_bm_240902_gardiner-70-800x533.jpg 800w, https:\/\/www.busoni-mahler.eu\/academy\/wp-content\/uploads\/2024\/10\/HQ_ac_bm_240902_gardiner-70-1200x800.jpg 1200w, https:\/\/www.busoni-mahler.eu\/academy\/wp-content\/uploads\/2024\/10\/HQ_ac_bm_240902_gardiner-70-scaled.jpg 2560w\" sizes=\"(min-width: 2200px) 100vw, (min-width: 784px) 391px, (min-width: 712px) 587px, (min-width: 640px) 712px, \" \/><\/div><\/div><\/div><div class=\"swiper-slide\"><div class=\"fusion-carousel-item-wrapper\"><div class=\"fusion-image-wrapper hover-type-none\"><img decoding=\"async\" width=\"2560\" height=\"1707\" src=\"https:\/\/www.busoni-mahler.eu\/academy\/wp-content\/uploads\/2024\/10\/ac_230810_arabesqueparis-09013-scaled.jpg\" class=\"attachment-full size-full\" alt=\"\" srcset=\"https:\/\/www.busoni-mahler.eu\/academy\/wp-content\/uploads\/2024\/10\/ac_230810_arabesqueparis-09013-200x133.jpg 200w, https:\/\/www.busoni-mahler.eu\/academy\/wp-content\/uploads\/2024\/10\/ac_230810_arabesqueparis-09013-400x267.jpg 400w, https:\/\/www.busoni-mahler.eu\/academy\/wp-content\/uploads\/2024\/10\/ac_230810_arabesqueparis-09013-600x400.jpg 600w, https:\/\/www.busoni-mahler.eu\/academy\/wp-content\/uploads\/2024\/10\/ac_230810_arabesqueparis-09013-800x533.jpg 800w, https:\/\/www.busoni-mahler.eu\/academy\/wp-content\/uploads\/2024\/10\/ac_230810_arabesqueparis-09013-1200x800.jpg 1200w, https:\/\/www.busoni-mahler.eu\/academy\/wp-content\/uploads\/2024\/10\/ac_230810_arabesqueparis-09013-scaled.jpg 2560w\" sizes=\"(min-width: 2200px) 100vw, (min-width: 784px) 391px, (min-width: 712px) 587px, (min-width: 640px) 712px, \" \/><\/div><\/div><\/div><div class=\"swiper-slide\"><div class=\"fusion-carousel-item-wrapper\"><div class=\"fusion-image-wrapper hover-type-none\"><img decoding=\"async\" width=\"2560\" height=\"1708\" src=\"https:\/\/www.busoni-mahler.eu\/academy\/wp-content\/uploads\/2024\/10\/IMG_3248-6-scaled.jpg\" class=\"attachment-full size-full\" alt=\"\" srcset=\"https:\/\/www.busoni-mahler.eu\/academy\/wp-content\/uploads\/2024\/10\/IMG_3248-6-200x133.jpg 200w, https:\/\/www.busoni-mahler.eu\/academy\/wp-content\/uploads\/2024\/10\/IMG_3248-6-400x267.jpg 400w, https:\/\/www.busoni-mahler.eu\/academy\/wp-content\/uploads\/2024\/10\/IMG_3248-6-600x400.jpg 600w, https:\/\/www.busoni-mahler.eu\/academy\/wp-content\/uploads\/2024\/10\/IMG_3248-6-800x534.jpg 800w, https:\/\/www.busoni-mahler.eu\/academy\/wp-content\/uploads\/2024\/10\/IMG_3248-6-1200x800.jpg 1200w, https:\/\/www.busoni-mahler.eu\/academy\/wp-content\/uploads\/2024\/10\/IMG_3248-6-scaled.jpg 2560w\" sizes=\"(min-width: 2200px) 100vw, (min-width: 784px) 391px, (min-width: 712px) 587px, (min-width: 640px) 712px, \" \/><\/div><\/div><\/div><\/div><div class=\"awb-swiper-button awb-swiper-button-prev\"><i class=\"awb-icon-angle-left\" aria-hidden=\"true\"><\/i><\/div><div class=\"awb-swiper-button awb-swiper-button-next\"><i class=\"awb-icon-angle-right\" aria-hidden=\"true\"><\/i><\/div><\/div><\/div><\/div><\/div><\/div><\/div><div class=\"fusion-fullwidth fullwidth-box fusion-builder-row-10 fusion-flex-container has-pattern-background has-mask-background nonhundred-percent-fullwidth non-hundred-percent-height-scrolling fusion-no-small-visibility\" style=\"--awb-border-radius-top-left:0px;--awb-border-radius-top-right:0px;--awb-border-radius-bottom-right:0px;--awb-border-radius-bottom-left:0px;--awb-padding-right:50px;--awb-padding-left:50px;--awb-flex-wrap:wrap;\" ><div class=\"fusion-builder-row fusion-row fusion-flex-align-items-center fusion-flex-content-wrap\" style=\"max-width:1248px;margin-left: calc(-4% \/ 2 );margin-right: calc(-4% \/ 2 );\"><div class=\"fusion-layout-column fusion_builder_column fusion-builder-column-10 fusion_builder_column_1_1 1_1 fusion-flex-column fusion-flex-align-self-flex-start fusion-no-small-visibility\" style=\"--awb-padding-bottom:32.9883px;--awb-overflow:hidden;--awb-bg-size:cover;--awb-border-color:#f29209;--awb-border-top:5px;--awb-border-right:5px;--awb-border-bottom:5px;--awb-border-left:5px;--awb-border-style:solid;--awb-border-radius:4px 4px 4px 4px;--awb-width-large:100%;--awb-margin-top-large:0px;--awb-spacing-right-large:1.92%;--awb-margin-bottom-large:30px;--awb-spacing-left-large:1.92%;--awb-width-medium:100%;--awb-order-medium:0;--awb-spacing-right-medium:1.92%;--awb-spacing-left-medium:1.92%;--awb-width-small:100%;--awb-order-small:0;--awb-spacing-right-small:1.92%;--awb-spacing-left-small:1.92%;\" data-scroll-devices=\"small-visibility,medium-visibility,large-visibility\"><div class=\"fusion-column-wrapper fusion-column-has-shadow fusion-flex-justify-content-center fusion-content-layout-column\"><div class=\"fusion-builder-row fusion-builder-row-inner fusion-row fusion-flex-align-items-center fusion-flex-content-wrap\" style=\"--awb-flex-grow:0;--awb-flex-grow-medium:0;--awb-flex-grow-small:0;--awb-flex-shrink:0;--awb-flex-shrink-medium:0;--awb-flex-shrink-small:0;width:104% !important;max-width:104% !important;margin-left: calc(-4% \/ 2 );margin-right: calc(-4% \/ 2 );\"><div class=\"fusion-layout-column fusion_builder_column_inner fusion-builder-nested-column-0 fusion_builder_column_inner_1_3 1_3 fusion-flex-column\" style=\"--awb-padding-left:40px;--awb-bg-size:cover;--awb-width-large:33.333333333333%;--awb-margin-top-large:20px;--awb-spacing-right-large:5.76%;--awb-margin-bottom-large:20px;--awb-spacing-left-large:5.76%;--awb-width-medium:33.333333333333%;--awb-order-medium:0;--awb-spacing-right-medium:5.76%;--awb-spacing-left-medium:5.76%;--awb-width-small:100%;--awb-order-small:0;--awb-spacing-right-small:1.92%;--awb-spacing-left-small:1.92%;\" data-scroll-devices=\"small-visibility,medium-visibility,large-visibility\"><div class=\"fusion-column-wrapper fusion-column-has-shadow fusion-flex-justify-content-flex-start fusion-content-layout-column\"><div class=\"fusion-image-element\" style=\"--awb-caption-title-font-family:var(--h2_typography-font-family);--awb-caption-title-font-weight:var(--h2_typography-font-weight);--awb-caption-title-font-style:var(--h2_typography-font-style);--awb-caption-title-size:var(--h2_typography-font-size);--awb-caption-title-transform:var(--h2_typography-text-transform);--awb-caption-title-line-height:var(--h2_typography-line-height);--awb-caption-title-letter-spacing:var(--h2_typography-letter-spacing);\"><span class=\" fusion-imageframe imageframe-none imageframe-1 hover-type-none\"><img decoding=\"async\" width=\"300\" height=\"300\" title=\"Schallplattenpreis\" src=\"https:\/\/www.busoni-mahler.eu\/academy\/wp-content\/uploads\/2024\/11\/Schallplattenpreis-2-300x300.jpg\" alt class=\"img-responsive wp-image-10504\" srcset=\"https:\/\/www.busoni-mahler.eu\/academy\/wp-content\/uploads\/2024\/11\/Schallplattenpreis-2-200x200.jpg 200w, https:\/\/www.busoni-mahler.eu\/academy\/wp-content\/uploads\/2024\/11\/Schallplattenpreis-2-400x400.jpg 400w, https:\/\/www.busoni-mahler.eu\/academy\/wp-content\/uploads\/2024\/11\/Schallplattenpreis-2-600x600.jpg 600w, https:\/\/www.busoni-mahler.eu\/academy\/wp-content\/uploads\/2024\/11\/Schallplattenpreis-2-800x800.jpg 800w, https:\/\/www.busoni-mahler.eu\/academy\/wp-content\/uploads\/2024\/11\/Schallplattenpreis-2.jpg 1080w\" sizes=\"(max-width: 640px) 100vw, 400px\" \/><\/span><\/div><\/div><\/div><div class=\"fusion-layout-column fusion_builder_column_inner fusion-builder-nested-column-1 fusion_builder_column_inner_3_5 3_5 fusion-flex-column\" style=\"--awb-bg-size:cover;--awb-width-large:60%;--awb-margin-top-large:20px;--awb-spacing-right-large:3.2%;--awb-margin-bottom-large:20px;--awb-spacing-left-large:3.2%;--awb-width-medium:60%;--awb-order-medium:0;--awb-spacing-right-medium:3.2%;--awb-spacing-left-medium:3.2%;--awb-width-small:100%;--awb-order-small:0;--awb-spacing-right-small:1.92%;--awb-spacing-left-small:1.92%;\" data-scroll-devices=\"small-visibility,medium-visibility,large-visibility\"><div class=\"fusion-column-wrapper fusion-column-has-shadow fusion-flex-justify-content-flex-start fusion-content-layout-column\"><div class=\"fusion-text fusion-text-3\"><p><span style=\"font-size: 18px;\">Debutto discografico della Mahler Academy Orchestra su<\/span> <span style=\"text-decoration: underline;\"><a style=\"font-size: 18px;\" href=\"https:\/\/oh.lnk.to\/Mahler9OnPeriodInstruments\" target=\"_blank\" rel=\"noopener\"><strong>Alpha Classics<\/strong><\/a><\/span><span style=\"font-size: 18px;\">: Philipp von Steinaecker dirige la <strong>Nona<\/strong> <\/span><strong style=\"font-size: 18px;\">Sinfonia di Gustav Mahler <\/strong><span style=\"font-size: 18px;\">su strumenti originali viennesi del 1900.<\/span><\/p>\n<p><span style=\"font-size: 18px;\"><i>Just in:<\/i><br \/>\nPremiato con il &#8220;Preis der Deutschen Schallplattenkritik&#8221;<\/span><\/p>\n<\/div><\/div><\/div><\/div><div class=\"fusion-testimonials clean awb-speech-bubble-show fusion-testimonials-1\" style=\"--awb-name-company-text-color:var(--awb-custom11);--awb-textcolor:#4a4e57;--awb-backgroundcolor:var(--awb-color1);--awb-testimonial-border-style:solid;--awb-testimonial-border-color:var(--awb-custom16);--awb-navigation-size:7px;--awb-navigation-color:var(--awb-custom16);--awb-border-top-left-radius:0px;--awb-border-top-right-radius:0px;--awb-border-bottom-left-radius:0px;--awb-border-bottom-right-radius:0px;--testimonial-border-width-top:0px;--testimonial-border-width-right:0px;--testimonial-border-width-bottom:0px;--testimonial-border-width-left:0px;\" data-random=\"1\" data-speed=\"20000\"><div class=\"reviews\"><div class=\"review active-testimonial avatar-above no-avatar\"><blockquote class=\"testimonials-shortcode-blockquote\"><div class=\"awb-quote\"><div class=\"awb-quote-content\">\n<blockquote><p><strong>\u201eVon modernen Orchestern und Dirigenten gerne totgeklopft im verzweifelten Versuch, Mahlers abgr\u00fcndigen Humor zu treffen, sind sie nun Bilder von \u00fcberbordender Klangphantasie, \u00fcberraschend durch immer neue Farb- und Ger\u00e4uschkombinationen.\u201c<\/strong><\/p>\n<p><em>Spesso massacrate dalle orchestre e dai direttori moderni nel disperato tentativo di catturare l&#8217;abissale umorismo di Mahler, sono ora immagini di esuberante fantasia sonora, che sorprendono con sempre nuove combinazioni di colori e rumori.<\/em><\/p><\/blockquote>\n<\/div><\/div><\/blockquote><div class=\"author\"><span class=\"company-name\"><strong>Frankfurter Allgemeine Zeitung<\/strong>, <span>12.08.2024<\/span><\/span><\/div><\/div><div class=\"review avatar-above no-avatar\"><blockquote class=\"testimonials-shortcode-blockquote\"><div class=\"awb-quote\"><div class=\"awb-quote-content\">\n<blockquote><p><strong>\u201eEin faszinierender Reichtum an Farben!\u201c<\/strong><\/p>\n<p><em>Un&#8217;affascinante ricchezza di colori!\u00a0<\/em><\/p><\/blockquote>\n<\/div><\/div><\/blockquote><div class=\"author\"><span class=\"company-name\"><strong>BR Klassik<\/strong>, <span>21.07.2024<\/span><\/span><\/div><\/div><div class=\"review avatar-above no-avatar\"><blockquote class=\"testimonials-shortcode-blockquote\"><div class=\"awb-quote\"><div class=\"awb-quote-content\">\n<blockquote><p><strong>\u201eTats\u00e4chlich k\u00f6nnte diese Interpretation zu den wenigen geh\u00f6ren, die man einmal richtungsweisend<\/strong> <strong>nennen wird.\u201c<\/strong><\/p>\n<p><em>In effetti, questa interpretazione potrebbe essere una delle poche che un giorno verr\u00e0 definita di tendenza.<\/em><\/p><\/blockquote>\n<\/div><\/div><\/blockquote><div class=\"author\"><span class=\"company-name\"><strong>Neue Z\u00fcrcher Zeitung<\/strong>, <span>10.08.2024<\/span><\/span><\/div><\/div><div class=\"review avatar-above no-avatar\"><blockquote class=\"testimonials-shortcode-blockquote\"><div class=\"awb-quote\"><div class=\"awb-quote-content\">\n<blockquote><p><strong>\u201eI\u2019m convinced by this stellar recording [\u2026] I marveled at the expressive layers and details that the period instruments added.\u201c<\/strong><\/p>\n<p><em>Questa registrazione stellare mi ha convinto [&#8230;]<\/em>\u00a0<em>Mi sono meravigliato degli strati espressivi e dei dettagli aggiunti dagli strumenti d&#8217;epoca.<\/em><\/p><\/blockquote>\n<\/div><\/div><\/blockquote><div class=\"author\"><span class=\"company-name\"><strong>WQXR - New York<\/strong><\/span><\/div><\/div><div class=\"review avatar-above no-avatar\"><blockquote class=\"testimonials-shortcode-blockquote\"><div class=\"awb-quote\"><div class=\"awb-quote-content\">\n<blockquote><p><strong>\u201eDiese Interpreten nehmen es mal eben mit der Mahler-Diskografie auf \u2013 von Bruno Walter bis Mariss Jansons, vom Concertgebouw Orchester bis zu den Wiener Philharmonikern.\u00a0Chapeau!\u201d<\/strong><\/p>\n<p><em>Questi interpreti possono tranquillamente affrontare la discografia mahleriana &#8211; da Bruno Walter a Mariss Jansons, dall&#8217;Orchestra del Concertgebouw alla Filarmonica di Vienna. <\/em><em>Chapeau!<\/em><\/p><\/blockquote>\n<\/div><\/div><\/blockquote><div class=\"author\"><span class=\"company-name\"><strong>SWR<\/strong>, <span>13.06.2024<\/span><\/span><\/div><\/div><div class=\"review avatar-above no-avatar\"><blockquote class=\"testimonials-shortcode-blockquote\"><div class=\"awb-quote\"><div class=\"awb-quote-content\">\n<blockquote><p><strong>\u201cTransparent, herzzerrei\u00dfend, ersch\u00fctternd modern: So m\u00f6chte man ab sofort alle Mahler-Symphonien h\u00f6ren.\u201c<\/strong><\/p>\n<p><em>Trasparente, straziante, di una modernit\u00e0 sconvolgente: \u00e8 cos\u00ec che si vogliono ascoltare tutte le sinfonie di Mahler d&#8217;ora in poi.<\/em><\/p><\/blockquote>\n<\/div><\/div><\/blockquote><div class=\"author\"><span class=\"company-name\"><strong>Der Tagesspiegel<\/strong>, <span>21.07.2024<\/span><\/span><\/div><\/div><div class=\"review avatar-above no-avatar\"><blockquote class=\"testimonials-shortcode-blockquote\"><div class=\"awb-quote\"><div class=\"awb-quote-content\">\n<blockquote><p><strong>\u201eMit einem bis in die Haarspitzen motivierten Projektorchester st\u00f6\u00dft sie die T\u00fcr weit auf zur Vergangenheit und birgt gerade deshalb ein gro\u00dfes Potential f\u00fcr die Zukunft der Mahler-Interpretation. Ein Meilenstein.\u201c<\/strong><\/p>\n<p><em>Con un&#8217;orchestra di progetto altamente motivata, spalanca le porte al passato e quindi racchiude un grande potenziale per il futuro dell&#8217;interpretazione mahleriana. <\/em><em>Una pietra miliare.<\/em><\/p><\/blockquote>\n<\/div><\/div><\/blockquote><div class=\"author\"><span class=\"company-name\"><strong>BR Klassik<\/strong>, <span>21.07.2024<\/span><\/span><\/div><\/div><\/div><div class=\"testimonial-pagination\" id=\"fusion-testimonials-1\"><a href=\"#\" aria-label=\"Testimonial Pagination\"  class=\"activeSlide\"><\/a><a href=\"#\" aria-label=\"Testimonial Pagination\" ><\/a><a href=\"#\" aria-label=\"Testimonial Pagination\" ><\/a><a href=\"#\" aria-label=\"Testimonial Pagination\" ><\/a><a href=\"#\" aria-label=\"Testimonial Pagination\" ><\/a><a href=\"#\" aria-label=\"Testimonial Pagination\" ><\/a><a href=\"#\" aria-label=\"Testimonial Pagination\" ><\/a><\/div><\/div><div class=\"fusion-separator fusion-full-width-sep\" style=\"align-self: center;margin-left: auto;margin-right: auto;width:100%;\"><\/div><\/div><\/div><\/div><\/div><div class=\"fusion-fullwidth fullwidth-box fusion-builder-row-11 fusion-flex-container has-pattern-background has-mask-background nonhundred-percent-fullwidth non-hundred-percent-height-scrolling fusion-no-medium-visibility fusion-no-large-visibility\" style=\"--awb-border-radius-top-left:0px;--awb-border-radius-top-right:0px;--awb-border-radius-bottom-right:0px;--awb-border-radius-bottom-left:0px;--awb-padding-right:50px;--awb-padding-left:50px;--awb-flex-wrap:wrap;\" ><div class=\"fusion-builder-row fusion-row fusion-flex-align-items-center fusion-flex-content-wrap\" style=\"max-width:1248px;margin-left: calc(-4% \/ 2 );margin-right: calc(-4% \/ 2 );\"><div class=\"fusion-layout-column fusion_builder_column fusion-builder-column-11 fusion_builder_column_1_1 1_1 fusion-flex-column fusion-flex-align-self-flex-start fusion-no-medium-visibility fusion-no-large-visibility\" style=\"--awb-padding-bottom:32.9883px;--awb-overflow:hidden;--awb-bg-size:cover;--awb-border-color:#f29209;--awb-border-top:5px;--awb-border-right:5px;--awb-border-bottom:5px;--awb-border-left:5px;--awb-border-style:solid;--awb-border-radius:4px 4px 4px 4px;--awb-width-large:100%;--awb-margin-top-large:0px;--awb-spacing-right-large:1.92%;--awb-margin-bottom-large:30px;--awb-spacing-left-large:1.92%;--awb-width-medium:100%;--awb-order-medium:0;--awb-spacing-right-medium:1.92%;--awb-spacing-left-medium:1.92%;--awb-width-small:100%;--awb-order-small:0;--awb-spacing-right-small:1.92%;--awb-spacing-left-small:1.92%;\" data-scroll-devices=\"small-visibility,medium-visibility,large-visibility\"><div class=\"fusion-column-wrapper fusion-column-has-shadow fusion-flex-justify-content-center fusion-content-layout-column\"><div class=\"fusion-builder-row fusion-builder-row-inner fusion-row fusion-flex-align-items-center fusion-flex-content-wrap\" style=\"--awb-flex-grow:0;--awb-flex-grow-medium:0;--awb-flex-grow-small:0;--awb-flex-shrink:0;--awb-flex-shrink-medium:0;--awb-flex-shrink-small:0;width:104% !important;max-width:104% !important;margin-left: calc(-4% \/ 2 );margin-right: calc(-4% \/ 2 );\"><div class=\"fusion-layout-column fusion_builder_column_inner fusion-builder-nested-column-2 fusion_builder_column_inner_1_3 1_3 fusion-flex-column\" style=\"--awb-padding-top:40px;--awb-padding-left:40px;--awb-bg-size:cover;--awb-width-large:33.333333333333%;--awb-margin-top-large:0px;--awb-spacing-right-large:5.76%;--awb-margin-bottom-large:20px;--awb-spacing-left-large:5.76%;--awb-width-medium:33.333333333333%;--awb-order-medium:0;--awb-spacing-right-medium:5.76%;--awb-spacing-left-medium:5.76%;--awb-width-small:100%;--awb-order-small:0;--awb-spacing-right-small:1.92%;--awb-spacing-left-small:1.92%;\" data-scroll-devices=\"small-visibility,medium-visibility,large-visibility\"><div class=\"fusion-column-wrapper fusion-column-has-shadow fusion-flex-justify-content-flex-start fusion-content-layout-column\"><div class=\"fusion-image-element\" style=\"text-align:center;--awb-caption-title-font-family:var(--h2_typography-font-family);--awb-caption-title-font-weight:var(--h2_typography-font-weight);--awb-caption-title-font-style:var(--h2_typography-font-style);--awb-caption-title-size:var(--h2_typography-font-size);--awb-caption-title-transform:var(--h2_typography-text-transform);--awb-caption-title-line-height:var(--h2_typography-line-height);--awb-caption-title-letter-spacing:var(--h2_typography-letter-spacing);\"><span class=\" fusion-imageframe imageframe-none imageframe-2 hover-type-none\"><img decoding=\"async\" width=\"300\" height=\"300\" title=\"Schallplattenpreis\" src=\"https:\/\/www.busoni-mahler.eu\/academy\/wp-content\/uploads\/2024\/11\/Schallplattenpreis-2-300x300.jpg\" alt class=\"img-responsive wp-image-10504\" srcset=\"https:\/\/www.busoni-mahler.eu\/academy\/wp-content\/uploads\/2024\/11\/Schallplattenpreis-2-200x200.jpg 200w, https:\/\/www.busoni-mahler.eu\/academy\/wp-content\/uploads\/2024\/11\/Schallplattenpreis-2-400x400.jpg 400w, https:\/\/www.busoni-mahler.eu\/academy\/wp-content\/uploads\/2024\/11\/Schallplattenpreis-2-600x600.jpg 600w, https:\/\/www.busoni-mahler.eu\/academy\/wp-content\/uploads\/2024\/11\/Schallplattenpreis-2-800x800.jpg 800w, https:\/\/www.busoni-mahler.eu\/academy\/wp-content\/uploads\/2024\/11\/Schallplattenpreis-2.jpg 1080w\" sizes=\"(max-width: 640px) 100vw, 400px\" \/><\/span><\/div><\/div><\/div><div class=\"fusion-layout-column fusion_builder_column_inner fusion-builder-nested-column-3 fusion_builder_column_inner_3_5 3_5 fusion-flex-column\" style=\"--awb-padding-right:20px;--awb-padding-left:15px;--awb-bg-size:cover;--awb-width-large:60%;--awb-margin-top-large:0px;--awb-spacing-right-large:3.2%;--awb-margin-bottom-large:20px;--awb-spacing-left-large:3.2%;--awb-width-medium:60%;--awb-order-medium:0;--awb-spacing-right-medium:3.2%;--awb-spacing-left-medium:3.2%;--awb-width-small:100%;--awb-order-small:0;--awb-spacing-right-small:1.92%;--awb-spacing-left-small:1.92%;\" data-scroll-devices=\"small-visibility,medium-visibility,large-visibility\"><div class=\"fusion-column-wrapper fusion-column-has-shadow fusion-flex-justify-content-flex-start fusion-content-layout-column\"><div class=\"fusion-text fusion-text-4\"><p><span style=\"font-size: 18px;\">Debutto discografico della Mahler Academy Orchestra su<\/span> <span style=\"text-decoration: underline;\"><a style=\"font-size: 18px;\" href=\"https:\/\/oh.lnk.to\/Mahler9OnPeriodInstruments\" target=\"_blank\" rel=\"noopener\"><strong>Alpha Classics<\/strong><\/a><\/span><span style=\"font-size: 18px;\">: Philipp von Steinaecker dirige la <strong>Nona<\/strong> <\/span><strong style=\"font-size: 18px;\">Sinfonia di Gustav Mahler <\/strong><span style=\"font-size: 18px;\">su strumenti originali viennesi del 1900. <\/span><\/p>\n<p><span style=\"font-size: 18px;\"><i>Just in:<\/i><br \/>\nPremiato con il &#8220;Preis der Deutschen Schallplattenkritik&#8221;<\/span><\/p>\n<\/div><\/div><\/div><\/div><div class=\"fusion-testimonials clean awb-speech-bubble-show fusion-testimonials-2\" style=\"--awb-name-company-text-color:var(--awb-custom11);--awb-textcolor:#4a4e57;--awb-backgroundcolor:var(--awb-color1);--awb-testimonial-border-style:solid;--awb-testimonial-border-color:var(--awb-custom16);--awb-navigation-size:7px;--awb-navigation-color:var(--awb-custom16);--awb-border-top-left-radius:0px;--awb-border-top-right-radius:0px;--awb-border-bottom-left-radius:0px;--awb-border-bottom-right-radius:0px;--testimonial-border-width-top:0px;--testimonial-border-width-right:0px;--testimonial-border-width-bottom:0px;--testimonial-border-width-left:0px;\" data-random=\"1\" data-speed=\"20000\"><div class=\"reviews\"><div class=\"review active-testimonial avatar-above no-avatar\"><blockquote class=\"testimonials-shortcode-blockquote\"><div class=\"awb-quote\"><div class=\"awb-quote-content\">\n<blockquote><p><strong>\u201eEin faszinierender Reichtum an Farben!\u201c<\/strong><\/p>\n<p><em>Un&#8217;affascinante ricchezza di colori!\u00a0<\/em><\/p><\/blockquote>\n<\/div><\/div><\/blockquote><div class=\"author\"><span class=\"company-name\"><strong>BR Klassik<\/strong>, <span>21.07.2024<\/span><\/span><\/div><\/div><div class=\"review avatar-above no-avatar\"><blockquote class=\"testimonials-shortcode-blockquote\"><div class=\"awb-quote\"><div class=\"awb-quote-content\">\n<blockquote><p><strong>\u201eVon modernen Orchestern und Dirigenten gerne totgeklopft im verzweifelten Versuch, Mahlers abgr\u00fcndigen Humor zu treffen, sind sie nun Bilder von \u00fcberbordender Klangphantasie, \u00fcberraschend durch immer neue Farb- und Ger\u00e4uschkombinationen.\u201c<\/strong><\/p>\n<p><em>Spesso massacrate dalle orchestre e dai direttori moderni nel disperato tentativo di catturare l&#8217;abissale umorismo di Mahler, sono ora immagini di esuberante fantasia sonora, che sorprendono con sempre nuove combinazioni di colori e rumori.<\/em><\/p><\/blockquote>\n<\/div><\/div><\/blockquote><div class=\"author\"><span class=\"company-name\"><strong>Frankfurter Allgemeine Zeitung<\/strong>, <span>12.08.2024<\/span><\/span><\/div><\/div><div class=\"review avatar-above no-avatar\"><blockquote class=\"testimonials-shortcode-blockquote\"><div class=\"awb-quote\"><div class=\"awb-quote-content\">\n<blockquote><p><strong>\u201eTats\u00e4chlich k\u00f6nnte diese Interpretation zu den wenigen geh\u00f6ren, die man einmal richtungsweisend<\/strong> <strong>nennen wird.\u201c<\/strong><\/p>\n<p><em>In effetti, questa interpretazione potrebbe essere una delle poche che un giorno verr\u00e0 definita di tendenza.<\/em><\/p><\/blockquote>\n<\/div><\/div><\/blockquote><div class=\"author\"><span class=\"company-name\"><strong>Neue Z\u00fcrcher Zeitung<\/strong>, <span>10.08.2024<\/span><\/span><\/div><\/div><div class=\"review avatar-above no-avatar\"><blockquote class=\"testimonials-shortcode-blockquote\"><div class=\"awb-quote\"><div class=\"awb-quote-content\">\n<blockquote><p><strong>\u201eMit einem bis in die Haarspitzen motivierten Projektorchester st\u00f6\u00dft sie die T\u00fcr weit auf zur Vergangenheit und birgt gerade deshalb ein gro\u00dfes Potential f\u00fcr die Zukunft der Mahler-Interpretation. Ein Meilenstein.\u201c<\/strong><\/p>\n<p><em>Con un&#8217;orchestra di progetto altamente motivata, spalanca le porte al passato e quindi racchiude un grande potenziale per il futuro dell&#8217;interpretazione mahleriana. <\/em><em>Una pietra miliare.<\/em><\/p><\/blockquote>\n<\/div><\/div><\/blockquote><div class=\"author\"><span class=\"company-name\"><strong>BR Klassik<\/strong>, <span>21.07.2024<\/span><\/span><\/div><\/div><div class=\"review avatar-above no-avatar\"><blockquote class=\"testimonials-shortcode-blockquote\"><div class=\"awb-quote\"><div class=\"awb-quote-content\">\n<blockquote><p><strong>\u201eDiese Interpreten nehmen es mal eben mit der Mahler-Diskografie auf \u2013 von Bruno Walter bis Mariss Jansons, vom Concertgebouw Orchester bis zu den Wiener Philharmonikern.\u00a0Chapeau!\u201d<\/strong><\/p>\n<p><em>Questi interpreti possono tranquillamente affrontare la discografia mahleriana &#8211; da Bruno Walter a Mariss Jansons, dall&#8217;Orchestra del Concertgebouw alla Filarmonica di Vienna. <\/em><em>Chapeau!<\/em><\/p><\/blockquote>\n<\/div><\/div><\/blockquote><div class=\"author\"><span class=\"company-name\"><strong>SWR<\/strong>, <span>13.06.2024<\/span><\/span><\/div><\/div><div class=\"review avatar-above no-avatar\"><blockquote class=\"testimonials-shortcode-blockquote\"><div class=\"awb-quote\"><div class=\"awb-quote-content\">\n<blockquote><p><strong>\u201eI\u2019m convinced by this stellar recording [\u2026] I marveled at the expressive layers and details that the period instruments added.\u201c<\/strong><\/p>\n<p><em>Questa registrazione stellare mi ha convinto [&#8230;]<\/em>\u00a0<em>Mi sono meravigliato degli strati espressivi e dei dettagli aggiunti dagli strumenti d&#8217;epoca.<\/em><\/p><\/blockquote>\n<\/div><\/div><\/blockquote><div class=\"author\"><span class=\"company-name\"><strong>WQXR - New York<\/strong><\/span><\/div><\/div><div class=\"review avatar-above no-avatar\"><blockquote class=\"testimonials-shortcode-blockquote\"><div class=\"awb-quote\"><div class=\"awb-quote-content\">\n<blockquote><p><strong>\u201cTransparent, herzzerrei\u00dfend, ersch\u00fctternd modern: So m\u00f6chte man ab sofort alle Mahler-Symphonien h\u00f6ren.\u201c<\/strong><\/p>\n<p><em>Trasparente, straziante, di una modernit\u00e0 sconvolgente: \u00e8 cos\u00ec che si vogliono ascoltare tutte le sinfonie di Mahler d&#8217;ora in poi.<\/em><\/p><\/blockquote>\n<\/div><\/div><\/blockquote><div class=\"author\"><span class=\"company-name\"><strong>Der Tagesspiegel<\/strong>, <span>21.07.2024<\/span><\/span><\/div><\/div><\/div><div class=\"testimonial-pagination\" id=\"fusion-testimonials-2\"><a href=\"#\" aria-label=\"Testimonial Pagination\"  class=\"activeSlide\"><\/a><a href=\"#\" aria-label=\"Testimonial Pagination\" ><\/a><a href=\"#\" aria-label=\"Testimonial Pagination\" ><\/a><a href=\"#\" aria-label=\"Testimonial Pagination\" ><\/a><a href=\"#\" aria-label=\"Testimonial Pagination\" ><\/a><a href=\"#\" aria-label=\"Testimonial Pagination\" ><\/a><a href=\"#\" aria-label=\"Testimonial Pagination\" ><\/a><\/div><\/div><div class=\"fusion-separator fusion-full-width-sep\" style=\"align-self: center;margin-left: auto;margin-right: auto;width:100%;\"><\/div><\/div><\/div><\/div><\/div><div class=\"fusion-fullwidth fullwidth-box fusion-builder-row-12 fusion-flex-container has-pattern-background has-mask-background nonhundred-percent-fullwidth non-hundred-percent-height-scrolling\" style=\"--awb-border-radius-top-left:0px;--awb-border-radius-top-right:0px;--awb-border-radius-bottom-right:0px;--awb-border-radius-bottom-left:0px;--awb-flex-wrap:wrap;\" ><div class=\"fusion-builder-row fusion-row fusion-flex-align-items-flex-start fusion-flex-content-wrap\" style=\"max-width:1248px;margin-left: calc(-4% \/ 2 );margin-right: calc(-4% \/ 2 );\"><div class=\"fusion-layout-column fusion_builder_column fusion-builder-column-12 fusion_builder_column_1_1 1_1 fusion-flex-column\" style=\"--awb-bg-size:cover;--awb-width-large:100%;--awb-margin-top-large:0px;--awb-spacing-right-large:1.92%;--awb-margin-bottom-large:50px;--awb-spacing-left-large:1.92%;--awb-width-medium:100%;--awb-order-medium:0;--awb-spacing-right-medium:1.92%;--awb-spacing-left-medium:1.92%;--awb-width-small:100%;--awb-order-small:0;--awb-spacing-right-small:1.92%;--awb-spacing-left-small:1.92%;\"><div class=\"fusion-column-wrapper fusion-column-has-shadow fusion-flex-justify-content-flex-start fusion-content-layout-column\"><div class=\"fusion-image-carousel fusion-image-carousel-auto fusion-image-carousel-2 fusion-carousel-border\"><div class=\"awb-carousel awb-swiper awb-swiper-carousel awb-carousel--carousel awb-swiper-dots-position-bottom\" data-layout=\"carousel\" data-autoplay=\"no\" data-autoplayspeed=\"2500\" data-autoplaypause=\"no\" data-loop=\"yes\" data-columns=\"3\" data-columnsmedium=\"1\" data-columnssmall=\"1\" data-itemmargin=\"13\" data-itemwidth=\"180\" data-touchscroll=\"no\" data-freemode=\"no\" data-imagesize=\"auto\" data-scrollitems=\"0\" data-centeredslides=\"no\" data-rotationangle=\"50\" data-depth=\"100\" data-speed=\"500\" data-shadow=\"no\" data-pagination=\"bullets\" style=\"--awb-columns:3;--awb-border-width:1px;--awb-border-color:#e9eaee;\"><div class=\"swiper-wrapper awb-image-carousel-wrapper fusion-flex-align-items-center\"><div class=\"swiper-slide\"><div class=\"fusion-carousel-item-wrapper\"><div class=\"fusion-image-wrapper hover-type-none\"><img decoding=\"async\" width=\"2560\" height=\"1707\" src=\"https:\/\/www.busoni-mahler.eu\/academy\/wp-content\/uploads\/2024\/10\/ac_230731_leon-pintscher-06019-1-scaled.jpg\" class=\"attachment-full size-full\" alt=\"\" srcset=\"https:\/\/www.busoni-mahler.eu\/academy\/wp-content\/uploads\/2024\/10\/ac_230731_leon-pintscher-06019-1-200x133.jpg 200w, https:\/\/www.busoni-mahler.eu\/academy\/wp-content\/uploads\/2024\/10\/ac_230731_leon-pintscher-06019-1-400x267.jpg 400w, https:\/\/www.busoni-mahler.eu\/academy\/wp-content\/uploads\/2024\/10\/ac_230731_leon-pintscher-06019-1-600x400.jpg 600w, https:\/\/www.busoni-mahler.eu\/academy\/wp-content\/uploads\/2024\/10\/ac_230731_leon-pintscher-06019-1-800x533.jpg 800w, https:\/\/www.busoni-mahler.eu\/academy\/wp-content\/uploads\/2024\/10\/ac_230731_leon-pintscher-06019-1-1200x800.jpg 1200w, https:\/\/www.busoni-mahler.eu\/academy\/wp-content\/uploads\/2024\/10\/ac_230731_leon-pintscher-06019-1-scaled.jpg 2560w\" sizes=\"(min-width: 2200px) 100vw, (min-width: 784px) 391px, (min-width: 712px) 587px, (min-width: 640px) 712px, \" \/><\/div><\/div><\/div><div class=\"swiper-slide\"><div class=\"fusion-carousel-item-wrapper\"><div class=\"fusion-image-wrapper hover-type-none\"><img decoding=\"async\" width=\"1600\" height=\"1067\" src=\"https:\/\/www.busoni-mahler.eu\/academy\/wp-content\/uploads\/2024\/10\/Concertgebouw-5.jpg\" class=\"attachment-full size-full\" alt=\"\" srcset=\"https:\/\/www.busoni-mahler.eu\/academy\/wp-content\/uploads\/2024\/10\/Concertgebouw-5-200x133.jpg 200w, https:\/\/www.busoni-mahler.eu\/academy\/wp-content\/uploads\/2024\/10\/Concertgebouw-5-400x267.jpg 400w, https:\/\/www.busoni-mahler.eu\/academy\/wp-content\/uploads\/2024\/10\/Concertgebouw-5-600x400.jpg 600w, https:\/\/www.busoni-mahler.eu\/academy\/wp-content\/uploads\/2024\/10\/Concertgebouw-5-800x534.jpg 800w, https:\/\/www.busoni-mahler.eu\/academy\/wp-content\/uploads\/2024\/10\/Concertgebouw-5-1200x800.jpg 1200w, https:\/\/www.busoni-mahler.eu\/academy\/wp-content\/uploads\/2024\/10\/Concertgebouw-5.jpg 1600w\" sizes=\"(min-width: 2200px) 100vw, (min-width: 784px) 391px, (min-width: 712px) 587px, (min-width: 640px) 712px, \" \/><\/div><\/div><\/div><div class=\"swiper-slide\"><div class=\"fusion-carousel-item-wrapper\"><div class=\"fusion-image-wrapper hover-type-none\"><img decoding=\"async\" width=\"2560\" height=\"1707\" src=\"https:\/\/www.busoni-mahler.eu\/academy\/wp-content\/uploads\/2024\/10\/ac_230731_leon-pintscher-06031-scaled.jpg\" class=\"attachment-full size-full\" alt=\"\" srcset=\"https:\/\/www.busoni-mahler.eu\/academy\/wp-content\/uploads\/2024\/10\/ac_230731_leon-pintscher-06031-200x133.jpg 200w, https:\/\/www.busoni-mahler.eu\/academy\/wp-content\/uploads\/2024\/10\/ac_230731_leon-pintscher-06031-400x267.jpg 400w, https:\/\/www.busoni-mahler.eu\/academy\/wp-content\/uploads\/2024\/10\/ac_230731_leon-pintscher-06031-600x400.jpg 600w, https:\/\/www.busoni-mahler.eu\/academy\/wp-content\/uploads\/2024\/10\/ac_230731_leon-pintscher-06031-800x533.jpg 800w, https:\/\/www.busoni-mahler.eu\/academy\/wp-content\/uploads\/2024\/10\/ac_230731_leon-pintscher-06031-1200x800.jpg 1200w, https:\/\/www.busoni-mahler.eu\/academy\/wp-content\/uploads\/2024\/10\/ac_230731_leon-pintscher-06031-scaled.jpg 2560w\" sizes=\"(min-width: 2200px) 100vw, (min-width: 784px) 391px, (min-width: 712px) 587px, (min-width: 640px) 712px, \" \/><\/div><\/div><\/div><\/div><div class=\"awb-swiper-button awb-swiper-button-prev\"><i class=\"awb-icon-angle-left\" aria-hidden=\"true\"><\/i><\/div><div class=\"awb-swiper-button awb-swiper-button-next\"><i class=\"awb-icon-angle-right\" aria-hidden=\"true\"><\/i><\/div><\/div><\/div><\/div><\/div><\/div><\/div><div class=\"fusion-fullwidth fullwidth-box fusion-builder-row-13 fusion-flex-container has-pattern-background has-mask-background nonhundred-percent-fullwidth non-hundred-percent-height-scrolling\" style=\"--awb-border-color:#000000;--awb-border-radius-top-left:0px;--awb-border-radius-top-right:0px;--awb-border-radius-bottom-right:0px;--awb-border-radius-bottom-left:0px;--awb-padding-top:30px;--awb-padding-bottom:40px;--awb-margin-top:0px;--awb-margin-bottom:0px;--awb-background-color:#ffffff;--awb-flex-wrap:wrap;\" ><div class=\"fusion-builder-row fusion-row fusion-flex-align-items-flex-start fusion-flex-content-wrap\" style=\"max-width:1248px;margin-left: calc(-4% \/ 2 );margin-right: calc(-4% \/ 2 );\"><div class=\"fusion-layout-column fusion_builder_column fusion-builder-column-13 fusion_builder_column_1_1 1_1 fusion-flex-column\" style=\"--awb-bg-size:cover;--awb-width-large:100%;--awb-margin-top-large:0px;--awb-spacing-right-large:1.92%;--awb-margin-bottom-large:20px;--awb-spacing-left-large:1.92%;--awb-width-medium:100%;--awb-order-medium:0;--awb-spacing-right-medium:1.92%;--awb-spacing-left-medium:1.92%;--awb-width-small:100%;--awb-order-small:0;--awb-spacing-right-small:1.92%;--awb-spacing-left-small:1.92%;\"><div class=\"fusion-column-wrapper fusion-column-has-shadow fusion-flex-justify-content-flex-start fusion-content-layout-column\"><div class=\"fusion-separator fusion-full-width-sep\" style=\"align-self: center;margin-left: auto;margin-right: auto;margin-bottom:20px;width:100%;\"><div class=\"fusion-separator-border sep-single sep-solid\" style=\"--awb-height:20px;--awb-amount:20px;--awb-sep-color:#f29209;border-color:#f29209;border-top-width:1px;\"><\/div><\/div><\/div><\/div><div class=\"fusion-layout-column fusion_builder_column fusion-builder-column-14 fusion_builder_column_1_1 1_1 fusion-flex-column\" style=\"--awb-bg-size:cover;--awb-width-large:100%;--awb-margin-top-large:0px;--awb-spacing-right-large:1.92%;--awb-margin-bottom-large:20px;--awb-spacing-left-large:1.92%;--awb-width-medium:100%;--awb-order-medium:0;--awb-spacing-right-medium:1.92%;--awb-spacing-left-medium:1.92%;--awb-width-small:100%;--awb-order-small:0;--awb-spacing-right-small:1.92%;--awb-spacing-left-small:1.92%;\"><div class=\"fusion-column-wrapper fusion-column-has-shadow fusion-flex-justify-content-flex-start fusion-content-layout-column\"><div class=\"fusion-text fusion-text-5\"><p style=\"text-align: center;\"><span style=\"color: #000000;\"><strong>Follow us<\/strong><\/span><\/p>\n<\/div><div class=\"fusion-social-links fusion-social-links-1\" style=\"--awb-margin-top:0px;--awb-margin-right:0px;--awb-margin-bottom:0px;--awb-margin-left:0px;--awb-alignment:center;--awb-box-border-top:0px;--awb-box-border-right:0px;--awb-box-border-bottom:0px;--awb-box-border-left:0px;--awb-icon-colors-hover:rgba(158,160,164,0.8);--awb-box-colors-hover:rgba(242,243,245,0.8);--awb-box-border-color:var(--awb-color3);--awb-box-border-color-hover:var(--awb-color4);\"><div class=\"fusion-social-networks color-type-custom\"><div class=\"fusion-social-networks-wrapper\"><a class=\"fusion-social-network-icon fusion-tooltip fusion-facebook awb-icon-facebook\" style=\"color:black;font-size:42px;\" data-placement=\"top\" data-title=\"Facebook\" data-toggle=\"tooltip\" title=\"Facebook\" aria-label=\"facebook\" target=\"_blank\" rel=\"noopener noreferrer\" href=\"https:\/\/www.facebook.com\/Accademia-Gustav-Mahler-Akademie-707168219385394\"><\/a><a class=\"fusion-social-network-icon fusion-tooltip fusion-instagram awb-icon-instagram\" style=\"color:black;font-size:42px;\" data-placement=\"top\" data-title=\"Instagram\" data-toggle=\"tooltip\" title=\"Instagram\" aria-label=\"instagram\" target=\"_blank\" rel=\"noopener noreferrer\" href=\"https:\/\/www.instagram.com\/gustavmahleracademy\/\"><\/a><\/div><\/div><\/div><\/div><\/div><div class=\"fusion-layout-column fusion_builder_column fusion-builder-column-15 fusion_builder_column_1_1 1_1 fusion-flex-column\" style=\"--awb-bg-size:cover;--awb-width-large:100%;--awb-margin-top-large:0px;--awb-spacing-right-large:1.92%;--awb-margin-bottom-large:20px;--awb-spacing-left-large:1.92%;--awb-width-medium:100%;--awb-order-medium:0;--awb-spacing-right-medium:1.92%;--awb-spacing-left-medium:1.92%;--awb-width-small:100%;--awb-order-small:0;--awb-spacing-right-small:1.92%;--awb-spacing-left-small:1.92%;\"><div class=\"fusion-column-wrapper fusion-column-has-shadow fusion-flex-justify-content-flex-start fusion-content-layout-column\"><div class=\"fusion-separator fusion-full-width-sep\" style=\"align-self: center;margin-left: auto;margin-right: auto;margin-bottom:20px;width:100%;\"><div class=\"fusion-separator-border sep-single sep-solid\" style=\"--awb-height:20px;--awb-amount:20px;--awb-sep-color:#f29209;border-color:#f29209;border-top-width:1px;\"><\/div><\/div><\/div><\/div><\/div><\/div><div class=\"fusion-fullwidth fullwidth-box fusion-builder-row-14 fusion-flex-container has-pattern-background has-mask-background nonhundred-percent-fullwidth non-hundred-percent-height-scrolling\" style=\"--awb-border-radius-top-left:0px;--awb-border-radius-top-right:0px;--awb-border-radius-bottom-right:0px;--awb-border-radius-bottom-left:0px;--awb-padding-right:30px;--awb-padding-left:30px;--awb-padding-top-small:20px;--awb-background-color:#ffffff;--awb-flex-wrap:wrap;\" ><div class=\"fusion-builder-row fusion-row fusion-flex-align-items-center fusion-flex-content-wrap\" style=\"max-width:1248px;margin-left: calc(-4% \/ 2 );margin-right: calc(-4% \/ 2 );\"><div class=\"fusion-layout-column fusion_builder_column fusion-builder-column-16 fusion_builder_column_1_1 1_1 fusion-flex-column fusion-flex-align-self-flex-start\" style=\"--awb-padding-right:80px;--awb-padding-left:40px;--awb-bg-size:cover;--awb-width-large:100%;--awb-margin-top-large:50px;--awb-spacing-right-large:1.92%;--awb-margin-bottom-large:20px;--awb-spacing-left-large:1.92%;--awb-width-medium:100%;--awb-order-medium:0;--awb-spacing-right-medium:1.92%;--awb-spacing-left-medium:1.92%;--awb-width-small:100%;--awb-order-small:0;--awb-spacing-right-small:1.92%;--awb-spacing-left-small:1.92%;\" data-scroll-devices=\"small-visibility,medium-visibility,large-visibility\"><div class=\"fusion-column-wrapper fusion-column-has-shadow fusion-flex-justify-content-flex-start fusion-content-layout-row\"><div class=\"fusion-text fusion-text-6\"><p><strong><span style=\"font-size: 24px;\">Ferruccio Busoni &#8211; Gustav Mahler Foundation<\/span><\/strong><\/p>\n<\/div><\/div><\/div><div class=\"fusion-layout-column fusion_builder_column fusion-builder-column-17 fusion_builder_column_1_2 1_2 fusion-flex-column fusion-flex-align-self-flex-start\" style=\"--awb-padding-right:80px;--awb-padding-left:40px;--awb-bg-size:cover;--awb-width-large:50%;--awb-margin-top-large:0px;--awb-spacing-right-large:3.84%;--awb-margin-bottom-large:20px;--awb-spacing-left-large:3.84%;--awb-width-medium:50%;--awb-order-medium:0;--awb-spacing-right-medium:3.84%;--awb-spacing-left-medium:3.84%;--awb-width-small:100%;--awb-order-small:0;--awb-spacing-right-small:1.92%;--awb-spacing-left-small:1.92%;\" data-scroll-devices=\"small-visibility,medium-visibility,large-visibility\"><div class=\"fusion-column-wrapper fusion-column-has-shadow fusion-flex-justify-content-flex-start fusion-content-layout-row\"><div class=\"fusion-text fusion-text-7\"><p style=\"text-align: left;\"><strong>Founding Partner<\/strong><\/p>\n<\/div><div class=\"fusion-builder-row fusion-builder-row-inner fusion-row fusion-flex-align-items-center fusion-flex-content-wrap\" style=\"--awb-flex-grow:0;--awb-flex-grow-medium:0;--awb-flex-grow-small:0;--awb-flex-shrink:0;--awb-flex-shrink-medium:0;--awb-flex-shrink-small:0;width:104% !important;max-width:104% !important;margin-left: calc(-4% \/ 2 );margin-right: calc(-4% \/ 2 );\"><div class=\"fusion-layout-column fusion_builder_column_inner fusion-builder-nested-column-4 fusion_builder_column_inner_1_2 1_2 fusion-flex-column fusion-flex-align-self-flex-start\" style=\"--awb-bg-size:cover;--awb-width-large:50%;--awb-margin-top-large:0px;--awb-spacing-right-large:3.84%;--awb-margin-bottom-large:20px;--awb-spacing-left-large:3.84%;--awb-width-medium:50%;--awb-order-medium:0;--awb-spacing-right-medium:3.84%;--awb-spacing-left-medium:3.84%;--awb-width-small:100%;--awb-order-small:0;--awb-spacing-right-small:1.92%;--awb-spacing-left-small:1.92%;\" data-scroll-devices=\"small-visibility,medium-visibility,large-visibility\"><div class=\"fusion-column-wrapper fusion-column-has-shadow fusion-flex-justify-content-flex-start fusion-content-layout-row\"><div class=\"fusion-image-element\" style=\"text-align:center;--awb-max-width:100%;--awb-caption-title-font-family:var(--h2_typography-font-family);--awb-caption-title-font-weight:var(--h2_typography-font-weight);--awb-caption-title-font-style:var(--h2_typography-font-style);--awb-caption-title-size:var(--h2_typography-font-size);--awb-caption-title-transform:var(--h2_typography-text-transform);--awb-caption-title-line-height:var(--h2_typography-line-height);--awb-caption-title-letter-spacing:var(--h2_typography-letter-spacing);\"><span class=\" fusion-imageframe imageframe-none imageframe-3 hover-type-none\"><a class=\"fusion-no-lightbox\" href=\"https:\/\/opencity.comune.bolzano.it\/\" target=\"_blank\" aria-label=\"logo-Bolzano\" rel=\"noopener noreferrer\"><img decoding=\"async\" width=\"125\" height=\"55\" src=\"https:\/\/www.busoni-mahler.eu\/wp-content\/uploads\/2020\/10\/logo-Bolzano.jpg\" alt class=\"img-responsive wp-image-5889\"\/><\/a><\/span><\/div><\/div><\/div><div class=\"fusion-layout-column fusion_builder_column_inner fusion-builder-nested-column-5 fusion_builder_column_inner_1_2 1_2 fusion-flex-column\" style=\"--awb-bg-size:cover;--awb-width-large:50%;--awb-margin-top-large:0px;--awb-spacing-right-large:3.84%;--awb-margin-bottom-large:20px;--awb-spacing-left-large:3.84%;--awb-width-medium:50%;--awb-order-medium:0;--awb-spacing-right-medium:3.84%;--awb-spacing-left-medium:3.84%;--awb-width-small:100%;--awb-order-small:0;--awb-spacing-right-small:1.92%;--awb-spacing-left-small:1.92%;\"><div class=\"fusion-column-wrapper fusion-column-has-shadow fusion-flex-justify-content-flex-start fusion-content-layout-column\"><div class=\"fusion-image-element\" style=\"text-align:center;--awb-max-width:100%;--awb-caption-title-font-family:var(--h2_typography-font-family);--awb-caption-title-font-weight:var(--h2_typography-font-weight);--awb-caption-title-font-style:var(--h2_typography-font-style);--awb-caption-title-size:var(--h2_typography-font-size);--awb-caption-title-transform:var(--h2_typography-text-transform);--awb-caption-title-line-height:var(--h2_typography-line-height);--awb-caption-title-letter-spacing:var(--h2_typography-letter-spacing);\"><span class=\" fusion-imageframe imageframe-none imageframe-4 hover-type-none\"><a class=\"fusion-no-lightbox\" href=\"https:\/\/opencity.comune.bolzano.it\/\" target=\"_blank\" rel=\"noopener noreferrer\"><img decoding=\"async\" src=\"https:\/\/www.busoni-mahler.eu\/wp-content\/uploads\/2024\/06\/Logo_BBCOM_Orizz-Integrale-Unesco-copia-scaled.jpg\" alt class=\"img-responsive\"\/><\/a><\/span><\/div><\/div><\/div><\/div><\/div><\/div><div class=\"fusion-layout-column fusion_builder_column fusion-builder-column-18 fusion_builder_column_1_2 1_2 fusion-flex-column fusion-flex-align-self-flex-start\" style=\"--awb-padding-right:40px;--awb-padding-left:40px;--awb-bg-size:cover;--awb-width-large:50%;--awb-margin-top-large:0px;--awb-spacing-right-large:3.84%;--awb-margin-bottom-large:20px;--awb-spacing-left-large:3.84%;--awb-width-medium:50%;--awb-order-medium:0;--awb-spacing-right-medium:3.84%;--awb-spacing-left-medium:3.84%;--awb-width-small:100%;--awb-order-small:0;--awb-spacing-right-small:1.92%;--awb-spacing-left-small:1.92%;\" data-scroll-devices=\"small-visibility,medium-visibility,large-visibility\"><div class=\"fusion-column-wrapper fusion-column-has-shadow fusion-flex-justify-content-flex-start fusion-content-layout-row\"><div class=\"fusion-text fusion-text-8\"><p style=\"text-align: left;\"><strong>Main Public Supporters<\/strong><\/p>\n<\/div><div class=\"fusion-builder-row fusion-builder-row-inner fusion-row fusion-flex-align-items-center fusion-flex-content-wrap\" style=\"--awb-flex-grow:0;--awb-flex-grow-medium:0;--awb-flex-grow-small:0;--awb-flex-shrink:0;--awb-flex-shrink-medium:0;--awb-flex-shrink-small:0;width:104% !important;max-width:104% !important;margin-left: calc(-4% \/ 2 );margin-right: calc(-4% \/ 2 );\"><div class=\"fusion-layout-column fusion_builder_column_inner fusion-builder-nested-column-6 fusion_builder_column_inner_1_2 1_2 fusion-flex-column\" style=\"--awb-bg-size:cover;--awb-width-large:50%;--awb-margin-top-large:0px;--awb-spacing-right-large:3.84%;--awb-margin-bottom-large:20px;--awb-spacing-left-large:3.84%;--awb-width-medium:50%;--awb-order-medium:0;--awb-spacing-right-medium:3.84%;--awb-spacing-left-medium:3.84%;--awb-width-small:100%;--awb-order-small:0;--awb-spacing-right-small:1.92%;--awb-spacing-left-small:1.92%;\" data-scroll-devices=\"small-visibility,medium-visibility,large-visibility\"><div class=\"fusion-column-wrapper fusion-column-has-shadow fusion-flex-justify-content-flex-start fusion-content-layout-column\"><div class=\"fusion-image-element sm-text-align-center\" style=\"text-align:left;--awb-max-width:100%;--awb-caption-title-font-family:var(--h2_typography-font-family);--awb-caption-title-font-weight:var(--h2_typography-font-weight);--awb-caption-title-font-style:var(--h2_typography-font-style);--awb-caption-title-size:var(--h2_typography-font-size);--awb-caption-title-transform:var(--h2_typography-text-transform);--awb-caption-title-line-height:var(--h2_typography-line-height);--awb-caption-title-letter-spacing:var(--h2_typography-letter-spacing);\"><span class=\" fusion-imageframe imageframe-none imageframe-5 hover-type-none\"><a class=\"fusion-no-lightbox\" href=\"https:\/\/www.beniculturali.it\/\" target=\"_blank\" rel=\"noopener noreferrer\"><img decoding=\"async\" src=\"https:\/\/www.busoni-mahler.eu\/wp-content\/uploads\/2021\/07\/MiC_logo_esteso_BLU-2.png\" alt class=\"img-responsive\"\/><\/a><\/span><\/div><\/div><\/div><div class=\"fusion-layout-column fusion_builder_column_inner fusion-builder-nested-column-7 fusion_builder_column_inner_1_2 1_2 fusion-flex-column\" style=\"--awb-bg-size:cover;--awb-width-large:50%;--awb-margin-top-large:0px;--awb-spacing-right-large:3.84%;--awb-margin-bottom-large:20px;--awb-spacing-left-large:3.84%;--awb-width-medium:50%;--awb-order-medium:0;--awb-spacing-right-medium:3.84%;--awb-spacing-left-medium:3.84%;--awb-width-small:100%;--awb-order-small:0;--awb-spacing-right-small:1.92%;--awb-spacing-left-small:1.92%;\" data-scroll-devices=\"small-visibility,medium-visibility,large-visibility\"><div class=\"fusion-column-wrapper fusion-column-has-shadow fusion-flex-justify-content-flex-start fusion-content-layout-column\"><div class=\"fusion-image-element sm-text-align-center\" style=\"text-align:left;--awb-max-width:100%;--awb-caption-title-font-family:var(--h2_typography-font-family);--awb-caption-title-font-weight:var(--h2_typography-font-weight);--awb-caption-title-font-style:var(--h2_typography-font-style);--awb-caption-title-size:var(--h2_typography-font-size);--awb-caption-title-transform:var(--h2_typography-text-transform);--awb-caption-title-line-height:var(--h2_typography-line-height);--awb-caption-title-letter-spacing:var(--h2_typography-letter-spacing);\"><span class=\" fusion-imageframe imageframe-none imageframe-6 hover-type-none\"><a class=\"fusion-no-lightbox\" href=\"https:\/\/www.regione.taa.it\/\" target=\"_blank\" rel=\"noopener noreferrer\"><img decoding=\"async\" src=\"https:\/\/www.busoni-mahler.eu\/wp-content\/uploads\/2020\/12\/logo-Regione-1-1.gif\" alt class=\"img-responsive\"\/><\/a><\/span><\/div><\/div><\/div><\/div><\/div><\/div><div class=\"fusion-layout-column fusion_builder_column fusion-builder-column-19 fusion_builder_column_1_1 1_1 fusion-flex-column fusion-flex-align-self-flex-start\" style=\"--awb-padding-right:40px;--awb-padding-left:40px;--awb-bg-size:cover;--awb-width-large:100%;--awb-margin-top-large:0px;--awb-spacing-right-large:1.92%;--awb-margin-bottom-large:20px;--awb-spacing-left-large:1.92%;--awb-width-medium:100%;--awb-order-medium:0;--awb-spacing-right-medium:1.92%;--awb-spacing-left-medium:1.92%;--awb-width-small:100%;--awb-order-small:0;--awb-spacing-right-small:1.92%;--awb-spacing-left-small:1.92%;\" data-scroll-devices=\"small-visibility,medium-visibility,large-visibility\"><div class=\"fusion-column-wrapper fusion-column-has-shadow fusion-flex-justify-content-flex-start fusion-content-layout-row\"><div class=\"fusion-text fusion-text-9\"><p style=\"text-align: left;\"><strong>Public Supporters<\/strong><\/p>\n<\/div><div class=\"fusion-builder-row fusion-builder-row-inner fusion-row fusion-flex-align-items-center fusion-flex-content-wrap\" style=\"--awb-flex-grow:0;--awb-flex-grow-medium:0;--awb-flex-grow-small:0;--awb-flex-shrink:0;--awb-flex-shrink-medium:0;--awb-flex-shrink-small:0;width:104% !important;max-width:104% !important;margin-left: calc(-4% \/ 2 );margin-right: calc(-4% \/ 2 );\"><div class=\"fusion-layout-column fusion_builder_column_inner fusion-builder-nested-column-8 fusion_builder_column_inner_1_5 1_5 fusion-flex-column\" style=\"--awb-bg-size:cover;--awb-width-large:20%;--awb-margin-top-large:0px;--awb-spacing-right-large:9.6%;--awb-margin-bottom-large:20px;--awb-spacing-left-large:9.6%;--awb-width-medium:20%;--awb-order-medium:0;--awb-spacing-right-medium:9.6%;--awb-spacing-left-medium:9.6%;--awb-width-small:100%;--awb-order-small:0;--awb-spacing-right-small:1.92%;--awb-spacing-left-small:1.92%;\" data-scroll-devices=\"small-visibility,medium-visibility,large-visibility\"><div class=\"fusion-column-wrapper fusion-column-has-shadow fusion-flex-justify-content-flex-start fusion-content-layout-column\"><div class=\"fusion-image-element sm-text-align-center\" style=\"text-align:left;--awb-max-width:100%;--awb-caption-title-font-family:var(--h2_typography-font-family);--awb-caption-title-font-weight:var(--h2_typography-font-weight);--awb-caption-title-font-style:var(--h2_typography-font-style);--awb-caption-title-size:var(--h2_typography-font-size);--awb-caption-title-transform:var(--h2_typography-text-transform);--awb-caption-title-line-height:var(--h2_typography-line-height);--awb-caption-title-letter-spacing:var(--h2_typography-letter-spacing);\"><span class=\" fusion-imageframe imageframe-none imageframe-7 hover-type-none\"><a class=\"fusion-no-lightbox\" href=\"https:\/\/www.suedtirol.info\/it\/it\" target=\"_blank\" rel=\"noopener noreferrer\"><img decoding=\"async\" src=\"https:\/\/www.busoni-mahler.eu\/wp-content\/uploads\/2024\/06\/SUED-Badge_Outline_RGB_S-e1717426846656.png\" alt class=\"img-responsive\"\/><\/a><\/span><\/div><\/div><\/div><div class=\"fusion-layout-column fusion_builder_column_inner fusion-builder-nested-column-9 fusion_builder_column_inner_1_5 1_5 fusion-flex-column\" style=\"--awb-bg-size:cover;--awb-width-large:20%;--awb-margin-top-large:0px;--awb-spacing-right-large:9.6%;--awb-margin-bottom-large:20px;--awb-spacing-left-large:9.6%;--awb-width-medium:20%;--awb-order-medium:0;--awb-spacing-right-medium:9.6%;--awb-spacing-left-medium:9.6%;--awb-width-small:100%;--awb-order-small:0;--awb-spacing-right-small:1.92%;--awb-spacing-left-small:1.92%;\"><div class=\"fusion-column-wrapper fusion-column-has-shadow fusion-flex-justify-content-flex-start fusion-content-layout-column\"><div class=\"fusion-image-element sm-text-align-center\" style=\"text-align:left;--awb-max-width:100%;--awb-caption-title-font-family:var(--h2_typography-font-family);--awb-caption-title-font-weight:var(--h2_typography-font-weight);--awb-caption-title-font-style:var(--h2_typography-font-style);--awb-caption-title-size:var(--h2_typography-font-size);--awb-caption-title-transform:var(--h2_typography-text-transform);--awb-caption-title-line-height:var(--h2_typography-line-height);--awb-caption-title-letter-spacing:var(--h2_typography-letter-spacing);\"><span class=\" fusion-imageframe imageframe-none imageframe-8 hover-type-none\"><a class=\"fusion-no-lightbox\" href=\"https:\/\/home.provincia.bz.it\/it\/home\" target=\"_blank\" rel=\"noopener noreferrer\"><img decoding=\"async\" src=\"https:\/\/www.busoni-mahler.eu\/wp-content\/uploads\/2020\/12\/Stemma-provinciale-bilingue-4-righe-1.gif\" alt class=\"img-responsive\"\/><\/a><\/span><\/div><\/div><\/div><div class=\"fusion-layout-column fusion_builder_column_inner fusion-builder-nested-column-10 fusion_builder_column_inner_1_5 1_5 fusion-flex-column\" style=\"--awb-bg-size:cover;--awb-width-large:20%;--awb-margin-top-large:0px;--awb-spacing-right-large:9.6%;--awb-margin-bottom-large:20px;--awb-spacing-left-large:9.6%;--awb-width-medium:20%;--awb-order-medium:0;--awb-spacing-right-medium:9.6%;--awb-spacing-left-medium:9.6%;--awb-width-small:100%;--awb-order-small:0;--awb-spacing-right-small:1.92%;--awb-spacing-left-small:1.92%;\"><div class=\"fusion-column-wrapper fusion-column-has-shadow fusion-flex-justify-content-flex-start fusion-content-layout-column\"><div class=\"fusion-image-element\" style=\"text-align:left;--awb-caption-title-font-family:var(--h2_typography-font-family);--awb-caption-title-font-weight:var(--h2_typography-font-weight);--awb-caption-title-font-style:var(--h2_typography-font-style);--awb-caption-title-size:var(--h2_typography-font-size);--awb-caption-title-transform:var(--h2_typography-text-transform);--awb-caption-title-line-height:var(--h2_typography-line-height);--awb-caption-title-letter-spacing:var(--h2_typography-letter-spacing);\"><span class=\" fusion-imageframe imageframe-none imageframe-9 hover-type-none\"><a class=\"fusion-no-lightbox\" href=\"https:\/\/www.handelskammer.bz.it\/de\" target=\"_blank\" rel=\"noopener noreferrer\"><img decoding=\"async\" src=\"https:\/\/www.busoni-mahler.eu\/wp-content\/uploads\/2020\/12\/HK-Logo-ohne-Claim-1.gif\" alt class=\"img-responsive\"\/><\/a><\/span><\/div><\/div><\/div><div class=\"fusion-layout-column fusion_builder_column_inner fusion-builder-nested-column-11 fusion_builder_column_inner_1_5 1_5 fusion-flex-column\" style=\"--awb-bg-size:cover;--awb-width-large:20%;--awb-margin-top-large:0px;--awb-spacing-right-large:9.6%;--awb-margin-bottom-large:20px;--awb-spacing-left-large:9.6%;--awb-width-medium:20%;--awb-order-medium:0;--awb-spacing-right-medium:9.6%;--awb-spacing-left-medium:9.6%;--awb-width-small:100%;--awb-order-small:0;--awb-spacing-right-small:1.92%;--awb-spacing-left-small:1.92%;\"><div class=\"fusion-column-wrapper fusion-column-has-shadow fusion-flex-justify-content-flex-start fusion-content-layout-column\"><div class=\"fusion-image-element\" style=\"text-align:left;--awb-caption-title-font-family:var(--h2_typography-font-family);--awb-caption-title-font-weight:var(--h2_typography-font-weight);--awb-caption-title-font-style:var(--h2_typography-font-style);--awb-caption-title-size:var(--h2_typography-font-size);--awb-caption-title-transform:var(--h2_typography-text-transform);--awb-caption-title-line-height:var(--h2_typography-line-height);--awb-caption-title-letter-spacing:var(--h2_typography-letter-spacing);\"><span class=\" fusion-imageframe imageframe-none imageframe-10 hover-type-none\"><a class=\"fusion-no-lightbox\" href=\"https:\/\/www.bolzano-bozen.it\/it\/\" target=\"_blank\" rel=\"noopener noreferrer\"><img decoding=\"async\" src=\"https:\/\/www.busoni-mahler.eu\/wp-content\/uploads\/2020\/12\/logo_bolzano_bozen_medium-1.gif\" alt class=\"img-responsive\"\/><\/a><\/span><\/div><\/div><\/div><div class=\"fusion-layout-column fusion_builder_column_inner fusion-builder-nested-column-12 fusion_builder_column_inner_1_5 1_5 fusion-flex-column\" style=\"--awb-bg-size:cover;--awb-width-large:20%;--awb-margin-top-large:0px;--awb-spacing-right-large:9.6%;--awb-margin-bottom-large:20px;--awb-spacing-left-large:9.6%;--awb-width-medium:20%;--awb-order-medium:0;--awb-spacing-right-medium:9.6%;--awb-spacing-left-medium:9.6%;--awb-width-small:100%;--awb-order-small:0;--awb-spacing-right-small:1.92%;--awb-spacing-left-small:1.92%;\"><div class=\"fusion-column-wrapper fusion-column-has-shadow fusion-flex-justify-content-flex-start fusion-content-layout-column\"><div class=\"fusion-image-element\" style=\"text-align:left;--awb-caption-title-font-family:var(--h2_typography-font-family);--awb-caption-title-font-weight:var(--h2_typography-font-weight);--awb-caption-title-font-style:var(--h2_typography-font-style);--awb-caption-title-size:var(--h2_typography-font-size);--awb-caption-title-transform:var(--h2_typography-text-transform);--awb-caption-title-line-height:var(--h2_typography-line-height);--awb-caption-title-letter-spacing:var(--h2_typography-letter-spacing);\"><span class=\" fusion-imageframe imageframe-none imageframe-11 hover-type-none\"><a class=\"fusion-no-lightbox\" href=\"https:\/\/www.stiftungsparkasse.it\/\" target=\"_blank\" rel=\"noopener noreferrer\"><img decoding=\"async\" src=\"https:\/\/www.busoni-mahler.eu\/wp-content\/uploads\/2023\/07\/Logo-StSpk2-4.png\" alt class=\"img-responsive\"\/><\/a><\/span><\/div><\/div><\/div><\/div><\/div><\/div><div class=\"fusion-layout-column fusion_builder_column fusion-builder-column-20 fusion_builder_column_1_1 1_1 fusion-flex-column fusion-flex-align-self-center\" style=\"--awb-padding-right:40px;--awb-padding-left:40px;--awb-bg-size:cover;--awb-width-large:100%;--awb-margin-top-large:0px;--awb-spacing-right-large:1.92%;--awb-margin-bottom-large:20px;--awb-spacing-left-large:1.92%;--awb-width-medium:100%;--awb-order-medium:0;--awb-spacing-right-medium:1.92%;--awb-spacing-left-medium:1.92%;--awb-width-small:100%;--awb-order-small:0;--awb-spacing-right-small:1.92%;--awb-spacing-left-small:1.92%;\" data-scroll-devices=\"small-visibility,medium-visibility,large-visibility\"><div class=\"fusion-column-wrapper fusion-column-has-shadow fusion-flex-justify-content-flex-start fusion-content-layout-row\"><div class=\"fusion-text fusion-text-10\"><p style=\"text-align: left;\"><strong>Partners<\/strong><\/p>\n<\/div><div class=\"fusion-builder-row fusion-builder-row-inner fusion-row fusion-flex-align-items-center fusion-flex-content-wrap\" style=\"--awb-flex-grow:0;--awb-flex-grow-medium:0;--awb-flex-grow-small:0;--awb-flex-shrink:0;--awb-flex-shrink-medium:0;--awb-flex-shrink-small:0;width:104% !important;max-width:104% !important;margin-left: calc(-4% \/ 2 );margin-right: calc(-4% \/ 2 );\"><div class=\"fusion-layout-column fusion_builder_column_inner fusion-builder-nested-column-13 fusion_builder_column_inner_1_5 1_5 fusion-flex-column\" style=\"--awb-bg-size:cover;--awb-width-large:20%;--awb-margin-top-large:0px;--awb-spacing-right-large:9.6%;--awb-margin-bottom-large:20px;--awb-spacing-left-large:9.6%;--awb-width-medium:20%;--awb-order-medium:0;--awb-spacing-right-medium:9.6%;--awb-spacing-left-medium:9.6%;--awb-width-small:100%;--awb-order-small:0;--awb-spacing-right-small:1.92%;--awb-spacing-left-small:1.92%;\"><div class=\"fusion-column-wrapper fusion-column-has-shadow fusion-flex-justify-content-flex-start fusion-content-layout-column\"><div class=\"fusion-image-element\" style=\"text-align:left;--awb-caption-title-font-family:var(--h2_typography-font-family);--awb-caption-title-font-weight:var(--h2_typography-font-weight);--awb-caption-title-font-style:var(--h2_typography-font-style);--awb-caption-title-size:var(--h2_typography-font-size);--awb-caption-title-transform:var(--h2_typography-text-transform);--awb-caption-title-line-height:var(--h2_typography-line-height);--awb-caption-title-letter-spacing:var(--h2_typography-letter-spacing);\"><span class=\" fusion-imageframe imageframe-none imageframe-12 hover-type-none\"><a class=\"fusion-no-lightbox\" href=\"https:\/\/www.haydn.it\/\" target=\"_blank\" rel=\"noopener noreferrer\"><img decoding=\"async\" src=\"https:\/\/www.busoni-mahler.eu\/wp-content\/uploads\/2024\/06\/HAYDN_2019_Logo_black-e1717427237413.png\" alt class=\"img-responsive\"\/><\/a><\/span><\/div><\/div><\/div><div class=\"fusion-layout-column fusion_builder_column_inner fusion-builder-nested-column-14 fusion_builder_column_inner_1_5 1_5 fusion-flex-column\" style=\"--awb-bg-size:cover;--awb-width-large:20%;--awb-margin-top-large:0px;--awb-spacing-right-large:9.6%;--awb-margin-bottom-large:20px;--awb-spacing-left-large:9.6%;--awb-width-medium:20%;--awb-order-medium:0;--awb-spacing-right-medium:9.6%;--awb-spacing-left-medium:9.6%;--awb-width-small:100%;--awb-order-small:0;--awb-spacing-right-small:1.92%;--awb-spacing-left-small:1.92%;\"><div class=\"fusion-column-wrapper fusion-column-has-shadow fusion-flex-justify-content-flex-start fusion-content-layout-column\"><div class=\"fusion-image-element\" style=\"text-align:left;--awb-caption-title-font-family:var(--h2_typography-font-family);--awb-caption-title-font-weight:var(--h2_typography-font-weight);--awb-caption-title-font-style:var(--h2_typography-font-style);--awb-caption-title-size:var(--h2_typography-font-size);--awb-caption-title-transform:var(--h2_typography-text-transform);--awb-caption-title-line-height:var(--h2_typography-line-height);--awb-caption-title-letter-spacing:var(--h2_typography-letter-spacing);\"><span class=\" fusion-imageframe imageframe-none imageframe-13 hover-type-none\"><a class=\"fusion-no-lightbox\" href=\"https:\/\/cons.bz.it\/it\/\" target=\"_blank\" rel=\"noopener noreferrer\"><img decoding=\"async\" src=\"https:\/\/www.busoni-mahler.eu\/wp-content\/uploads\/2024\/06\/Logo-conservatorio_edited.jpg\" alt class=\"img-responsive\"\/><\/a><\/span><\/div><\/div><\/div><div class=\"fusion-layout-column fusion_builder_column_inner fusion-builder-nested-column-15 fusion_builder_column_inner_1_5 1_5 fusion-flex-column\" style=\"--awb-bg-size:cover;--awb-width-large:20%;--awb-margin-top-large:0px;--awb-spacing-right-large:9.6%;--awb-margin-bottom-large:20px;--awb-spacing-left-large:9.6%;--awb-width-medium:20%;--awb-order-medium:0;--awb-spacing-right-medium:9.6%;--awb-spacing-left-medium:9.6%;--awb-width-small:100%;--awb-order-small:0;--awb-spacing-right-small:1.92%;--awb-spacing-left-small:1.92%;\"><div class=\"fusion-column-wrapper fusion-column-has-shadow fusion-flex-justify-content-flex-start fusion-content-layout-column\"><div class=\"fusion-image-element\" style=\"text-align:left;--awb-caption-title-font-family:var(--h2_typography-font-family);--awb-caption-title-font-weight:var(--h2_typography-font-weight);--awb-caption-title-font-style:var(--h2_typography-font-style);--awb-caption-title-size:var(--h2_typography-font-size);--awb-caption-title-transform:var(--h2_typography-text-transform);--awb-caption-title-line-height:var(--h2_typography-line-height);--awb-caption-title-letter-spacing:var(--h2_typography-letter-spacing);\"><span class=\" fusion-imageframe imageframe-none imageframe-14 hover-type-none\"><a class=\"fusion-no-lightbox\" href=\"https:\/\/www.kulturzentrum-toblach.eu\/en\/welcome-1.html\" target=\"_blank\" rel=\"noopener noreferrer\"><img decoding=\"async\" src=\"https:\/\/www.busoni-mahler.eu\/wp-content\/uploads\/2024\/06\/TOblach.png\" alt class=\"img-responsive\"\/><\/a><\/span><\/div><\/div><\/div><div class=\"fusion-layout-column fusion_builder_column_inner fusion-builder-nested-column-16 fusion_builder_column_inner_1_5 1_5 fusion-flex-column\" style=\"--awb-bg-size:cover;--awb-width-large:20%;--awb-margin-top-large:0px;--awb-spacing-right-large:9.6%;--awb-margin-bottom-large:20px;--awb-spacing-left-large:9.6%;--awb-width-medium:20%;--awb-order-medium:0;--awb-spacing-right-medium:9.6%;--awb-spacing-left-medium:9.6%;--awb-width-small:100%;--awb-order-small:0;--awb-spacing-right-small:1.92%;--awb-spacing-left-small:1.92%;\" data-scroll-devices=\"small-visibility,medium-visibility,large-visibility\"><div class=\"fusion-column-wrapper fusion-column-has-shadow fusion-flex-justify-content-flex-start fusion-content-layout-row\"><div class=\"fusion-image-element\" style=\"text-align:left;--awb-caption-title-font-family:var(--h2_typography-font-family);--awb-caption-title-font-weight:var(--h2_typography-font-weight);--awb-caption-title-font-style:var(--h2_typography-font-style);--awb-caption-title-size:var(--h2_typography-font-size);--awb-caption-title-transform:var(--h2_typography-text-transform);--awb-caption-title-line-height:var(--h2_typography-line-height);--awb-caption-title-letter-spacing:var(--h2_typography-letter-spacing);\"><span class=\" fusion-imageframe imageframe-none imageframe-15 hover-type-none\"><a class=\"fusion-no-lightbox\" href=\"https:\/\/scuola-italiana.provincia.bz.it\/it\/scuole-musica\" target=\"_blank\" rel=\"noopener noreferrer\"><img decoding=\"async\" src=\"https:\/\/www.busoni-mahler.eu\/wp-content\/uploads\/2024\/06\/Vivaldi2-e1717428764635.png\" alt class=\"img-responsive\"\/><\/a><\/span><\/div><\/div><\/div><div class=\"fusion-layout-column fusion_builder_column_inner fusion-builder-nested-column-17 fusion_builder_column_inner_1_5 1_5 fusion-flex-column\" style=\"--awb-bg-size:cover;--awb-width-large:20%;--awb-margin-top-large:0px;--awb-spacing-right-large:9.6%;--awb-margin-bottom-large:20px;--awb-spacing-left-large:9.6%;--awb-width-medium:20%;--awb-order-medium:0;--awb-spacing-right-medium:9.6%;--awb-spacing-left-medium:9.6%;--awb-width-small:100%;--awb-order-small:0;--awb-spacing-right-small:1.92%;--awb-spacing-left-small:1.92%;\"><div class=\"fusion-column-wrapper fusion-column-has-shadow fusion-flex-justify-content-flex-start fusion-content-layout-column\"><div class=\"fusion-image-element\" style=\"text-align:left;--awb-caption-title-font-family:var(--h2_typography-font-family);--awb-caption-title-font-weight:var(--h2_typography-font-weight);--awb-caption-title-font-style:var(--h2_typography-font-style);--awb-caption-title-size:var(--h2_typography-font-size);--awb-caption-title-transform:var(--h2_typography-text-transform);--awb-caption-title-line-height:var(--h2_typography-line-height);--awb-caption-title-letter-spacing:var(--h2_typography-letter-spacing);\"><span class=\" fusion-imageframe imageframe-none imageframe-16 hover-type-none\"><a class=\"fusion-no-lightbox\" href=\"https:\/\/konzertverein.org\/\" target=\"_blank\" rel=\"noopener noreferrer\"><img decoding=\"async\" src=\"https:\/\/www.busoni-mahler.eu\/competition\/wp-content\/uploads\/2025\/05\/G.GUT_SCKV_Logo-DE-e1747044030121.webp\" alt class=\"img-responsive\"\/><\/a><\/span><\/div><\/div><\/div><div class=\"fusion-layout-column fusion_builder_column_inner fusion-builder-nested-column-18 fusion_builder_column_inner_1_5 1_5 fusion-flex-column\" style=\"--awb-bg-size:cover;--awb-width-large:20%;--awb-margin-top-large:0px;--awb-spacing-right-large:9.6%;--awb-margin-bottom-large:20px;--awb-spacing-left-large:9.6%;--awb-width-medium:20%;--awb-order-medium:0;--awb-spacing-right-medium:9.6%;--awb-spacing-left-medium:9.6%;--awb-width-small:100%;--awb-order-small:0;--awb-spacing-right-small:1.92%;--awb-spacing-left-small:1.92%;\"><div class=\"fusion-column-wrapper fusion-column-has-shadow fusion-flex-justify-content-flex-start fusion-content-layout-column\"><div class=\"fusion-image-element\" style=\"text-align:left;--awb-caption-title-font-family:var(--h2_typography-font-family);--awb-caption-title-font-weight:var(--h2_typography-font-weight);--awb-caption-title-font-style:var(--h2_typography-font-style);--awb-caption-title-size:var(--h2_typography-font-size);--awb-caption-title-transform:var(--h2_typography-text-transform);--awb-caption-title-line-height:var(--h2_typography-line-height);--awb-caption-title-letter-spacing:var(--h2_typography-letter-spacing);\"><span class=\" fusion-imageframe imageframe-none imageframe-17 hover-type-none\"><a class=\"fusion-no-lightbox\" href=\"https:\/\/www.filarmonica-trento.it\/\" target=\"_blank\" rel=\"noopener noreferrer\"><img decoding=\"async\" src=\"https:\/\/www.busoni-mahler.eu\/competition\/wp-content\/uploads\/2025\/05\/MARCHIO_FILARMONICA_NERO-e1747044147741.webp\" alt class=\"img-responsive\"\/><\/a><\/span><\/div><\/div><\/div><div class=\"fusion-layout-column fusion_builder_column_inner fusion-builder-nested-column-19 fusion_builder_column_inner_1_5 1_5 fusion-flex-column\" style=\"--awb-bg-size:cover;--awb-width-large:20%;--awb-margin-top-large:0px;--awb-spacing-right-large:9.6%;--awb-margin-bottom-large:20px;--awb-spacing-left-large:9.6%;--awb-width-medium:20%;--awb-order-medium:0;--awb-spacing-right-medium:9.6%;--awb-spacing-left-medium:9.6%;--awb-width-small:100%;--awb-order-small:0;--awb-spacing-right-small:1.92%;--awb-spacing-left-small:1.92%;\"><div class=\"fusion-column-wrapper fusion-column-has-shadow fusion-flex-justify-content-flex-start fusion-content-layout-column\"><div class=\"fusion-image-element\" style=\"text-align:left;--awb-caption-title-font-family:var(--h2_typography-font-family);--awb-caption-title-font-weight:var(--h2_typography-font-weight);--awb-caption-title-font-style:var(--h2_typography-font-style);--awb-caption-title-size:var(--h2_typography-font-size);--awb-caption-title-transform:var(--h2_typography-text-transform);--awb-caption-title-line-height:var(--h2_typography-line-height);--awb-caption-title-letter-spacing:var(--h2_typography-letter-spacing);\"><span class=\" fusion-imageframe imageframe-none imageframe-18 hover-type-none\"><a class=\"fusion-no-lightbox\" href=\"https:\/\/oci-piano.com\/en\/home\/\" target=\"_blank\" rel=\"noopener noreferrer\"><img decoding=\"async\" src=\"https:\/\/www.busoni-mahler.eu\/competition\/wp-content\/uploads\/2025\/05\/Concours-Orleans.webp\" alt class=\"img-responsive\"\/><\/a><\/span><\/div><\/div><\/div><\/div><\/div><\/div><div class=\"fusion-layout-column fusion_builder_column fusion-builder-column-21 fusion_builder_column_1_1 1_1 fusion-flex-column fusion-flex-align-self-flex-start\" style=\"--awb-padding-right:40px;--awb-padding-left:40px;--awb-bg-size:cover;--awb-width-large:100%;--awb-margin-top-large:0px;--awb-spacing-right-large:1.92%;--awb-margin-bottom-large:20px;--awb-spacing-left-large:1.92%;--awb-width-medium:100%;--awb-order-medium:0;--awb-spacing-right-medium:1.92%;--awb-spacing-left-medium:1.92%;--awb-width-small:100%;--awb-order-small:0;--awb-spacing-right-small:1.92%;--awb-spacing-left-small:1.92%;\" data-scroll-devices=\"small-visibility,medium-visibility,large-visibility\"><div class=\"fusion-column-wrapper fusion-column-has-shadow fusion-flex-justify-content-flex-start fusion-content-layout-row\"><div class=\"fusion-text fusion-text-11 fusion-text-no-margin\" style=\"--awb-margin-bottom:-20px;\"><p style=\"text-align: left;\"><strong>Sponsors &amp; Donators<\/strong><\/p>\n<\/div><div class=\"fusion-builder-row fusion-builder-row-inner fusion-row fusion-flex-align-items-center fusion-flex-content-wrap\" style=\"--awb-flex-grow:0;--awb-flex-grow-medium:0;--awb-flex-grow-small:0;--awb-flex-shrink:0;--awb-flex-shrink-medium:0;--awb-flex-shrink-small:0;width:104% !important;max-width:104% !important;margin-left: calc(-4% \/ 2 );margin-right: calc(-4% \/ 2 );\"><div class=\"fusion-layout-column fusion_builder_column_inner fusion-builder-nested-column-20 fusion_builder_column_inner_1_5 1_5 fusion-flex-column\" style=\"--awb-bg-size:cover;--awb-width-large:20%;--awb-margin-top-large:0px;--awb-spacing-right-large:9.6%;--awb-margin-bottom-large:20px;--awb-spacing-left-large:9.6%;--awb-width-medium:20%;--awb-order-medium:0;--awb-spacing-right-medium:9.6%;--awb-spacing-left-medium:9.6%;--awb-width-small:100%;--awb-order-small:0;--awb-spacing-right-small:1.92%;--awb-spacing-left-small:1.92%;\"><div class=\"fusion-column-wrapper fusion-column-has-shadow fusion-flex-justify-content-flex-start fusion-content-layout-column\"><div class=\"fusion-image-element\" style=\"text-align:left;--awb-caption-title-font-family:var(--h2_typography-font-family);--awb-caption-title-font-weight:var(--h2_typography-font-weight);--awb-caption-title-font-style:var(--h2_typography-font-style);--awb-caption-title-size:var(--h2_typography-font-size);--awb-caption-title-transform:var(--h2_typography-text-transform);--awb-caption-title-line-height:var(--h2_typography-line-height);--awb-caption-title-letter-spacing:var(--h2_typography-letter-spacing);\"><span class=\" fusion-imageframe imageframe-none imageframe-19 hover-type-none\"><a class=\"fusion-no-lightbox\" href=\"https:\/\/www.alperia.eu\/it\" target=\"_blank\" rel=\"noopener noreferrer\"><img decoding=\"async\" src=\"https:\/\/www.busoni-mahler.eu\/competition\/wp-content\/uploads\/2025\/05\/Sponsor7-e1747044275748.webp\" alt class=\"img-responsive\"\/><\/a><\/span><\/div><\/div><\/div><div class=\"fusion-layout-column fusion_builder_column_inner fusion-builder-nested-column-21 fusion_builder_column_inner_1_5 1_5 fusion-flex-column\" style=\"--awb-bg-size:cover;--awb-width-large:20%;--awb-margin-top-large:0px;--awb-spacing-right-large:9.6%;--awb-margin-bottom-large:20px;--awb-spacing-left-large:9.6%;--awb-width-medium:20%;--awb-order-medium:0;--awb-spacing-right-medium:9.6%;--awb-spacing-left-medium:9.6%;--awb-width-small:100%;--awb-order-small:0;--awb-spacing-right-small:1.92%;--awb-spacing-left-small:1.92%;\"><div class=\"fusion-column-wrapper fusion-column-has-shadow fusion-flex-justify-content-flex-start fusion-content-layout-column\"><div class=\"fusion-image-element\" style=\"text-align:left;--awb-caption-title-font-family:var(--h2_typography-font-family);--awb-caption-title-font-weight:var(--h2_typography-font-weight);--awb-caption-title-font-style:var(--h2_typography-font-style);--awb-caption-title-size:var(--h2_typography-font-size);--awb-caption-title-transform:var(--h2_typography-text-transform);--awb-caption-title-line-height:var(--h2_typography-line-height);--awb-caption-title-letter-spacing:var(--h2_typography-letter-spacing);\"><span class=\" fusion-imageframe imageframe-none imageframe-20 hover-type-none\"><a class=\"fusion-no-lightbox\" href=\"https:\/\/www.forst.it\/it\" target=\"_blank\" rel=\"noopener noreferrer\"><img decoding=\"async\" src=\"https:\/\/www.busoni-mahler.eu\/competition\/wp-content\/uploads\/2025\/05\/Sponsor2x-e1747044228817.webp\" alt class=\"img-responsive\"\/><\/a><\/span><\/div><\/div><\/div><div class=\"fusion-layout-column fusion_builder_column_inner fusion-builder-nested-column-22 fusion_builder_column_inner_1_5 1_5 fusion-flex-column\" style=\"--awb-bg-size:cover;--awb-width-large:20%;--awb-margin-top-large:0px;--awb-spacing-right-large:9.6%;--awb-margin-bottom-large:20px;--awb-spacing-left-large:9.6%;--awb-width-medium:20%;--awb-order-medium:0;--awb-spacing-right-medium:9.6%;--awb-spacing-left-medium:9.6%;--awb-width-small:100%;--awb-order-small:0;--awb-spacing-right-small:1.92%;--awb-spacing-left-small:1.92%;\" data-scroll-devices=\"small-visibility,medium-visibility,large-visibility\"><div class=\"fusion-column-wrapper fusion-column-has-shadow fusion-flex-justify-content-flex-start fusion-content-layout-row\"><div class=\"fusion-image-element\" style=\"text-align:left;--awb-caption-title-font-family:var(--h2_typography-font-family);--awb-caption-title-font-weight:var(--h2_typography-font-weight);--awb-caption-title-font-style:var(--h2_typography-font-style);--awb-caption-title-size:var(--h2_typography-font-size);--awb-caption-title-transform:var(--h2_typography-text-transform);--awb-caption-title-line-height:var(--h2_typography-line-height);--awb-caption-title-letter-spacing:var(--h2_typography-letter-spacing);\"><span class=\" fusion-imageframe imageframe-none imageframe-21 hover-type-none\"><a class=\"fusion-no-lightbox\" href=\"https:\/\/chrysantil.de\/\" target=\"_blank\" rel=\"noopener noreferrer\"><img decoding=\"async\" src=\"https:\/\/www.busoni-mahler.eu\/wp-content\/uploads\/2024\/06\/Senza-titolo-14_edited.jpg\" alt class=\"img-responsive\"\/><\/a><\/span><\/div><\/div><\/div><div class=\"fusion-layout-column fusion_builder_column_inner fusion-builder-nested-column-23 fusion_builder_column_inner_1_5 1_5 fusion-flex-column\" style=\"--awb-bg-size:cover;--awb-width-large:20%;--awb-margin-top-large:0px;--awb-spacing-right-large:9.6%;--awb-margin-bottom-large:20px;--awb-spacing-left-large:9.6%;--awb-width-medium:20%;--awb-order-medium:0;--awb-spacing-right-medium:9.6%;--awb-spacing-left-medium:9.6%;--awb-width-small:100%;--awb-order-small:0;--awb-spacing-right-small:1.92%;--awb-spacing-left-small:1.92%;\"><div class=\"fusion-column-wrapper fusion-column-has-shadow fusion-flex-justify-content-flex-start fusion-content-layout-column\"><div class=\"fusion-image-element\" style=\"text-align:left;--awb-caption-title-font-family:var(--h2_typography-font-family);--awb-caption-title-font-weight:var(--h2_typography-font-weight);--awb-caption-title-font-style:var(--h2_typography-font-style);--awb-caption-title-size:var(--h2_typography-font-size);--awb-caption-title-transform:var(--h2_typography-text-transform);--awb-caption-title-line-height:var(--h2_typography-line-height);--awb-caption-title-letter-spacing:var(--h2_typography-letter-spacing);\"><span class=\" fusion-imageframe imageframe-none imageframe-22 hover-type-none\"><a class=\"fusion-no-lightbox\" href=\"https:\/\/www.volksbank.it\/it\/home\" target=\"_blank\" rel=\"noopener noreferrer\"><img decoding=\"async\" src=\"https:\/\/www.busoni-mahler.eu\/competition\/wp-content\/uploads\/2025\/05\/Sponsor6.webp\" alt class=\"img-responsive\"\/><\/a><\/span><\/div><\/div><\/div><div class=\"fusion-layout-column fusion_builder_column_inner fusion-builder-nested-column-24 fusion_builder_column_inner_1_5 1_5 fusion-flex-column\" style=\"--awb-bg-size:cover;--awb-width-large:20%;--awb-margin-top-large:0px;--awb-spacing-right-large:9.6%;--awb-margin-bottom-large:20px;--awb-spacing-left-large:9.6%;--awb-width-medium:20%;--awb-order-medium:0;--awb-spacing-right-medium:9.6%;--awb-spacing-left-medium:9.6%;--awb-width-small:100%;--awb-order-small:0;--awb-spacing-right-small:1.92%;--awb-spacing-left-small:1.92%;\"><div class=\"fusion-column-wrapper fusion-column-has-shadow fusion-flex-justify-content-flex-start fusion-content-layout-column\"><div class=\"fusion-image-element\" style=\"text-align:left;--awb-caption-title-font-family:var(--h2_typography-font-family);--awb-caption-title-font-weight:var(--h2_typography-font-weight);--awb-caption-title-font-style:var(--h2_typography-font-style);--awb-caption-title-size:var(--h2_typography-font-size);--awb-caption-title-transform:var(--h2_typography-text-transform);--awb-caption-title-line-height:var(--h2_typography-line-height);--awb-caption-title-letter-spacing:var(--h2_typography-letter-spacing);\"><span class=\" fusion-imageframe imageframe-none imageframe-23 hover-type-none\"><a class=\"fusion-no-lightbox\" href=\"https:\/\/www.binder-world.com\/de-de\" target=\"_blank\" rel=\"noopener noreferrer\"><img decoding=\"async\" src=\"https:\/\/www.busoni-mahler.eu\/competition\/wp-content\/uploads\/2025\/05\/Sponsor.webp\" alt class=\"img-responsive\"\/><\/a><\/span><\/div><\/div><\/div><div class=\"fusion-layout-column fusion_builder_column_inner fusion-builder-nested-column-25 fusion_builder_column_inner_1_5 1_5 fusion-flex-column\" style=\"--awb-bg-size:cover;--awb-width-large:20%;--awb-margin-top-large:0px;--awb-spacing-right-large:9.6%;--awb-margin-bottom-large:20px;--awb-spacing-left-large:9.6%;--awb-width-medium:20%;--awb-order-medium:0;--awb-spacing-right-medium:9.6%;--awb-spacing-left-medium:9.6%;--awb-width-small:100%;--awb-order-small:0;--awb-spacing-right-small:1.92%;--awb-spacing-left-small:1.92%;\"><div class=\"fusion-column-wrapper fusion-column-has-shadow fusion-flex-justify-content-flex-start fusion-content-layout-column\"><div class=\"fusion-image-element\" style=\"text-align:left;--awb-caption-title-font-family:var(--h2_typography-font-family);--awb-caption-title-font-weight:var(--h2_typography-font-weight);--awb-caption-title-font-style:var(--h2_typography-font-style);--awb-caption-title-size:var(--h2_typography-font-size);--awb-caption-title-transform:var(--h2_typography-text-transform);--awb-caption-title-line-height:var(--h2_typography-line-height);--awb-caption-title-letter-spacing:var(--h2_typography-letter-spacing);\"><span class=\" fusion-imageframe imageframe-none imageframe-24 hover-type-none\"><a class=\"fusion-no-lightbox\" href=\"https:\/\/eu.steinway.com\/\" target=\"_blank\" rel=\"noopener noreferrer\"><img decoding=\"async\" src=\"https:\/\/www.busoni-mahler.eu\/wp-content\/uploads\/2024\/06\/Senza-titolo-12.png\" alt class=\"img-responsive\"\/><\/a><\/span><\/div><\/div><\/div><div class=\"fusion-layout-column fusion_builder_column_inner fusion-builder-nested-column-26 fusion_builder_column_inner_1_5 1_5 fusion-flex-column\" style=\"--awb-bg-size:cover;--awb-width-large:20%;--awb-margin-top-large:0px;--awb-spacing-right-large:9.6%;--awb-margin-bottom-large:20px;--awb-spacing-left-large:9.6%;--awb-width-medium:20%;--awb-order-medium:0;--awb-spacing-right-medium:9.6%;--awb-spacing-left-medium:9.6%;--awb-width-small:100%;--awb-order-small:0;--awb-spacing-right-small:1.92%;--awb-spacing-left-small:1.92%;\"><div class=\"fusion-column-wrapper fusion-column-has-shadow fusion-flex-justify-content-flex-start fusion-content-layout-column\"><div class=\"fusion-image-element\" style=\"text-align:left;--awb-caption-title-font-family:var(--h2_typography-font-family);--awb-caption-title-font-weight:var(--h2_typography-font-weight);--awb-caption-title-font-style:var(--h2_typography-font-style);--awb-caption-title-size:var(--h2_typography-font-size);--awb-caption-title-transform:var(--h2_typography-text-transform);--awb-caption-title-line-height:var(--h2_typography-line-height);--awb-caption-title-letter-spacing:var(--h2_typography-letter-spacing);\"><span class=\" fusion-imageframe imageframe-none imageframe-25 hover-type-none\"><a class=\"fusion-no-lightbox\" href=\"https:\/\/www.fierabolzano.it\/it\" target=\"_blank\" rel=\"noopener noreferrer\"><img decoding=\"async\" src=\"https:\/\/www.busoni-mahler.eu\/competition\/wp-content\/uploads\/2025\/05\/FieraMesse_BolzanoBozen_CMYK_edited.webp\" alt class=\"img-responsive\"\/><\/a><\/span><\/div><\/div><\/div><div class=\"fusion-layout-column fusion_builder_column_inner fusion-builder-nested-column-27 fusion_builder_column_inner_1_5 1_5 fusion-flex-column\" style=\"--awb-bg-size:cover;--awb-width-large:20%;--awb-margin-top-large:0px;--awb-spacing-right-large:9.6%;--awb-margin-bottom-large:20px;--awb-spacing-left-large:9.6%;--awb-width-medium:20%;--awb-order-medium:0;--awb-spacing-right-medium:9.6%;--awb-spacing-left-medium:9.6%;--awb-width-small:100%;--awb-order-small:0;--awb-spacing-right-small:1.92%;--awb-spacing-left-small:1.92%;\"><div class=\"fusion-column-wrapper fusion-column-has-shadow fusion-flex-justify-content-flex-start fusion-content-layout-column\"><div class=\"fusion-image-element\" style=\"text-align:left;--awb-caption-title-font-family:var(--h2_typography-font-family);--awb-caption-title-font-weight:var(--h2_typography-font-weight);--awb-caption-title-font-style:var(--h2_typography-font-style);--awb-caption-title-size:var(--h2_typography-font-size);--awb-caption-title-transform:var(--h2_typography-text-transform);--awb-caption-title-line-height:var(--h2_typography-line-height);--awb-caption-title-letter-spacing:var(--h2_typography-letter-spacing);\"><span class=\" fusion-imageframe imageframe-none imageframe-26 hover-type-none\"><a class=\"fusion-no-lightbox\" href=\"https:\/\/bolzano.rotary2060.org\/\" target=\"_blank\" rel=\"noopener noreferrer\"><img decoding=\"async\" src=\"https:\/\/www.busoni-mahler.eu\/competition\/wp-content\/uploads\/2023\/07\/Rotary_edited.jpg\" alt class=\"img-responsive\"\/><\/a><\/span><\/div><\/div><\/div><\/div><\/div><\/div><\/div><\/div><div class=\"fusion-fullwidth fullwidth-box fusion-builder-row-15 fusion-flex-container nonhundred-percent-fullwidth non-hundred-percent-height-scrolling fusion-no-small-visibility\" style=\"--awb-border-color:#000000;--awb-border-radius-top-left:0px;--awb-border-radius-top-right:0px;--awb-border-radius-bottom-right:0px;--awb-border-radius-bottom-left:0px;--awb-padding-top:0px;--awb-padding-bottom:0px;--awb-margin-bottom:0px;--awb-background-color:#f29209;--awb-flex-wrap:wrap;\" ><div class=\"fusion-builder-row fusion-row fusion-flex-align-items-center fusion-flex-content-wrap\" style=\"max-width:1248px;margin-left: calc(-4% \/ 2 );margin-right: calc(-4% \/ 2 );\"><div class=\"fusion-layout-column fusion_builder_column fusion-builder-column-22 fusion_builder_column_1_1 1_1 fusion-flex-column\" style=\"--awb-bg-size:cover;--awb-width-large:100%;--awb-margin-top-large:0px;--awb-spacing-right-large:1.92%;--awb-margin-bottom-large:20px;--awb-spacing-left-large:1.92%;--awb-width-medium:100%;--awb-order-medium:0;--awb-spacing-right-medium:1.92%;--awb-spacing-left-medium:1.92%;--awb-width-small:100%;--awb-order-small:0;--awb-spacing-right-small:1.92%;--awb-spacing-left-small:1.92%;\"><div class=\"fusion-column-wrapper fusion-column-has-shadow fusion-flex-justify-content-flex-start fusion-content-layout-column\"><nav class=\"awb-menu awb-menu_row awb-menu_em-hover mobile-mode-always-expanded awb-menu_icons-left awb-menu_dc-yes mobile-trigger-fullwidth-off awb-menu_mobile-toggle awb-menu_indent-center awb-menu_mt-align-flex-start loading mega-menu-loading awb-menu_desktop awb-menu_dropdown awb-menu_expand-right awb-menu_transition-fade\" style=\"--awb-font-size:20px;--awb-margin-top:20px;--awb-text-transform:none;--awb-align-items:center;--awb-justify-content:center;--awb-color:#ffffff;--awb-active-color:rgba(0,0,0,0.81);--awb-submenu-text-transform:none;--awb-main-justify-content:flex-start;--awb-mobile-justify:center;--awb-mobile-caret-left:auto;--awb-mobile-caret-right:0;--awb-fusion-font-family-typography:&quot;Playfair Display&quot;;--awb-fusion-font-style-typography:normal;--awb-fusion-font-weight-typography:400;--awb-fusion-font-family-submenu-typography:inherit;--awb-fusion-font-style-submenu-typography:normal;--awb-fusion-font-weight-submenu-typography:400;--awb-fusion-font-family-mobile-typography:inherit;--awb-fusion-font-style-mobile-typography:normal;--awb-fusion-font-weight-mobile-typography:400;\" aria-label=\"Menu basso IT\" data-breakpoint=\"1024\" data-count=\"2\" data-transition-type=\"fade\" data-transition-time=\"300\" data-expand=\"right\"><button type=\"button\" class=\"awb-menu__m-toggle awb-menu__m-toggle_no-text\" aria-expanded=\"false\" aria-controls=\"menu-menu-basso-it\"><span class=\"awb-menu__m-toggle-inner\"><span class=\"collapsed-nav-text\"><span class=\"screen-reader-text\">Toggle Navigation<\/span><\/span><span class=\"awb-menu__m-collapse-icon awb-menu__m-collapse-icon_no-text\"><span class=\"awb-menu__m-collapse-icon-open awb-menu__m-collapse-icon-open_no-text fa-bars fas\"><\/span><span class=\"awb-menu__m-collapse-icon-close awb-menu__m-collapse-icon-close_no-text fa-times fas\"><\/span><\/span><\/span><\/button><ul id=\"menu-menu-basso-it\" class=\"fusion-menu awb-menu__main-ul awb-menu__main-ul_row\"><li  id=\"menu-item-5118\"  class=\"menu-item menu-item-type-custom menu-item-object-custom menu-item-5118 awb-menu__li awb-menu__main-li awb-menu__main-li_regular\"  data-item-id=\"5118\"><span class=\"awb-menu__main-background-default awb-menu__main-background-default_fade\"><\/span><span class=\"awb-menu__main-background-active awb-menu__main-background-active_fade\"><\/span><a  href=\"https:\/\/www.busoni-mahler.eu\/it\/fondazione-ferruccio-busoni-gustav-mahler\/\" class=\"awb-menu__main-a awb-menu__main-a_regular\"><span class=\"menu-text\">Fondazione<\/span><\/a><\/li><li  id=\"menu-item-5119\"  class=\"menu-item menu-item-type-custom menu-item-object-custom menu-item-5119 awb-menu__li awb-menu__main-li awb-menu__main-li_regular\"  data-item-id=\"5119\"><span class=\"awb-menu__main-background-default awb-menu__main-background-default_fade\"><\/span><span class=\"awb-menu__main-background-active awb-menu__main-background-active_fade\"><\/span><a  href=\"https:\/\/www.busoni-mahler.eu\/it\/sostienici\/\" class=\"awb-menu__main-a awb-menu__main-a_regular\"><span class=\"menu-text\">Sostienici<\/span><\/a><\/li><li  id=\"menu-item-5120\"  class=\"menu-item menu-item-type-custom menu-item-object-custom menu-item-5120 awb-menu__li awb-menu__main-li awb-menu__main-li_regular\"  data-item-id=\"5120\"><span class=\"awb-menu__main-background-default awb-menu__main-background-default_fade\"><\/span><span class=\"awb-menu__main-background-active awb-menu__main-background-active_fade\"><\/span><a  href=\"https:\/\/www.busoni-mahler.eu\/competition\/it\/associazione-amici-del-concorso-busoni-2\/\" class=\"awb-menu__main-a awb-menu__main-a_regular\"><span class=\"menu-text\">Amici<\/span><\/a><\/li><\/ul><\/nav><\/div><\/div><\/div><\/div><div class=\"fusion-fullwidth fullwidth-box fusion-builder-row-16 fusion-flex-container nonhundred-percent-fullwidth non-hundred-percent-height-scrolling fusion-no-medium-visibility fusion-no-large-visibility\" style=\"--awb-border-color:#000000;--awb-border-radius-top-left:0px;--awb-border-radius-top-right:0px;--awb-border-radius-bottom-right:0px;--awb-border-radius-bottom-left:0px;--awb-background-color:#f29209;--awb-flex-wrap:wrap;\" ><div class=\"fusion-builder-row fusion-row fusion-flex-align-items-flex-start fusion-flex-justify-content-center fusion-flex-content-wrap\" style=\"max-width:1248px;margin-left: calc(-4% \/ 2 );margin-right: calc(-4% \/ 2 );\"><div class=\"fusion-layout-column fusion_builder_column fusion-builder-column-23 fusion_builder_column_1_1 1_1 fusion-flex-column\" style=\"--awb-bg-size:cover;--awb-width-large:100%;--awb-margin-top-large:30px;--awb-spacing-right-large:1.92%;--awb-margin-bottom-large:20px;--awb-spacing-left-large:1.92%;--awb-width-medium:100%;--awb-order-medium:0;--awb-spacing-right-medium:1.92%;--awb-spacing-left-medium:1.92%;--awb-width-small:100%;--awb-order-small:0;--awb-spacing-right-small:1.92%;--awb-spacing-left-small:1.92%;\"><div class=\"fusion-column-wrapper fusion-column-has-shadow fusion-flex-justify-content-center fusion-content-layout-row\"><nav class=\"awb-menu awb-menu_column awb-menu_em-hover mobile-mode-always-expanded awb-menu_icons-left awb-menu_dc-yes mobile-trigger-fullwidth-off awb-menu_mobile-toggle awb-menu_indent-center awb-menu_mt-align-flex-start loading mega-menu-loading awb-menu_desktop awb-menu_dropdown awb-menu_expand-right awb-menu_transition-fade menubasso\" style=\"--awb-font-size:20px;--awb-text-transform:none;--awb-align-items:center;--awb-justify-content:center;--awb-color:#ffffff;--awb-active-color:#ffffff;--awb-submenu-text-transform:none;--awb-main-justify-content:flex-start;--awb-mobile-bg:rgba(255,255,255,0);--awb-mobile-color:#ffffff;--awb-mobile-sep-color:rgba(255,255,255,0.77);--awb-mobile-justify:center;--awb-mobile-caret-left:auto;--awb-mobile-caret-right:0;--awb-fusion-font-family-typography:&quot;Playfair Display&quot;;--awb-fusion-font-style-typography:normal;--awb-fusion-font-weight-typography:600;--awb-fusion-font-family-submenu-typography:inherit;--awb-fusion-font-style-submenu-typography:normal;--awb-fusion-font-weight-submenu-typography:400;--awb-fusion-font-family-mobile-typography:inherit;--awb-fusion-font-style-mobile-typography:normal;--awb-fusion-font-weight-mobile-typography:400;\" aria-label=\"Menu basso IT\" data-breakpoint=\"1024\" data-count=\"3\" data-transition-type=\"fade\" data-transition-time=\"300\" data-expand=\"right\"><button type=\"button\" class=\"awb-menu__m-toggle awb-menu__m-toggle_no-text\" aria-expanded=\"false\" aria-controls=\"menu-menu-basso-it\"><span class=\"awb-menu__m-toggle-inner\"><span class=\"collapsed-nav-text\"><span class=\"screen-reader-text\">Toggle Navigation<\/span><\/span><span class=\"awb-menu__m-collapse-icon awb-menu__m-collapse-icon_no-text\"><span class=\"awb-menu__m-collapse-icon-open awb-menu__m-collapse-icon-open_no-text fa-bars fas\"><\/span><span class=\"awb-menu__m-collapse-icon-close awb-menu__m-collapse-icon-close_no-text fa-times fas\"><\/span><\/span><\/span><\/button><ul id=\"menu-menu-basso-it-1\" class=\"fusion-menu awb-menu__main-ul awb-menu__main-ul_column\"><li   class=\"menu-item menu-item-type-custom menu-item-object-custom menu-item-5118 awb-menu__li awb-menu__main-li awb-menu__main-li_regular\"  data-item-id=\"5118\"><span class=\"awb-menu__main-background-default awb-menu__main-background-default_fade\"><\/span><span class=\"awb-menu__main-background-active awb-menu__main-background-active_fade\"><\/span><a  href=\"https:\/\/www.busoni-mahler.eu\/it\/fondazione-ferruccio-busoni-gustav-mahler\/\" class=\"awb-menu__main-a awb-menu__main-a_regular\"><span class=\"menu-text\">Fondazione<\/span><\/a><\/li><li   class=\"menu-item menu-item-type-custom menu-item-object-custom menu-item-5119 awb-menu__li awb-menu__main-li awb-menu__main-li_regular\"  data-item-id=\"5119\"><span class=\"awb-menu__main-background-default awb-menu__main-background-default_fade\"><\/span><span class=\"awb-menu__main-background-active awb-menu__main-background-active_fade\"><\/span><a  href=\"https:\/\/www.busoni-mahler.eu\/it\/sostienici\/\" class=\"awb-menu__main-a awb-menu__main-a_regular\"><span class=\"menu-text\">Sostienici<\/span><\/a><\/li><li   class=\"menu-item menu-item-type-custom menu-item-object-custom menu-item-5120 awb-menu__li awb-menu__main-li awb-menu__main-li_regular\"  data-item-id=\"5120\"><span class=\"awb-menu__main-background-default awb-menu__main-background-default_fade\"><\/span><span class=\"awb-menu__main-background-active awb-menu__main-background-active_fade\"><\/span><a  href=\"https:\/\/www.busoni-mahler.eu\/competition\/it\/associazione-amici-del-concorso-busoni-2\/\" class=\"awb-menu__main-a awb-menu__main-a_regular\"><span class=\"menu-text\">Amici<\/span><\/a><\/li><\/ul><\/nav><\/div><\/div><\/div><\/div><\/p>\n","protected":false},"excerpt":{"rendered":"","protected":false},"author":3,"featured_media":0,"parent":0,"menu_order":0,"comment_status":"closed","ping_status":"closed","template":"","meta":{"footnotes":""},"class_list":["post-7541","page","type-page","status-publish","hentry"],"_links":{"self":[{"href":"https:\/\/www.busoni-mahler.eu\/academy\/wp-json\/wp\/v2\/pages\/7541","targetHints":{"allow":["GET"]}}],"collection":[{"href":"https:\/\/www.busoni-mahler.eu\/academy\/wp-json\/wp\/v2\/pages"}],"about":[{"href":"https:\/\/www.busoni-mahler.eu\/academy\/wp-json\/wp\/v2\/types\/page"}],"author":[{"embeddable":true,"href":"https:\/\/www.busoni-mahler.eu\/academy\/wp-json\/wp\/v2\/users\/3"}],"replies":[{"embeddable":true,"href":"https:\/\/www.busoni-mahler.eu\/academy\/wp-json\/wp\/v2\/comments?post=7541"}],"version-history":[{"count":517,"href":"https:\/\/www.busoni-mahler.eu\/academy\/wp-json\/wp\/v2\/pages\/7541\/revisions"}],"predecessor-version":[{"id":11419,"href":"https:\/\/www.busoni-mahler.eu\/academy\/wp-json\/wp\/v2\/pages\/7541\/revisions\/11419"}],"wp:attachment":[{"href":"https:\/\/www.busoni-mahler.eu\/academy\/wp-json\/wp\/v2\/media?parent=7541"}],"curies":[{"name":"wp","href":"https:\/\/api.w.org\/{rel}","templated":true}]}}